{"id":81395,"date":"2024-02-01T11:58:02","date_gmt":"2024-02-01T11:58:02","guid":{"rendered":"https:\/\/tlcdenia.com\/boat-trip-to-javea-for-school-groups\/"},"modified":"2024-02-01T14:47:23","modified_gmt":"2024-02-01T14:47:23","slug":"wycieczka-javea-grup-szkolnych","status":"publish","type":"page","link":"https:\/\/tlcdenia.com\/pl\/wycieczka-javea-grup-szkolnych\/","title":{"rendered":"Rejs statkiem do J\u00e1vea dla grup szkolnych"},"content":{"rendered":"\t\t<div data-elementor-type=\"wp-page\" data-elementor-id=\"81395\" class=\"elementor elementor-81395 elementor-80395\" data-elementor-post-type=\"page\">\n\t\t\t\t<div class=\"elementor-element elementor-element-1402547 e-flex e-con-boxed e-con e-parent\" data-id=\"1402547\" data-element_type=\"container\" data-e-type=\"container\">\n\t\t\t\t\t<div class=\"e-con-inner\">\n\t\t\t\t<div class=\"elementor-element elementor-element-22c0858 elementor-widget elementor-widget-image\" data-id=\"22c0858\" data-element_type=\"widget\" data-e-type=\"widget\" data-widget_type=\"image.default\">\n\t\t\t\t<div class=\"elementor-widget-container\">\n\t\t\t\t\t\t\t\t\t\t\t\t\t\t\t<img fetchpriority=\"high\" decoding=\"async\" width=\"900\" height=\"600\" src=\"https:\/\/tlcdenia.com\/wp-content\/uploads\/2024\/02\/grup-szkolnych-javea-1.jpg\" class=\"attachment-full size-full wp-image-81430\" alt=\"Grupa szkolna na wycieczce statkiem po Hiszpanii\" srcset=\"https:\/\/tlcdenia.com\/wp-content\/uploads\/2024\/02\/grup-szkolnych-javea-1.jpg 900w, https:\/\/tlcdenia.com\/wp-content\/uploads\/2024\/02\/grup-szkolnych-javea-1-300x200.jpg 300w, https:\/\/tlcdenia.com\/wp-content\/uploads\/2024\/02\/grup-szkolnych-javea-1-768x512.jpg 768w\" sizes=\"(max-width: 900px) 100vw, 900px\" \/>\t\t\t\t\t\t\t\t\t\t\t\t\t\t\t<\/div>\n\t\t\t\t<\/div>\n\t\t\t\t\t<\/div>\n\t\t\t\t<\/div>\n\t\t<div class=\"elementor-element elementor-element-8d0db53 e-flex e-con-boxed e-con e-parent\" data-id=\"8d0db53\" data-element_type=\"container\" data-e-type=\"container\">\n\t\t\t\t\t<div class=\"e-con-inner\">\n\t\t\t\t<div class=\"elementor-element elementor-element-08d1991 elementor-widget elementor-widget-text-editor\" data-id=\"08d1991\" data-element_type=\"widget\" data-e-type=\"widget\" data-widget_type=\"text-editor.default\">\n\t\t\t\t<div class=\"elementor-widget-container\">\n\t\t\t\t\t\t\t\t\t<p>Grupy szkolne wyruszaj\u0105 na rejs \u0142odzi\u0105 z D\u00e9nii do pobliskiego miasteczka J\u00e1vea.<\/p><p>TLCd\u00e9nia znajduje si\u0119 w uprzywilejowanej lokalizacji na wybrze\u017cu Morza \u015ar\u00f3dziemnego. Dlatego chcemy, aby nasi uczniowie mogli w pe\u0142ni wykorzysta\u0107 pobyt nad morzem.<\/p>\t\t\t\t\t\t\t\t<\/div>\n\t\t\t\t<\/div>\n\t\t\t\t\t<\/div>\n\t\t\t\t<\/div>\n\t\t<div class=\"elementor-element elementor-element-25cd923 e-flex e-con-boxed e-con e-parent\" data-id=\"25cd923\" data-element_type=\"container\" data-e-type=\"container\">\n\t\t\t\t\t<div class=\"e-con-inner\">\n\t\t\t\t<div class=\"elementor-element elementor-element-b036dd0 elementor-widget elementor-widget-image\" data-id=\"b036dd0\" data-element_type=\"widget\" data-e-type=\"widget\" data-widget_type=\"image.default\">\n\t\t\t\t<div class=\"elementor-widget-container\">\n\t\t\t\t\t\t\t\t\t\t\t\t\t\t\t<img decoding=\"async\" width=\"900\" height=\"600\" src=\"https:\/\/tlcdenia.com\/wp-content\/uploads\/2024\/02\/grup-szkolnych-javea-9.jpg\" class=\"attachment-full size-full wp-image-81494\" alt=\"Grupa szkolna na wycieczce statkiem po Hiszpanii\" srcset=\"https:\/\/tlcdenia.com\/wp-content\/uploads\/2024\/02\/grup-szkolnych-javea-9.jpg 900w, https:\/\/tlcdenia.com\/wp-content\/uploads\/2024\/02\/grup-szkolnych-javea-9-300x200.jpg 300w, https:\/\/tlcdenia.com\/wp-content\/uploads\/2024\/02\/grup-szkolnych-javea-9-768x512.jpg 768w\" sizes=\"(max-width: 900px) 100vw, 900px\" \/>\t\t\t\t\t\t\t\t\t\t\t\t\t\t\t<\/div>\n\t\t\t\t<\/div>\n\t\t\t\t\t<\/div>\n\t\t\t\t<\/div>\n\t\t<div class=\"elementor-element elementor-element-135427b e-flex e-con-boxed e-con e-parent\" data-id=\"135427b\" data-element_type=\"container\" data-e-type=\"container\">\n\t\t\t\t\t<div class=\"e-con-inner\">\n\t\t\t\t<div class=\"elementor-element elementor-element-4b553b9 elementor-widget elementor-widget-text-editor\" data-id=\"4b553b9\" data-element_type=\"widget\" data-e-type=\"widget\" data-widget_type=\"text-editor.default\">\n\t\t\t\t<div class=\"elementor-widget-container\">\n\t\t\t\t\t\t\t\t\t<p>Podczas tej wycieczki uczniowie zobacz\u0105 <strong>majestatyczne klify, formacje skalne i kultowy Przyl\u0105dek San Antonio.<\/strong> Jest to naprawd\u0119 wyj\u0105tkowe do\u015bwiadczenie, szczeg\u00f3lnie dla m\u0142odszych os\u00f3b, poniewa\u017c wiele z nich podr\u00f3\u017cuje \u0142odzi\u0105 lub odwiedza wybrze\u017ce Morza \u015ar\u00f3dziemnego po raz pierwszy.<\/p>\t\t\t\t\t\t\t\t<\/div>\n\t\t\t\t<\/div>\n\t\t\t\t\t<\/div>\n\t\t\t\t<\/div>\n\t\t<div class=\"elementor-element elementor-element-318ebf7 e-flex e-con-boxed e-con e-parent\" data-id=\"318ebf7\" data-element_type=\"container\" data-e-type=\"container\">\n\t\t\t\t\t<div class=\"e-con-inner\">\n\t\t\t\t<div class=\"elementor-element elementor-element-9c02f0d elementor-widget elementor-widget-image\" data-id=\"9c02f0d\" data-element_type=\"widget\" data-e-type=\"widget\" data-widget_type=\"image.default\">\n\t\t\t\t<div class=\"elementor-widget-container\">\n\t\t\t\t\t\t\t\t\t\t\t\t\t\t\t<img decoding=\"async\" width=\"900\" height=\"600\" src=\"https:\/\/tlcdenia.com\/wp-content\/uploads\/2024\/02\/grup-szkolnych-javea-10.jpg\" class=\"attachment-full size-full wp-image-81398\" alt=\"Grupa szkolna na wycieczce statkiem po Hiszpanii\" srcset=\"https:\/\/tlcdenia.com\/wp-content\/uploads\/2024\/02\/grup-szkolnych-javea-10.jpg 900w, https:\/\/tlcdenia.com\/wp-content\/uploads\/2024\/02\/grup-szkolnych-javea-10-300x200.jpg 300w, https:\/\/tlcdenia.com\/wp-content\/uploads\/2024\/02\/grup-szkolnych-javea-10-768x512.jpg 768w\" sizes=\"(max-width: 900px) 100vw, 900px\" \/>\t\t\t\t\t\t\t\t\t\t\t\t\t\t\t<\/div>\n\t\t\t\t<\/div>\n\t\t\t\t\t<\/div>\n\t\t\t\t<\/div>\n\t\t<div class=\"elementor-element elementor-element-3b8fc03 e-flex e-con-boxed e-con e-parent\" data-id=\"3b8fc03\" data-element_type=\"container\" data-e-type=\"container\">\n\t\t\t\t\t<div class=\"e-con-inner\">\n\t\t\t\t<div class=\"elementor-element elementor-element-33a23fe elementor-widget elementor-widget-text-editor\" data-id=\"33a23fe\" data-element_type=\"widget\" data-e-type=\"widget\" data-widget_type=\"text-editor.default\">\n\t\t\t\t<div class=\"elementor-widget-container\">\n\t\t\t\t\t\t\t\t\t<p>Opiekunowie z TLCd\u00e9nia towarzysz\u0105 uczniom w tej <strong>niezapomnianej morskiej przygodzie,<\/strong> upewniaj\u0105c si\u0119, \u017ce w pe\u0142ni wykorzystuj\u0105 ka\u017cd\u0105 ekscytuj\u0105c\u0105 chwil\u0119. W J\u00e1vea uczniowie spaceruj\u0105 po malowniczym porcie i odkrywaj\u0105 pi\u0119kne pla\u017ce miasta. W ten spos\u00f3b mog\u0105 zobaczy\u0107 kolejn\u0105 urokliw\u0105 nadmorsk\u0105 miejscowo\u015b\u0107, kt\u00f3ra cieszy si\u0119 r\u00f3wnie\u017c du\u017cym zainteresowaniem turyst\u00f3w.<\/p><p>W TLCd\u00e9nia staramy si\u0119 zapewni\u0107 grupom szkolnym <strong>bogate do\u015bwiadczenie edukacyjne<\/strong> podczas pobytu w Hiszpanii, podczas kt\u00f3rego b\u0119d\u0105 one mog\u0142y pozna\u0107 naturalne cuda wybrze\u017ca Morza \u015ar\u00f3dziemnego i odkry\u0107 malownicze miasteczka znajduj\u0105ce si\u0119 w pobli\u017cu.<\/p>\t\t\t\t\t\t\t\t<\/div>\n\t\t\t\t<\/div>\n\t\t\t\t\t<\/div>\n\t\t\t\t<\/div>\n\t\t\t\t<section class=\"elementor-section elementor-top-section elementor-element elementor-element-da84cac elementor-section-boxed elementor-section-height-default elementor-section-height-default\" data-id=\"da84cac\" data-element_type=\"section\" data-e-type=\"section\" data-settings=\"{&quot;background_background&quot;:&quot;classic&quot;}\">\n\t\t\t\t\t\t<div class=\"elementor-container elementor-column-gap-default\">\n\t\t\t\t\t<div class=\"elementor-column elementor-col-100 elementor-top-column elementor-element elementor-element-4ec7ce3\" data-id=\"4ec7ce3\" data-element_type=\"column\" data-e-type=\"column\">\n\t\t\t<div class=\"elementor-widget-wrap elementor-element-populated\">\n\t\t\t\t\t\t<div class=\"elementor-element elementor-element-a6e3c06 elementor-widget elementor-widget-heading\" data-id=\"a6e3c06\" data-element_type=\"widget\" data-e-type=\"widget\" data-widget_type=\"heading.default\">\n\t\t\t\t<div class=\"elementor-widget-container\">\n\t\t\t\t\t<h3 class=\"elementor-heading-title elementor-size-default\">WYCIECZKA \u0141ODZI\u0104 DO J\u00c1VEA<\/h3>\t\t\t\t<\/div>\n\t\t\t\t<\/div>\n\t\t\t\t\t<\/div>\n\t\t<\/div>\n\t\t\t\t\t<\/div>\n\t\t<\/section>\n\t\t\t\t<section class=\"elementor-section elementor-top-section elementor-element elementor-element-174e860 elementor-section-boxed elementor-section-height-default elementor-section-height-default\" data-id=\"174e860\" data-element_type=\"section\" data-e-type=\"section\">\n\t\t\t\t\t\t<div class=\"elementor-container elementor-column-gap-default\">\n\t\t\t\t\t<div class=\"elementor-column elementor-col-100 elementor-top-column elementor-element elementor-element-02a4ec3\" data-id=\"02a4ec3\" data-element_type=\"column\" data-e-type=\"column\">\n\t\t\t<div class=\"elementor-widget-wrap elementor-element-populated\">\n\t\t\t\t\t\t<div class=\"elementor-element elementor-element-efb619f elementor-widget elementor-widget-image-gallery\" data-id=\"efb619f\" data-element_type=\"widget\" data-e-type=\"widget\" data-widget_type=\"image-gallery.default\">\n\t\t\t\t<div class=\"elementor-widget-container\">\n\t\t\t\t\t\t\t<div class=\"elementor-image-gallery\">\n\t\t\t<div id='gallery-1' class='gallery galleryid-81395 gallery-columns-4 gallery-size-thumbnail'><figure class='gallery-item'>\n\t\t\t<div class='gallery-icon landscape'>\n\t\t\t\t<a data-elementor-open-lightbox=\"yes\" data-elementor-lightbox-slideshow=\"efb619f\" data-elementor-lightbox-title=\"grup-szkolnych-javea-4\" data-e-action-hash=\"#elementor-action%3Aaction%3Dlightbox%26settings%3DeyJpZCI6ODE0NTQsInVybCI6Imh0dHBzOlwvXC90bGNkZW5pYS5jb21cL3dwLWNvbnRlbnRcL3VwbG9hZHNcLzIwMjRcLzAyXC9ncnVwLXN6a29sbnljaC1qYXZlYS00LmpwZyIsInNsaWRlc2hvdyI6ImVmYjYxOWYifQ%3D%3D\" href='https:\/\/tlcdenia.com\/wp-content\/uploads\/2024\/02\/grup-szkolnych-javea-4.jpg'><img loading=\"lazy\" decoding=\"async\" width=\"150\" height=\"150\" src=\"https:\/\/tlcdenia.com\/wp-content\/uploads\/2024\/02\/grup-szkolnych-javea-4-150x150.jpg\" class=\"attachment-thumbnail size-thumbnail\" alt=\"Uczniowie grupy szkolnej podczas rejsu statkiem po Hiszpanii\" \/><\/a>\n\t\t\t<\/div><\/figure><figure class='gallery-item'>\n\t\t\t<div class='gallery-icon landscape'>\n\t\t\t\t<a data-elementor-open-lightbox=\"yes\" data-elementor-lightbox-slideshow=\"efb619f\" data-elementor-lightbox-title=\"grup-szkolnych-javea-2\" data-e-action-hash=\"#elementor-action%3Aaction%3Dlightbox%26settings%3DeyJpZCI6ODE0MzgsInVybCI6Imh0dHBzOlwvXC90bGNkZW5pYS5jb21cL3dwLWNvbnRlbnRcL3VwbG9hZHNcLzIwMjRcLzAyXC9ncnVwLXN6a29sbnljaC1qYXZlYS0yLmpwZyIsInNsaWRlc2hvdyI6ImVmYjYxOWYifQ%3D%3D\" href='https:\/\/tlcdenia.com\/wp-content\/uploads\/2024\/02\/grup-szkolnych-javea-2.jpg'><img loading=\"lazy\" decoding=\"async\" width=\"150\" height=\"150\" src=\"https:\/\/tlcdenia.com\/wp-content\/uploads\/2024\/02\/grup-szkolnych-javea-2-150x150.jpg\" class=\"attachment-thumbnail size-thumbnail\" alt=\"Grupa szkolna na wycieczce statkiem po Hiszpanii\" \/><\/a>\n\t\t\t<\/div><\/figure><figure class='gallery-item'>\n\t\t\t<div class='gallery-icon landscape'>\n\t\t\t\t<a data-elementor-open-lightbox=\"yes\" data-elementor-lightbox-slideshow=\"efb619f\" data-elementor-lightbox-title=\"grup-szkolnych-javea-3\" data-e-action-hash=\"#elementor-action%3Aaction%3Dlightbox%26settings%3DeyJpZCI6ODE0NDYsInVybCI6Imh0dHBzOlwvXC90bGNkZW5pYS5jb21cL3dwLWNvbnRlbnRcL3VwbG9hZHNcLzIwMjRcLzAyXC9ncnVwLXN6a29sbnljaC1qYXZlYS0zLmpwZyIsInNsaWRlc2hvdyI6ImVmYjYxOWYifQ%3D%3D\" href='https:\/\/tlcdenia.com\/wp-content\/uploads\/2024\/02\/grup-szkolnych-javea-3.jpg'><img loading=\"lazy\" decoding=\"async\" width=\"150\" height=\"150\" src=\"https:\/\/tlcdenia.com\/wp-content\/uploads\/2024\/02\/grup-szkolnych-javea-3-150x150.jpg\" class=\"attachment-thumbnail size-thumbnail\" alt=\"Grupa szkolna na wycieczce statkiem po Hiszpanii\" \/><\/a>\n\t\t\t<\/div><\/figure><figure class='gallery-item'>\n\t\t\t<div class='gallery-icon landscape'>\n\t\t\t\t<a data-elementor-open-lightbox=\"yes\" data-elementor-lightbox-slideshow=\"efb619f\" data-elementor-lightbox-title=\"grup-szkolnych-javea-1\" data-e-action-hash=\"#elementor-action%3Aaction%3Dlightbox%26settings%3DeyJpZCI6ODE0MzAsInVybCI6Imh0dHBzOlwvXC90bGNkZW5pYS5jb21cL3dwLWNvbnRlbnRcL3VwbG9hZHNcLzIwMjRcLzAyXC9ncnVwLXN6a29sbnljaC1qYXZlYS0xLmpwZyIsInNsaWRlc2hvdyI6ImVmYjYxOWYifQ%3D%3D\" href='https:\/\/tlcdenia.com\/wp-content\/uploads\/2024\/02\/grup-szkolnych-javea-1.jpg'><img loading=\"lazy\" decoding=\"async\" width=\"150\" height=\"150\" src=\"https:\/\/tlcdenia.com\/wp-content\/uploads\/2024\/02\/grup-szkolnych-javea-1-150x150.jpg\" class=\"attachment-thumbnail size-thumbnail\" alt=\"Grupa szkolna na wycieczce statkiem po Hiszpanii\" \/><\/a>\n\t\t\t<\/div><\/figure><figure class='gallery-item'>\n\t\t\t<div class='gallery-icon landscape'>\n\t\t\t\t<a data-elementor-open-lightbox=\"yes\" data-elementor-lightbox-slideshow=\"efb619f\" data-elementor-lightbox-title=\"grup-szkolnych-javea-9\" data-e-action-hash=\"#elementor-action%3Aaction%3Dlightbox%26settings%3DeyJpZCI6ODE0OTQsInVybCI6Imh0dHBzOlwvXC90bGNkZW5pYS5jb21cL3dwLWNvbnRlbnRcL3VwbG9hZHNcLzIwMjRcLzAyXC9ncnVwLXN6a29sbnljaC1qYXZlYS05LmpwZyIsInNsaWRlc2hvdyI6ImVmYjYxOWYifQ%3D%3D\" href='https:\/\/tlcdenia.com\/wp-content\/uploads\/2024\/02\/grup-szkolnych-javea-9.jpg'><img loading=\"lazy\" decoding=\"async\" width=\"150\" height=\"150\" src=\"https:\/\/tlcdenia.com\/wp-content\/uploads\/2024\/02\/grup-szkolnych-javea-9-150x150.jpg\" class=\"attachment-thumbnail size-thumbnail\" alt=\"Grupa szkolna na wycieczce statkiem po Hiszpanii\" \/><\/a>\n\t\t\t<\/div><\/figure><figure class='gallery-item'>\n\t\t\t<div class='gallery-icon landscape'>\n\t\t\t\t<a data-elementor-open-lightbox=\"yes\" data-elementor-lightbox-slideshow=\"efb619f\" data-elementor-lightbox-title=\"grup-szkolnych-javea-12\" data-e-action-hash=\"#elementor-action%3Aaction%3Dlightbox%26settings%3DeyJpZCI6ODE0MTQsInVybCI6Imh0dHBzOlwvXC90bGNkZW5pYS5jb21cL3dwLWNvbnRlbnRcL3VwbG9hZHNcLzIwMjRcLzAyXC9ncnVwLXN6a29sbnljaC1qYXZlYS0xMi5qcGciLCJzbGlkZXNob3ciOiJlZmI2MTlmIn0%3D\" href='https:\/\/tlcdenia.com\/wp-content\/uploads\/2024\/02\/grup-szkolnych-javea-12.jpg'><img loading=\"lazy\" decoding=\"async\" width=\"150\" height=\"150\" src=\"https:\/\/tlcdenia.com\/wp-content\/uploads\/2024\/02\/grup-szkolnych-javea-12-150x150.jpg\" class=\"attachment-thumbnail size-thumbnail\" alt=\"Grupa szkolna na wycieczce statkiem po Hiszpanii\" \/><\/a>\n\t\t\t<\/div><\/figure><figure class='gallery-item'>\n\t\t\t<div class='gallery-icon landscape'>\n\t\t\t\t<a data-elementor-open-lightbox=\"yes\" data-elementor-lightbox-slideshow=\"efb619f\" data-elementor-lightbox-title=\"grup-szkolnych-javea-11\" data-e-action-hash=\"#elementor-action%3Aaction%3Dlightbox%26settings%3DeyJpZCI6ODE0MDYsInVybCI6Imh0dHBzOlwvXC90bGNkZW5pYS5jb21cL3dwLWNvbnRlbnRcL3VwbG9hZHNcLzIwMjRcLzAyXC9ncnVwLXN6a29sbnljaC1qYXZlYS0xMS5qcGciLCJzbGlkZXNob3ciOiJlZmI2MTlmIn0%3D\" href='https:\/\/tlcdenia.com\/wp-content\/uploads\/2024\/02\/grup-szkolnych-javea-11.jpg'><img loading=\"lazy\" decoding=\"async\" width=\"150\" height=\"150\" src=\"https:\/\/tlcdenia.com\/wp-content\/uploads\/2024\/02\/grup-szkolnych-javea-11-150x150.jpg\" class=\"attachment-thumbnail size-thumbnail\" alt=\"Grupa szkolna na wycieczce statkiem po Hiszpanii\" srcset=\"https:\/\/tlcdenia.com\/wp-content\/uploads\/2024\/02\/grup-szkolnych-javea-11-150x150.jpg 150w, https:\/\/tlcdenia.com\/wp-content\/uploads\/2024\/02\/grup-szkolnych-javea-11-600x600.jpg 600w\" sizes=\"(max-width: 150px) 100vw, 150px\" \/><\/a>\n\t\t\t<\/div><\/figure><figure class='gallery-item'>\n\t\t\t<div class='gallery-icon landscape'>\n\t\t\t\t<a data-elementor-open-lightbox=\"yes\" data-elementor-lightbox-slideshow=\"efb619f\" data-elementor-lightbox-title=\"grup-szkolnych-javea-10\" data-e-action-hash=\"#elementor-action%3Aaction%3Dlightbox%26settings%3DeyJpZCI6ODEzOTgsInVybCI6Imh0dHBzOlwvXC90bGNkZW5pYS5jb21cL3dwLWNvbnRlbnRcL3VwbG9hZHNcLzIwMjRcLzAyXC9ncnVwLXN6a29sbnljaC1qYXZlYS0xMC5qcGciLCJzbGlkZXNob3ciOiJlZmI2MTlmIn0%3D\" href='https:\/\/tlcdenia.com\/wp-content\/uploads\/2024\/02\/grup-szkolnych-javea-10.jpg'><img loading=\"lazy\" decoding=\"async\" width=\"150\" height=\"150\" src=\"https:\/\/tlcdenia.com\/wp-content\/uploads\/2024\/02\/grup-szkolnych-javea-10-150x150.jpg\" class=\"attachment-thumbnail size-thumbnail\" alt=\"Grupa szkolna na wycieczce statkiem po Hiszpanii\" \/><\/a>\n\t\t\t<\/div><\/figure><figure class='gallery-item'>\n\t\t\t<div class='gallery-icon landscape'>\n\t\t\t\t<a data-elementor-open-lightbox=\"yes\" data-elementor-lightbox-slideshow=\"efb619f\" data-elementor-lightbox-title=\"grup-szkolnych-javea-5\" data-e-action-hash=\"#elementor-action%3Aaction%3Dlightbox%26settings%3DeyJpZCI6ODE0NjIsInVybCI6Imh0dHBzOlwvXC90bGNkZW5pYS5jb21cL3dwLWNvbnRlbnRcL3VwbG9hZHNcLzIwMjRcLzAyXC9ncnVwLXN6a29sbnljaC1qYXZlYS01LmpwZyIsInNsaWRlc2hvdyI6ImVmYjYxOWYifQ%3D%3D\" href='https:\/\/tlcdenia.com\/wp-content\/uploads\/2024\/02\/grup-szkolnych-javea-5.jpg'><img loading=\"lazy\" decoding=\"async\" width=\"150\" height=\"150\" src=\"https:\/\/tlcdenia.com\/wp-content\/uploads\/2024\/02\/grup-szkolnych-javea-5-150x150.jpg\" class=\"attachment-thumbnail size-thumbnail\" alt=\"Uczniowie grupy szkolnej w porcie Javea w Hiszpanii\" \/><\/a>\n\t\t\t<\/div><\/figure><figure class='gallery-item'>\n\t\t\t<div class='gallery-icon landscape'>\n\t\t\t\t<a data-elementor-open-lightbox=\"yes\" data-elementor-lightbox-slideshow=\"efb619f\" data-elementor-lightbox-title=\"grup-szkolnych-javea-6\" data-e-action-hash=\"#elementor-action%3Aaction%3Dlightbox%26settings%3DeyJpZCI6ODE0NzAsInVybCI6Imh0dHBzOlwvXC90bGNkZW5pYS5jb21cL3dwLWNvbnRlbnRcL3VwbG9hZHNcLzIwMjRcLzAyXC9ncnVwLXN6a29sbnljaC1qYXZlYS02LmpwZyIsInNsaWRlc2hvdyI6ImVmYjYxOWYifQ%3D%3D\" href='https:\/\/tlcdenia.com\/wp-content\/uploads\/2024\/02\/grup-szkolnych-javea-6.jpg'><img loading=\"lazy\" decoding=\"async\" width=\"150\" height=\"150\" src=\"https:\/\/tlcdenia.com\/wp-content\/uploads\/2024\/02\/grup-szkolnych-javea-6-150x150.jpg\" class=\"attachment-thumbnail size-thumbnail\" alt=\"Uczniowie grupy szkolnej na pla\u017cy w Hiszpanii\" \/><\/a>\n\t\t\t<\/div><\/figure><figure class='gallery-item'>\n\t\t\t<div class='gallery-icon landscape'>\n\t\t\t\t<a data-elementor-open-lightbox=\"yes\" data-elementor-lightbox-slideshow=\"efb619f\" data-elementor-lightbox-title=\"grup-szkolnych-javea-7\" data-e-action-hash=\"#elementor-action%3Aaction%3Dlightbox%26settings%3DeyJpZCI6ODE0NzgsInVybCI6Imh0dHBzOlwvXC90bGNkZW5pYS5jb21cL3dwLWNvbnRlbnRcL3VwbG9hZHNcLzIwMjRcLzAyXC9ncnVwLXN6a29sbnljaC1qYXZlYS03LmpwZyIsInNsaWRlc2hvdyI6ImVmYjYxOWYifQ%3D%3D\" href='https:\/\/tlcdenia.com\/wp-content\/uploads\/2024\/02\/grup-szkolnych-javea-7.jpg'><img loading=\"lazy\" decoding=\"async\" width=\"150\" height=\"150\" src=\"https:\/\/tlcdenia.com\/wp-content\/uploads\/2024\/02\/grup-szkolnych-javea-7-150x150.jpg\" class=\"attachment-thumbnail size-thumbnail\" alt=\"Uczniowie grupy szkolnej na pla\u017cy w Hiszpanii\" \/><\/a>\n\t\t\t<\/div><\/figure><figure class='gallery-item'>\n\t\t\t<div class='gallery-icon landscape'>\n\t\t\t\t<a data-elementor-open-lightbox=\"yes\" data-elementor-lightbox-slideshow=\"efb619f\" data-elementor-lightbox-title=\"grup-szkolnych-javea-8\" data-e-action-hash=\"#elementor-action%3Aaction%3Dlightbox%26settings%3DeyJpZCI6ODE0ODYsInVybCI6Imh0dHBzOlwvXC90bGNkZW5pYS5jb21cL3dwLWNvbnRlbnRcL3VwbG9hZHNcLzIwMjRcLzAyXC9ncnVwLXN6a29sbnljaC1qYXZlYS04LmpwZyIsInNsaWRlc2hvdyI6ImVmYjYxOWYifQ%3D%3D\" href='https:\/\/tlcdenia.com\/wp-content\/uploads\/2024\/02\/grup-szkolnych-javea-8.jpg'><img loading=\"lazy\" decoding=\"async\" width=\"150\" height=\"150\" src=\"https:\/\/tlcdenia.com\/wp-content\/uploads\/2024\/02\/grup-szkolnych-javea-8-150x150.jpg\" class=\"attachment-thumbnail size-thumbnail\" alt=\"Uczniowie grupy szkolnej na pla\u017cy w Hiszpanii\" \/><\/a>\n\t\t\t<\/div><\/figure>\n\t\t<\/div>\n\t\t<\/div>\n\t\t\t\t\t\t<\/div>\n\t\t\t\t<\/div>\n\t\t\t\t\t<\/div>\n\t\t<\/div>\n\t\t\t\t\t<\/div>\n\t\t<\/section>\n\t\t\t\t<\/div>\n\t\t","protected":false},"excerpt":{"rendered":"<p>Grupy szkolne wyruszaj\u0105 na rejs \u0142odzi\u0105 z D\u00e9nii do pobliskiego miasteczka J\u00e1vea. TLCd\u00e9nia znajduje si\u0119 w uprzywilejowanej lokalizacji na wybrze\u017cu Morza \u015ar\u00f3dziemnego. Dlatego chcemy, aby nasi uczniowie mogli w pe\u0142ni wykorzysta\u0107 pobyt nad morzem. Podczas tej wycieczki uczniowie zobacz\u0105 majestatyczne &hellip; <\/p>\n","protected":false},"author":4,"featured_media":81406,"parent":0,"menu_order":0,"comment_status":"closed","ping_status":"closed","template":"page-templates\/page-spanishcourses.php","meta":{"_acf_changed":false,"footnotes":""},"class_list":["post-81395","page","type-page","status-publish","has-post-thumbnail","hentry"],"acf":[],"yoast_head":"<!-- This site is optimized with the Yoast SEO plugin v26.9 - https:\/\/yoast.com\/product\/yoast-seo-wordpress\/ -->\n<title>Hiszpa\u0144skie grupy szkolne w Hiszpanii: Wycieczka \u0142odzi\u0105 do J\u00e1vea<\/title>\n<meta name=\"description\" content=\"W ramach naszego hiszpa\u0144skiego programu dla grup szkolnych wybieramy si\u0119 na wycieczk\u0119 \u0142odzi\u0105 do J\u00e1vea i podziwiamy pi\u0119kne wybrze\u017ce.\" \/>\n<meta name=\"robots\" content=\"index, follow, max-snippet:-1, max-image-preview:large, max-video-preview:-1\" \/>\n<link rel=\"canonical\" href=\"https:\/\/tlcdenia.com\/pl\/wycieczka-javea-grup-szkolnych\/\" \/>\n<meta property=\"og:locale\" content=\"pl_PL\" \/>\n<meta property=\"og:type\" content=\"article\" \/>\n<meta property=\"og:title\" content=\"Hiszpa\u0144skie grupy szkolne w Hiszpanii: Wycieczka \u0142odzi\u0105 do J\u00e1vea\" \/>\n<meta property=\"og:description\" content=\"W ramach naszego hiszpa\u0144skiego programu dla grup szkolnych wybieramy si\u0119 na wycieczk\u0119 \u0142odzi\u0105 do J\u00e1vea i podziwiamy pi\u0119kne wybrze\u017ce.\" \/>\n<meta property=\"og:url\" content=\"https:\/\/tlcdenia.com\/pl\/wycieczka-javea-grup-szkolnych\/\" \/>\n<meta property=\"og:site_name\" content=\"Szko\u0142a TLCd\u00e9nia \u2013 oficjalna strona internetowa\" \/>\n<meta property=\"article:modified_time\" content=\"2024-02-01T14:47:23+00:00\" \/>\n<meta property=\"og:image\" content=\"https:\/\/tlcdenia.com\/wp-content\/uploads\/2024\/02\/grup-szkolnych-javea-11.jpg\" \/>\n\t<meta property=\"og:image:width\" content=\"900\" \/>\n\t<meta property=\"og:image:height\" content=\"600\" \/>\n\t<meta property=\"og:image:type\" content=\"image\/jpeg\" \/>\n<meta name=\"twitter:card\" content=\"summary_large_image\" \/>\n<meta name=\"twitter:label1\" content=\"Szacowany czas czytania\" \/>\n\t<meta name=\"twitter:data1\" content=\"4 minuty\" \/>\n<script type=\"application\/ld+json\" class=\"yoast-schema-graph\">{\"@context\":\"https:\/\/schema.org\",\"@graph\":[{\"@type\":\"WebPage\",\"@id\":\"https:\/\/tlcdenia.com\/pl\/wycieczka-javea-grup-szkolnych\/\",\"url\":\"https:\/\/tlcdenia.com\/pl\/wycieczka-javea-grup-szkolnych\/\",\"name\":\"Hiszpa\u0144skie grupy szkolne w Hiszpanii: Wycieczka \u0142odzi\u0105 do J\u00e1vea\",\"isPartOf\":{\"@id\":\"https:\/\/tlcdenia.com\/pl\/#website\"},\"primaryImageOfPage\":{\"@id\":\"https:\/\/tlcdenia.com\/pl\/wycieczka-javea-grup-szkolnych\/#primaryimage\"},\"image\":{\"@id\":\"https:\/\/tlcdenia.com\/pl\/wycieczka-javea-grup-szkolnych\/#primaryimage\"},\"thumbnailUrl\":\"https:\/\/tlcdenia.com\/wp-content\/uploads\/2024\/02\/grup-szkolnych-javea-11.jpg\",\"datePublished\":\"2024-02-01T11:58:02+00:00\",\"dateModified\":\"2024-02-01T14:47:23+00:00\",\"description\":\"W ramach naszego hiszpa\u0144skiego programu dla grup szkolnych wybieramy si\u0119 na wycieczk\u0119 \u0142odzi\u0105 do J\u00e1vea i podziwiamy pi\u0119kne wybrze\u017ce.\",\"breadcrumb\":{\"@id\":\"https:\/\/tlcdenia.com\/pl\/wycieczka-javea-grup-szkolnych\/#breadcrumb\"},\"inLanguage\":\"pl-PL\",\"potentialAction\":[{\"@type\":\"ReadAction\",\"target\":[\"https:\/\/tlcdenia.com\/pl\/wycieczka-javea-grup-szkolnych\/\"]}]},{\"@type\":\"ImageObject\",\"inLanguage\":\"pl-PL\",\"@id\":\"https:\/\/tlcdenia.com\/pl\/wycieczka-javea-grup-szkolnych\/#primaryimage\",\"url\":\"https:\/\/tlcdenia.com\/wp-content\/uploads\/2024\/02\/grup-szkolnych-javea-11.jpg\",\"contentUrl\":\"https:\/\/tlcdenia.com\/wp-content\/uploads\/2024\/02\/grup-szkolnych-javea-11.jpg\",\"width\":900,\"height\":600,\"caption\":\"Grupa szkolna na wycieczce statkiem po Hiszpanii\"},{\"@type\":\"BreadcrumbList\",\"@id\":\"https:\/\/tlcdenia.com\/pl\/wycieczka-javea-grup-szkolnych\/#breadcrumb\",\"itemListElement\":[{\"@type\":\"ListItem\",\"position\":1,\"name\":\"Home\",\"item\":\"https:\/\/tlcdenia.com\/pl\/\"},{\"@type\":\"ListItem\",\"position\":2,\"name\":\"Rejs statkiem do J\u00e1vea dla grup szkolnych\"}]},{\"@type\":\"WebSite\",\"@id\":\"https:\/\/tlcdenia.com\/pl\/#website\",\"url\":\"https:\/\/tlcdenia.com\/pl\/\",\"name\":\"Szko\u0142a TLCd\u00e9nia \u2013 oficjalna strona internetowa\",\"description\":\"Languages Center\",\"potentialAction\":[{\"@type\":\"SearchAction\",\"target\":{\"@type\":\"EntryPoint\",\"urlTemplate\":\"https:\/\/tlcdenia.com\/pl\/?s={search_term_string}\"},\"query-input\":{\"@type\":\"PropertyValueSpecification\",\"valueRequired\":true,\"valueName\":\"search_term_string\"}}],\"inLanguage\":\"pl-PL\"}]}<\/script>\n<!-- \/ Yoast SEO plugin. -->","yoast_head_json":{"title":"Hiszpa\u0144skie grupy szkolne w Hiszpanii: Wycieczka \u0142odzi\u0105 do J\u00e1vea","description":"W ramach naszego hiszpa\u0144skiego programu dla grup szkolnych wybieramy si\u0119 na wycieczk\u0119 \u0142odzi\u0105 do J\u00e1vea i podziwiamy pi\u0119kne wybrze\u017ce.","robots":{"index":"index","follow":"follow","max-snippet":"max-snippet:-1","max-image-preview":"max-image-preview:large","max-video-preview":"max-video-preview:-1"},"canonical":"https:\/\/tlcdenia.com\/pl\/wycieczka-javea-grup-szkolnych\/","og_locale":"pl_PL","og_type":"article","og_title":"Hiszpa\u0144skie grupy szkolne w Hiszpanii: Wycieczka \u0142odzi\u0105 do J\u00e1vea","og_description":"W ramach naszego hiszpa\u0144skiego programu dla grup szkolnych wybieramy si\u0119 na wycieczk\u0119 \u0142odzi\u0105 do J\u00e1vea i podziwiamy pi\u0119kne wybrze\u017ce.","og_url":"https:\/\/tlcdenia.com\/pl\/wycieczka-javea-grup-szkolnych\/","og_site_name":"Szko\u0142a TLCd\u00e9nia \u2013 oficjalna strona internetowa","article_modified_time":"2024-02-01T14:47:23+00:00","og_image":[{"width":900,"height":600,"url":"https:\/\/tlcdenia.com\/wp-content\/uploads\/2024\/02\/grup-szkolnych-javea-11.jpg","type":"image\/jpeg"}],"twitter_card":"summary_large_image","twitter_misc":{"Szacowany czas czytania":"4 minuty"},"schema":{"@context":"https:\/\/schema.org","@graph":[{"@type":"WebPage","@id":"https:\/\/tlcdenia.com\/pl\/wycieczka-javea-grup-szkolnych\/","url":"https:\/\/tlcdenia.com\/pl\/wycieczka-javea-grup-szkolnych\/","name":"Hiszpa\u0144skie grupy szkolne w Hiszpanii: Wycieczka \u0142odzi\u0105 do J\u00e1vea","isPartOf":{"@id":"https:\/\/tlcdenia.com\/pl\/#website"},"primaryImageOfPage":{"@id":"https:\/\/tlcdenia.com\/pl\/wycieczka-javea-grup-szkolnych\/#primaryimage"},"image":{"@id":"https:\/\/tlcdenia.com\/pl\/wycieczka-javea-grup-szkolnych\/#primaryimage"},"thumbnailUrl":"https:\/\/tlcdenia.com\/wp-content\/uploads\/2024\/02\/grup-szkolnych-javea-11.jpg","datePublished":"2024-02-01T11:58:02+00:00","dateModified":"2024-02-01T14:47:23+00:00","description":"W ramach naszego hiszpa\u0144skiego programu dla grup szkolnych wybieramy si\u0119 na wycieczk\u0119 \u0142odzi\u0105 do J\u00e1vea i podziwiamy pi\u0119kne wybrze\u017ce.","breadcrumb":{"@id":"https:\/\/tlcdenia.com\/pl\/wycieczka-javea-grup-szkolnych\/#breadcrumb"},"inLanguage":"pl-PL","potentialAction":[{"@type":"ReadAction","target":["https:\/\/tlcdenia.com\/pl\/wycieczka-javea-grup-szkolnych\/"]}]},{"@type":"ImageObject","inLanguage":"pl-PL","@id":"https:\/\/tlcdenia.com\/pl\/wycieczka-javea-grup-szkolnych\/#primaryimage","url":"https:\/\/tlcdenia.com\/wp-content\/uploads\/2024\/02\/grup-szkolnych-javea-11.jpg","contentUrl":"https:\/\/tlcdenia.com\/wp-content\/uploads\/2024\/02\/grup-szkolnych-javea-11.jpg","width":900,"height":600,"caption":"Grupa szkolna na wycieczce statkiem po Hiszpanii"},{"@type":"BreadcrumbList","@id":"https:\/\/tlcdenia.com\/pl\/wycieczka-javea-grup-szkolnych\/#breadcrumb","itemListElement":[{"@type":"ListItem","position":1,"name":"Home","item":"https:\/\/tlcdenia.com\/pl\/"},{"@type":"ListItem","position":2,"name":"Rejs statkiem do J\u00e1vea dla grup szkolnych"}]},{"@type":"WebSite","@id":"https:\/\/tlcdenia.com\/pl\/#website","url":"https:\/\/tlcdenia.com\/pl\/","name":"Szko\u0142a TLCd\u00e9nia \u2013 oficjalna strona internetowa","description":"Languages Center","potentialAction":[{"@type":"SearchAction","target":{"@type":"EntryPoint","urlTemplate":"https:\/\/tlcdenia.com\/pl\/?s={search_term_string}"},"query-input":{"@type":"PropertyValueSpecification","valueRequired":true,"valueName":"search_term_string"}}],"inLanguage":"pl-PL"}]}},"_links":{"self":[{"href":"https:\/\/tlcdenia.com\/pl\/wp-json\/wp\/v2\/pages\/81395","targetHints":{"allow":["GET"]}}],"collection":[{"href":"https:\/\/tlcdenia.com\/pl\/wp-json\/wp\/v2\/pages"}],"about":[{"href":"https:\/\/tlcdenia.com\/pl\/wp-json\/wp\/v2\/types\/page"}],"author":[{"embeddable":true,"href":"https:\/\/tlcdenia.com\/pl\/wp-json\/wp\/v2\/users\/4"}],"replies":[{"embeddable":true,"href":"https:\/\/tlcdenia.com\/pl\/wp-json\/wp\/v2\/comments?post=81395"}],"version-history":[{"count":7,"href":"https:\/\/tlcdenia.com\/pl\/wp-json\/wp\/v2\/pages\/81395\/revisions"}],"predecessor-version":[{"id":81857,"href":"https:\/\/tlcdenia.com\/pl\/wp-json\/wp\/v2\/pages\/81395\/revisions\/81857"}],"wp:featuredmedia":[{"embeddable":true,"href":"https:\/\/tlcdenia.com\/pl\/wp-json\/wp\/v2\/media\/81406"}],"wp:attachment":[{"href":"https:\/\/tlcdenia.com\/pl\/wp-json\/wp\/v2\/media?parent=81395"}],"curies":[{"name":"wp","href":"https:\/\/api.w.org\/{rel}","templated":true}]}}