{"id":81182,"date":"2024-02-01T11:38:05","date_gmt":"2024-02-01T11:38:05","guid":{"rendered":"https:\/\/tlcdenia.com\/excursion-to-fonts-de-lalgar-for-school-groups\/"},"modified":"2024-02-01T11:46:04","modified_gmt":"2024-02-01T11:46:04","slug":"wycieczka-fonts-algar-grup-szkolnych","status":"publish","type":"page","link":"https:\/\/tlcdenia.com\/pl\/wycieczka-fonts-algar-grup-szkolnych\/","title":{"rendered":"Wycieczka do Fonts de l&#8217;Algar dla grup szkolnych"},"content":{"rendered":"\t\t<div data-elementor-type=\"wp-page\" data-elementor-id=\"81182\" class=\"elementor elementor-81182 elementor-80187\" data-elementor-post-type=\"page\">\n\t\t\t\t<div class=\"elementor-element elementor-element-8436966 e-flex e-con-boxed e-con e-parent\" data-id=\"8436966\" data-element_type=\"container\" data-e-type=\"container\">\n\t\t\t\t\t<div class=\"e-con-inner\">\n\t\t\t\t<div class=\"elementor-element elementor-element-43c8a27 elementor-widget elementor-widget-image\" data-id=\"43c8a27\" data-element_type=\"widget\" data-e-type=\"widget\" data-widget_type=\"image.default\">\n\t\t\t\t<div class=\"elementor-widget-container\">\n\t\t\t\t\t\t\t\t\t\t\t\t\t\t\t<img fetchpriority=\"high\" decoding=\"async\" width=\"900\" height=\"600\" src=\"https:\/\/tlcdenia.com\/wp-content\/uploads\/2024\/02\/grup-szkolnych-fonts-8.jpg\" class=\"attachment-full size-full wp-image-81194\" alt=\"Grupa szkolna w Hiszpanii, w Fonts de l&#039;Algar\" srcset=\"https:\/\/tlcdenia.com\/wp-content\/uploads\/2024\/02\/grup-szkolnych-fonts-8.jpg 900w, https:\/\/tlcdenia.com\/wp-content\/uploads\/2024\/02\/grup-szkolnych-fonts-8-300x200.jpg 300w, https:\/\/tlcdenia.com\/wp-content\/uploads\/2024\/02\/grup-szkolnych-fonts-8-768x512.jpg 768w, https:\/\/tlcdenia.com\/wp-content\/uploads\/2024\/02\/grup-szkolnych-fonts-8-600x400.jpg 600w\" sizes=\"(max-width: 900px) 100vw, 900px\" \/>\t\t\t\t\t\t\t\t\t\t\t\t\t\t\t<\/div>\n\t\t\t\t<\/div>\n\t\t\t\t\t<\/div>\n\t\t\t\t<\/div>\n\t\t<div class=\"elementor-element elementor-element-df917e9 e-flex e-con-boxed e-con e-parent\" data-id=\"df917e9\" data-element_type=\"container\" data-e-type=\"container\">\n\t\t\t\t\t<div class=\"e-con-inner\">\n\t\t\t\t<div class=\"elementor-element elementor-element-4c80eac elementor-widget elementor-widget-text-editor\" data-id=\"4c80eac\" data-element_type=\"widget\" data-e-type=\"widget\" data-widget_type=\"text-editor.default\">\n\t\t\t\t<div class=\"elementor-widget-container\">\n\t\t\t\t\t\t\t\t\t<p>Organizujemy dla uczni\u00f3w tak\u017ce <strong>wycieczk\u0119 do Les Fonts de l 'Algar<\/strong>, wodnego raju po\u0142o\u017conego w g\u0142\u0119bi l\u0105du w prowincji Alicante.<\/p><p>Podczas tej wycieczki uczniowie b\u0119d\u0105 mogli nacieszy\u0107 si\u0119 <strong>zapieraj\u0105cymi dech w piersiach wodospadami i naturalnymi basenami <\/strong>Les Fonts de l 'Algar. Krystalicznie czysta i orze\u017awiaj\u0105ca woda idealnie nadaje si\u0119 do k\u0105pieli i sch\u0142adzania w gor\u0105ce letnie dni. Uczniowie mog\u0105 zanurzy\u0107 si\u0119 w basenach z przejrzyst\u0105 wod\u0105, a tak\u017ce zrelaksowa\u0107 si\u0119, podziwiaj\u0105c pi\u0119kny krajobraz.<\/p>\t\t\t\t\t\t\t\t<\/div>\n\t\t\t\t<\/div>\n\t\t\t\t\t<\/div>\n\t\t\t\t<\/div>\n\t\t<div class=\"elementor-element elementor-element-dd913b0 e-flex e-con-boxed e-con e-parent\" data-id=\"dd913b0\" data-element_type=\"container\" data-e-type=\"container\">\n\t\t\t\t\t<div class=\"e-con-inner\">\n\t\t\t\t<div class=\"elementor-element elementor-element-481528f elementor-widget elementor-widget-image\" data-id=\"481528f\" data-element_type=\"widget\" data-e-type=\"widget\" data-widget_type=\"image.default\">\n\t\t\t\t<div class=\"elementor-widget-container\">\n\t\t\t\t\t\t\t\t\t\t\t\t\t\t\t<img decoding=\"async\" width=\"900\" height=\"600\" src=\"https:\/\/tlcdenia.com\/wp-content\/uploads\/2024\/02\/grup-szkolnych-fonts-2.jpg\" class=\"attachment-full size-full wp-image-81234\" alt=\"Studenci wskakuj\u0105cy do wody w Fonts de l&#039;Algar w Hiszpanii\" srcset=\"https:\/\/tlcdenia.com\/wp-content\/uploads\/2024\/02\/grup-szkolnych-fonts-2.jpg 900w, https:\/\/tlcdenia.com\/wp-content\/uploads\/2024\/02\/grup-szkolnych-fonts-2-300x200.jpg 300w, https:\/\/tlcdenia.com\/wp-content\/uploads\/2024\/02\/grup-szkolnych-fonts-2-768x512.jpg 768w\" sizes=\"(max-width: 900px) 100vw, 900px\" \/>\t\t\t\t\t\t\t\t\t\t\t\t\t\t\t<\/div>\n\t\t\t\t<\/div>\n\t\t\t\t\t<\/div>\n\t\t\t\t<\/div>\n\t\t<div class=\"elementor-element elementor-element-f767ecd e-flex e-con-boxed e-con e-parent\" data-id=\"f767ecd\" data-element_type=\"container\" data-e-type=\"container\">\n\t\t\t\t\t<div class=\"e-con-inner\">\n\t\t\t\t<div class=\"elementor-element elementor-element-812fca9 elementor-widget elementor-widget-text-editor\" data-id=\"812fca9\" data-element_type=\"widget\" data-e-type=\"widget\" data-widget_type=\"text-editor.default\">\n\t\t\t\t<div class=\"elementor-widget-container\">\n\t\t\t\t\t\t\t\t\t<p>Opr\u00f3cz p\u0142ywania mo\u017cna r\u00f3wnie\u017c odkrywa\u0107 naturalne szlaki, kt\u00f3re wij\u0105 si\u0119 wzd\u0142u\u017c rzeki Algar. Wybierz si\u0119 na spacer \u015bcie\u017ckami otoczonymi egzotyczn\u0105 ro\u015blinno\u015bci\u0105 i odkrywaj rodzim\u0105 flor\u0119 oraz dzik\u0105 przyrod\u0119 okolicy. Jest to idealne miejsce dla <strong>fan\u00f3w przyrody i fotograf\u00f3w<\/strong>, poniewa\u017c ka\u017cdy zak\u0105tek umo\u017cliwia zrobienie wyj\u0105tkowych zdj\u0119\u0107.<\/p><p>Po spacerach i p\u0142ywaniu, mo\u017cna zrobi\u0107 sobie<strong> piknik w naturalnym otoczeniu.<\/strong><\/p>\t\t\t\t\t\t\t\t<\/div>\n\t\t\t\t<\/div>\n\t\t\t\t\t<\/div>\n\t\t\t\t<\/div>\n\t\t<div class=\"elementor-element elementor-element-e6369b0 e-flex e-con-boxed e-con e-parent\" data-id=\"e6369b0\" data-element_type=\"container\" data-e-type=\"container\">\n\t\t\t\t\t<div class=\"e-con-inner\">\n\t\t\t\t<div class=\"elementor-element elementor-element-ec1d5d9 elementor-widget elementor-widget-image\" data-id=\"ec1d5d9\" data-element_type=\"widget\" data-e-type=\"widget\" data-widget_type=\"image.default\">\n\t\t\t\t<div class=\"elementor-widget-container\">\n\t\t\t\t\t\t\t\t\t\t\t\t\t\t\t<img decoding=\"async\" width=\"900\" height=\"600\" src=\"https:\/\/tlcdenia.com\/wp-content\/uploads\/2024\/02\/grup-szkolnych-fonts-6.jpg\" class=\"attachment-full size-full wp-image-81266\" alt=\"Czcionki de l&#039;Algar w Hiszpanii\" srcset=\"https:\/\/tlcdenia.com\/wp-content\/uploads\/2024\/02\/grup-szkolnych-fonts-6.jpg 900w, https:\/\/tlcdenia.com\/wp-content\/uploads\/2024\/02\/grup-szkolnych-fonts-6-300x200.jpg 300w, https:\/\/tlcdenia.com\/wp-content\/uploads\/2024\/02\/grup-szkolnych-fonts-6-768x512.jpg 768w\" sizes=\"(max-width: 900px) 100vw, 900px\" \/>\t\t\t\t\t\t\t\t\t\t\t\t\t\t\t<\/div>\n\t\t\t\t<\/div>\n\t\t\t\t\t<\/div>\n\t\t\t\t<\/div>\n\t\t<div class=\"elementor-element elementor-element-55231a6 e-flex e-con-boxed e-con e-parent\" data-id=\"55231a6\" data-element_type=\"container\" data-e-type=\"container\">\n\t\t\t\t\t<div class=\"e-con-inner\">\n\t\t\t\t<div class=\"elementor-element elementor-element-a1a9a43 elementor-widget elementor-widget-text-editor\" data-id=\"a1a9a43\" data-element_type=\"widget\" data-e-type=\"widget\" data-widget_type=\"text-editor.default\">\n\t\t\t\t<div class=\"elementor-widget-container\">\n\t\t\t\t\t\t\t\t\t<p>Les Fonts de l 'Algar to skarb natury, kt\u00f3rego nie mo\u017cna przegapi\u0107. Dzi\u0119ki imponuj\u0105cym wodospadom, naturalnym basenom i kr\u0119tym szlakom mo\u017cna tu zrelaksowa\u0107 si\u0119 w spokojnym i pi\u0119knym otoczeniu.<\/p><p>W tym wodnym raju uczniowie zyskaj\u0105 niezapomniane wspomnienia!<\/p>\t\t\t\t\t\t\t\t<\/div>\n\t\t\t\t<\/div>\n\t\t\t\t\t<\/div>\n\t\t\t\t<\/div>\n\t\t\t\t<section class=\"elementor-section elementor-top-section elementor-element elementor-element-892cffb elementor-section-boxed elementor-section-height-default elementor-section-height-default\" data-id=\"892cffb\" data-element_type=\"section\" data-e-type=\"section\" data-settings=\"{&quot;background_background&quot;:&quot;classic&quot;}\">\n\t\t\t\t\t\t<div class=\"elementor-container elementor-column-gap-default\">\n\t\t\t\t\t<div class=\"elementor-column elementor-col-100 elementor-top-column elementor-element elementor-element-437eca6\" data-id=\"437eca6\" data-element_type=\"column\" data-e-type=\"column\">\n\t\t\t<div class=\"elementor-widget-wrap elementor-element-populated\">\n\t\t\t\t\t\t<div class=\"elementor-element elementor-element-0eb8ad8 elementor-widget elementor-widget-heading\" data-id=\"0eb8ad8\" data-element_type=\"widget\" data-e-type=\"widget\" data-widget_type=\"heading.default\">\n\t\t\t\t<div class=\"elementor-widget-container\">\n\t\t\t\t\t<h3 class=\"elementor-heading-title elementor-size-default\">WYCIECZKA DO FONTS DE L'ALGAR<\/h3>\t\t\t\t<\/div>\n\t\t\t\t<\/div>\n\t\t\t\t\t<\/div>\n\t\t<\/div>\n\t\t\t\t\t<\/div>\n\t\t<\/section>\n\t\t\t\t<section class=\"elementor-section elementor-top-section elementor-element elementor-element-92687a7 elementor-section-boxed elementor-section-height-default elementor-section-height-default\" data-id=\"92687a7\" data-element_type=\"section\" data-e-type=\"section\">\n\t\t\t\t\t\t<div class=\"elementor-container elementor-column-gap-default\">\n\t\t\t\t\t<div class=\"elementor-column elementor-col-100 elementor-top-column elementor-element elementor-element-f2ec6bb\" data-id=\"f2ec6bb\" data-element_type=\"column\" data-e-type=\"column\">\n\t\t\t<div class=\"elementor-widget-wrap elementor-element-populated\">\n\t\t\t\t\t\t<div class=\"elementor-element elementor-element-92f207e elementor-widget elementor-widget-image-gallery\" data-id=\"92f207e\" data-element_type=\"widget\" data-e-type=\"widget\" data-widget_type=\"image-gallery.default\">\n\t\t\t\t<div class=\"elementor-widget-container\">\n\t\t\t\t\t\t\t<div class=\"elementor-image-gallery\">\n\t\t\t<div id='gallery-1' class='gallery galleryid-81182 gallery-columns-4 gallery-size-thumbnail'><figure class='gallery-item'>\n\t\t\t<div class='gallery-icon landscape'>\n\t\t\t\t<a data-elementor-open-lightbox=\"yes\" data-elementor-lightbox-slideshow=\"92f207e\" data-elementor-lightbox-title=\"grup-szkolnych-fonts-6\" data-e-action-hash=\"#elementor-action%3Aaction%3Dlightbox%26settings%3DeyJpZCI6ODEyNjYsInVybCI6Imh0dHBzOlwvXC90bGNkZW5pYS5jb21cL3dwLWNvbnRlbnRcL3VwbG9hZHNcLzIwMjRcLzAyXC9ncnVwLXN6a29sbnljaC1mb250cy02LmpwZyIsInNsaWRlc2hvdyI6IjkyZjIwN2UifQ%3D%3D\" href='https:\/\/tlcdenia.com\/wp-content\/uploads\/2024\/02\/grup-szkolnych-fonts-6.jpg'><img loading=\"lazy\" decoding=\"async\" width=\"150\" height=\"150\" src=\"https:\/\/tlcdenia.com\/wp-content\/uploads\/2024\/02\/grup-szkolnych-fonts-6-150x150.jpg\" class=\"attachment-thumbnail size-thumbnail\" alt=\"Czcionki de l&#039;Algar w Hiszpanii\" \/><\/a>\n\t\t\t<\/div><\/figure><figure class='gallery-item'>\n\t\t\t<div class='gallery-icon landscape'>\n\t\t\t\t<a data-elementor-open-lightbox=\"yes\" data-elementor-lightbox-slideshow=\"92f207e\" data-elementor-lightbox-title=\"grup-szkolnych-fonts-5\" data-e-action-hash=\"#elementor-action%3Aaction%3Dlightbox%26settings%3DeyJpZCI6ODEyNTgsInVybCI6Imh0dHBzOlwvXC90bGNkZW5pYS5jb21cL3dwLWNvbnRlbnRcL3VwbG9hZHNcLzIwMjRcLzAyXC9ncnVwLXN6a29sbnljaC1mb250cy01LmpwZyIsInNsaWRlc2hvdyI6IjkyZjIwN2UifQ%3D%3D\" href='https:\/\/tlcdenia.com\/wp-content\/uploads\/2024\/02\/grup-szkolnych-fonts-5.jpg'><img loading=\"lazy\" decoding=\"async\" width=\"150\" height=\"150\" src=\"https:\/\/tlcdenia.com\/wp-content\/uploads\/2024\/02\/grup-szkolnych-fonts-5-150x150.jpg\" class=\"attachment-thumbnail size-thumbnail\" alt=\"Studenci w Hiszpanii w Fonts de l&#039;Algar\" \/><\/a>\n\t\t\t<\/div><\/figure><figure class='gallery-item'>\n\t\t\t<div class='gallery-icon landscape'>\n\t\t\t\t<a data-elementor-open-lightbox=\"yes\" data-elementor-lightbox-slideshow=\"92f207e\" data-elementor-lightbox-title=\"grup-szkolnych-fonts-4\" data-e-action-hash=\"#elementor-action%3Aaction%3Dlightbox%26settings%3DeyJpZCI6ODEyNTAsInVybCI6Imh0dHBzOlwvXC90bGNkZW5pYS5jb21cL3dwLWNvbnRlbnRcL3VwbG9hZHNcLzIwMjRcLzAyXC9ncnVwLXN6a29sbnljaC1mb250cy00LmpwZyIsInNsaWRlc2hvdyI6IjkyZjIwN2UifQ%3D%3D\" href='https:\/\/tlcdenia.com\/wp-content\/uploads\/2024\/02\/grup-szkolnych-fonts-4.jpg'><img loading=\"lazy\" decoding=\"async\" width=\"150\" height=\"150\" src=\"https:\/\/tlcdenia.com\/wp-content\/uploads\/2024\/02\/grup-szkolnych-fonts-4-150x150.jpg\" class=\"attachment-thumbnail size-thumbnail\" alt=\"Czcionki de l&#039;Algar w Hiszpanii\" \/><\/a>\n\t\t\t<\/div><\/figure><figure class='gallery-item'>\n\t\t\t<div class='gallery-icon landscape'>\n\t\t\t\t<a data-elementor-open-lightbox=\"yes\" data-elementor-lightbox-slideshow=\"92f207e\" data-elementor-lightbox-title=\"grup-szkolnych-fonts-3\" data-e-action-hash=\"#elementor-action%3Aaction%3Dlightbox%26settings%3DeyJpZCI6ODEyNDIsInVybCI6Imh0dHBzOlwvXC90bGNkZW5pYS5jb21cL3dwLWNvbnRlbnRcL3VwbG9hZHNcLzIwMjRcLzAyXC9ncnVwLXN6a29sbnljaC1mb250cy0zLmpwZyIsInNsaWRlc2hvdyI6IjkyZjIwN2UifQ%3D%3D\" href='https:\/\/tlcdenia.com\/wp-content\/uploads\/2024\/02\/grup-szkolnych-fonts-3.jpg'><img loading=\"lazy\" decoding=\"async\" width=\"150\" height=\"150\" src=\"https:\/\/tlcdenia.com\/wp-content\/uploads\/2024\/02\/grup-szkolnych-fonts-3-150x150.jpg\" class=\"attachment-thumbnail size-thumbnail\" alt=\"Studenci pod wodospadem w Fonts de l&#039;Algar w Hiszpanii\" \/><\/a>\n\t\t\t<\/div><\/figure><figure class='gallery-item'>\n\t\t\t<div class='gallery-icon landscape'>\n\t\t\t\t<a data-elementor-open-lightbox=\"yes\" data-elementor-lightbox-slideshow=\"92f207e\" data-elementor-lightbox-title=\"grup-szkolnych-fonts-2\" data-e-action-hash=\"#elementor-action%3Aaction%3Dlightbox%26settings%3DeyJpZCI6ODEyMzQsInVybCI6Imh0dHBzOlwvXC90bGNkZW5pYS5jb21cL3dwLWNvbnRlbnRcL3VwbG9hZHNcLzIwMjRcLzAyXC9ncnVwLXN6a29sbnljaC1mb250cy0yLmpwZyIsInNsaWRlc2hvdyI6IjkyZjIwN2UifQ%3D%3D\" href='https:\/\/tlcdenia.com\/wp-content\/uploads\/2024\/02\/grup-szkolnych-fonts-2.jpg'><img loading=\"lazy\" decoding=\"async\" width=\"150\" height=\"150\" src=\"https:\/\/tlcdenia.com\/wp-content\/uploads\/2024\/02\/grup-szkolnych-fonts-2-150x150.jpg\" class=\"attachment-thumbnail size-thumbnail\" alt=\"Studenci wskakuj\u0105cy do wody w Fonts de l&#039;Algar w Hiszpanii\" \/><\/a>\n\t\t\t<\/div><\/figure><figure class='gallery-item'>\n\t\t\t<div class='gallery-icon landscape'>\n\t\t\t\t<a data-elementor-open-lightbox=\"yes\" data-elementor-lightbox-slideshow=\"92f207e\" data-elementor-lightbox-title=\"grup-szkolnych-fonts-1\" data-e-action-hash=\"#elementor-action%3Aaction%3Dlightbox%26settings%3DeyJpZCI6ODEyMjYsInVybCI6Imh0dHBzOlwvXC90bGNkZW5pYS5jb21cL3dwLWNvbnRlbnRcL3VwbG9hZHNcLzIwMjRcLzAyXC9ncnVwLXN6a29sbnljaC1mb250cy0xLmpwZyIsInNsaWRlc2hvdyI6IjkyZjIwN2UifQ%3D%3D\" href='https:\/\/tlcdenia.com\/wp-content\/uploads\/2024\/02\/grup-szkolnych-fonts-1.jpg'><img loading=\"lazy\" decoding=\"async\" width=\"150\" height=\"150\" src=\"https:\/\/tlcdenia.com\/wp-content\/uploads\/2024\/02\/grup-szkolnych-fonts-1-150x150.jpg\" class=\"attachment-thumbnail size-thumbnail\" alt=\"Grupa szkolna w Hiszpanii, w Fonts de l&#039;Algar\" \/><\/a>\n\t\t\t<\/div><\/figure><figure class='gallery-item'>\n\t\t\t<div class='gallery-icon landscape'>\n\t\t\t\t<a data-elementor-open-lightbox=\"yes\" data-elementor-lightbox-slideshow=\"92f207e\" data-elementor-lightbox-title=\"grup-szkolnych-fonts-10\" data-e-action-hash=\"#elementor-action%3Aaction%3Dlightbox%26settings%3DeyJpZCI6ODEyMTAsInVybCI6Imh0dHBzOlwvXC90bGNkZW5pYS5jb21cL3dwLWNvbnRlbnRcL3VwbG9hZHNcLzIwMjRcLzAyXC9ncnVwLXN6a29sbnljaC1mb250cy0xMC5qcGciLCJzbGlkZXNob3ciOiI5MmYyMDdlIn0%3D\" href='https:\/\/tlcdenia.com\/wp-content\/uploads\/2024\/02\/grup-szkolnych-fonts-10.jpg'><img loading=\"lazy\" decoding=\"async\" width=\"150\" height=\"150\" src=\"https:\/\/tlcdenia.com\/wp-content\/uploads\/2024\/02\/grup-szkolnych-fonts-10-150x150.jpg\" class=\"attachment-thumbnail size-thumbnail\" alt=\"Studenci w Hiszpanii w Fonts de l&#039;Algar\" \/><\/a>\n\t\t\t<\/div><\/figure><figure class='gallery-item'>\n\t\t\t<div class='gallery-icon landscape'>\n\t\t\t\t<a data-elementor-open-lightbox=\"yes\" data-elementor-lightbox-slideshow=\"92f207e\" data-elementor-lightbox-title=\"grup-szkolnych-fonts-9\" data-e-action-hash=\"#elementor-action%3Aaction%3Dlightbox%26settings%3DeyJpZCI6ODEyMDIsInVybCI6Imh0dHBzOlwvXC90bGNkZW5pYS5jb21cL3dwLWNvbnRlbnRcL3VwbG9hZHNcLzIwMjRcLzAyXC9ncnVwLXN6a29sbnljaC1mb250cy05LmpwZyIsInNsaWRlc2hvdyI6IjkyZjIwN2UifQ%3D%3D\" href='https:\/\/tlcdenia.com\/wp-content\/uploads\/2024\/02\/grup-szkolnych-fonts-9.jpg'><img loading=\"lazy\" decoding=\"async\" width=\"150\" height=\"150\" src=\"https:\/\/tlcdenia.com\/wp-content\/uploads\/2024\/02\/grup-szkolnych-fonts-9-150x150.jpg\" class=\"attachment-thumbnail size-thumbnail\" alt=\"Grupa szkolna w Hiszpanii, w Fonts de l&#039;Algar\" \/><\/a>\n\t\t\t<\/div><\/figure><figure class='gallery-item'>\n\t\t\t<div class='gallery-icon landscape'>\n\t\t\t\t<a data-elementor-open-lightbox=\"yes\" data-elementor-lightbox-slideshow=\"92f207e\" data-elementor-lightbox-title=\"grup-szkolnych-fonts-8\" data-e-action-hash=\"#elementor-action%3Aaction%3Dlightbox%26settings%3DeyJpZCI6ODExOTQsInVybCI6Imh0dHBzOlwvXC90bGNkZW5pYS5jb21cL3dwLWNvbnRlbnRcL3VwbG9hZHNcLzIwMjRcLzAyXC9ncnVwLXN6a29sbnljaC1mb250cy04LmpwZyIsInNsaWRlc2hvdyI6IjkyZjIwN2UifQ%3D%3D\" href='https:\/\/tlcdenia.com\/wp-content\/uploads\/2024\/02\/grup-szkolnych-fonts-8.jpg'><img loading=\"lazy\" decoding=\"async\" width=\"150\" height=\"150\" src=\"https:\/\/tlcdenia.com\/wp-content\/uploads\/2024\/02\/grup-szkolnych-fonts-8-150x150.jpg\" class=\"attachment-thumbnail size-thumbnail\" alt=\"Grupa szkolna w Hiszpanii, w Fonts de l&#039;Algar\" srcset=\"https:\/\/tlcdenia.com\/wp-content\/uploads\/2024\/02\/grup-szkolnych-fonts-8-150x150.jpg 150w, https:\/\/tlcdenia.com\/wp-content\/uploads\/2024\/02\/grup-szkolnych-fonts-8-600x600.jpg 600w\" sizes=\"(max-width: 150px) 100vw, 150px\" \/><\/a>\n\t\t\t<\/div><\/figure><figure class='gallery-item'>\n\t\t\t<div class='gallery-icon landscape'>\n\t\t\t\t<a data-elementor-open-lightbox=\"yes\" data-elementor-lightbox-slideshow=\"92f207e\" data-elementor-lightbox-title=\"grup-szkolnych-fonts-7\" data-e-action-hash=\"#elementor-action%3Aaction%3Dlightbox%26settings%3DeyJpZCI6ODExODYsInVybCI6Imh0dHBzOlwvXC90bGNkZW5pYS5jb21cL3dwLWNvbnRlbnRcL3VwbG9hZHNcLzIwMjRcLzAyXC9ncnVwLXN6a29sbnljaC1mb250cy03LmpwZyIsInNsaWRlc2hvdyI6IjkyZjIwN2UifQ%3D%3D\" href='https:\/\/tlcdenia.com\/wp-content\/uploads\/2024\/02\/grup-szkolnych-fonts-7.jpg'><img loading=\"lazy\" decoding=\"async\" width=\"150\" height=\"150\" src=\"https:\/\/tlcdenia.com\/wp-content\/uploads\/2024\/02\/grup-szkolnych-fonts-7-150x150.jpg\" class=\"attachment-thumbnail size-thumbnail\" alt=\"Czcionki de l&#039;Algar w Hiszpanii\" \/><\/a>\n\t\t\t<\/div><\/figure>\n\t\t<\/div>\n\t\t<\/div>\n\t\t\t\t\t\t<\/div>\n\t\t\t\t<\/div>\n\t\t\t\t\t<\/div>\n\t\t<\/div>\n\t\t\t\t\t<\/div>\n\t\t<\/section>\n\t\t\t\t<\/div>\n\t\t","protected":false},"excerpt":{"rendered":"<p>Organizujemy dla uczni\u00f3w tak\u017ce wycieczk\u0119 do Les Fonts de l 'Algar, wodnego raju po\u0142o\u017conego w g\u0142\u0119bi l\u0105du w prowincji Alicante. Podczas tej wycieczki uczniowie b\u0119d\u0105 mogli nacieszy\u0107 si\u0119 zapieraj\u0105cymi dech w piersiach wodospadami i naturalnymi basenami Les Fonts de l &hellip; <\/p>\n","protected":false},"author":4,"featured_media":81194,"parent":0,"menu_order":0,"comment_status":"closed","ping_status":"closed","template":"page-templates\/page-spanishcourses.php","meta":{"_acf_changed":false,"footnotes":""},"class_list":["post-81182","page","type-page","status-publish","has-post-thumbnail","hentry"],"acf":[],"yoast_head":"<!-- This site is optimized with the Yoast SEO plugin v26.9 - https:\/\/yoast.com\/product\/yoast-seo-wordpress\/ -->\n<title>Hiszpa\u0144skie grupy szkolne w Hiszpanii: Wycieczka do Fonts de l&#039;Algar<\/title>\n<meta name=\"description\" content=\"Organizujemy dla uczni\u00f3w naszych grup szkolnych wycieczk\u0119 do Les Fonts de l&#039;Algar, wodnego raju w Hiszpanii\" \/>\n<meta name=\"robots\" content=\"index, follow, max-snippet:-1, max-image-preview:large, max-video-preview:-1\" \/>\n<link rel=\"canonical\" href=\"https:\/\/tlcdenia.com\/pl\/wycieczka-fonts-algar-grup-szkolnych\/\" \/>\n<meta property=\"og:locale\" content=\"pl_PL\" \/>\n<meta property=\"og:type\" content=\"article\" \/>\n<meta property=\"og:title\" content=\"Hiszpa\u0144skie grupy szkolne w Hiszpanii: Wycieczka do Fonts de l&#039;Algar\" \/>\n<meta property=\"og:description\" content=\"Organizujemy dla uczni\u00f3w naszych grup szkolnych wycieczk\u0119 do Les Fonts de l&#039;Algar, wodnego raju w Hiszpanii\" \/>\n<meta property=\"og:url\" content=\"https:\/\/tlcdenia.com\/pl\/wycieczka-fonts-algar-grup-szkolnych\/\" \/>\n<meta property=\"og:site_name\" content=\"Szko\u0142a TLCd\u00e9nia \u2013 oficjalna strona internetowa\" \/>\n<meta property=\"article:modified_time\" content=\"2024-02-01T11:46:04+00:00\" \/>\n<meta property=\"og:image\" content=\"https:\/\/tlcdenia.com\/wp-content\/uploads\/2024\/02\/grup-szkolnych-fonts-8.jpg\" \/>\n\t<meta property=\"og:image:width\" content=\"900\" \/>\n\t<meta property=\"og:image:height\" content=\"600\" \/>\n\t<meta property=\"og:image:type\" content=\"image\/jpeg\" \/>\n<meta name=\"twitter:card\" content=\"summary_large_image\" \/>\n<meta name=\"twitter:label1\" content=\"Szacowany czas czytania\" \/>\n\t<meta name=\"twitter:data1\" content=\"4 minuty\" \/>\n<script type=\"application\/ld+json\" class=\"yoast-schema-graph\">{\"@context\":\"https:\/\/schema.org\",\"@graph\":[{\"@type\":\"WebPage\",\"@id\":\"https:\/\/tlcdenia.com\/pl\/wycieczka-fonts-algar-grup-szkolnych\/\",\"url\":\"https:\/\/tlcdenia.com\/pl\/wycieczka-fonts-algar-grup-szkolnych\/\",\"name\":\"Hiszpa\u0144skie grupy szkolne w Hiszpanii: Wycieczka do Fonts de l'Algar\",\"isPartOf\":{\"@id\":\"https:\/\/tlcdenia.com\/pl\/#website\"},\"primaryImageOfPage\":{\"@id\":\"https:\/\/tlcdenia.com\/pl\/wycieczka-fonts-algar-grup-szkolnych\/#primaryimage\"},\"image\":{\"@id\":\"https:\/\/tlcdenia.com\/pl\/wycieczka-fonts-algar-grup-szkolnych\/#primaryimage\"},\"thumbnailUrl\":\"https:\/\/tlcdenia.com\/wp-content\/uploads\/2024\/02\/grup-szkolnych-fonts-8.jpg\",\"datePublished\":\"2024-02-01T11:38:05+00:00\",\"dateModified\":\"2024-02-01T11:46:04+00:00\",\"description\":\"Organizujemy dla uczni\u00f3w naszych grup szkolnych wycieczk\u0119 do Les Fonts de l'Algar, wodnego raju w Hiszpanii\",\"breadcrumb\":{\"@id\":\"https:\/\/tlcdenia.com\/pl\/wycieczka-fonts-algar-grup-szkolnych\/#breadcrumb\"},\"inLanguage\":\"pl-PL\",\"potentialAction\":[{\"@type\":\"ReadAction\",\"target\":[\"https:\/\/tlcdenia.com\/pl\/wycieczka-fonts-algar-grup-szkolnych\/\"]}]},{\"@type\":\"ImageObject\",\"inLanguage\":\"pl-PL\",\"@id\":\"https:\/\/tlcdenia.com\/pl\/wycieczka-fonts-algar-grup-szkolnych\/#primaryimage\",\"url\":\"https:\/\/tlcdenia.com\/wp-content\/uploads\/2024\/02\/grup-szkolnych-fonts-8.jpg\",\"contentUrl\":\"https:\/\/tlcdenia.com\/wp-content\/uploads\/2024\/02\/grup-szkolnych-fonts-8.jpg\",\"width\":900,\"height\":600,\"caption\":\"Grupa szkolna w Hiszpanii, w Fonts de l'Algar\"},{\"@type\":\"BreadcrumbList\",\"@id\":\"https:\/\/tlcdenia.com\/pl\/wycieczka-fonts-algar-grup-szkolnych\/#breadcrumb\",\"itemListElement\":[{\"@type\":\"ListItem\",\"position\":1,\"name\":\"Home\",\"item\":\"https:\/\/tlcdenia.com\/pl\/\"},{\"@type\":\"ListItem\",\"position\":2,\"name\":\"Wycieczka do Fonts de l&#8217;Algar dla grup szkolnych\"}]},{\"@type\":\"WebSite\",\"@id\":\"https:\/\/tlcdenia.com\/pl\/#website\",\"url\":\"https:\/\/tlcdenia.com\/pl\/\",\"name\":\"Szko\u0142a TLCd\u00e9nia \u2013 oficjalna strona internetowa\",\"description\":\"Languages Center\",\"potentialAction\":[{\"@type\":\"SearchAction\",\"target\":{\"@type\":\"EntryPoint\",\"urlTemplate\":\"https:\/\/tlcdenia.com\/pl\/?s={search_term_string}\"},\"query-input\":{\"@type\":\"PropertyValueSpecification\",\"valueRequired\":true,\"valueName\":\"search_term_string\"}}],\"inLanguage\":\"pl-PL\"}]}<\/script>\n<!-- \/ Yoast SEO plugin. -->","yoast_head_json":{"title":"Hiszpa\u0144skie grupy szkolne w Hiszpanii: Wycieczka do Fonts de l'Algar","description":"Organizujemy dla uczni\u00f3w naszych grup szkolnych wycieczk\u0119 do Les Fonts de l'Algar, wodnego raju w Hiszpanii","robots":{"index":"index","follow":"follow","max-snippet":"max-snippet:-1","max-image-preview":"max-image-preview:large","max-video-preview":"max-video-preview:-1"},"canonical":"https:\/\/tlcdenia.com\/pl\/wycieczka-fonts-algar-grup-szkolnych\/","og_locale":"pl_PL","og_type":"article","og_title":"Hiszpa\u0144skie grupy szkolne w Hiszpanii: Wycieczka do Fonts de l'Algar","og_description":"Organizujemy dla uczni\u00f3w naszych grup szkolnych wycieczk\u0119 do Les Fonts de l'Algar, wodnego raju w Hiszpanii","og_url":"https:\/\/tlcdenia.com\/pl\/wycieczka-fonts-algar-grup-szkolnych\/","og_site_name":"Szko\u0142a TLCd\u00e9nia \u2013 oficjalna strona internetowa","article_modified_time":"2024-02-01T11:46:04+00:00","og_image":[{"width":900,"height":600,"url":"https:\/\/tlcdenia.com\/wp-content\/uploads\/2024\/02\/grup-szkolnych-fonts-8.jpg","type":"image\/jpeg"}],"twitter_card":"summary_large_image","twitter_misc":{"Szacowany czas czytania":"4 minuty"},"schema":{"@context":"https:\/\/schema.org","@graph":[{"@type":"WebPage","@id":"https:\/\/tlcdenia.com\/pl\/wycieczka-fonts-algar-grup-szkolnych\/","url":"https:\/\/tlcdenia.com\/pl\/wycieczka-fonts-algar-grup-szkolnych\/","name":"Hiszpa\u0144skie grupy szkolne w Hiszpanii: Wycieczka do Fonts de l'Algar","isPartOf":{"@id":"https:\/\/tlcdenia.com\/pl\/#website"},"primaryImageOfPage":{"@id":"https:\/\/tlcdenia.com\/pl\/wycieczka-fonts-algar-grup-szkolnych\/#primaryimage"},"image":{"@id":"https:\/\/tlcdenia.com\/pl\/wycieczka-fonts-algar-grup-szkolnych\/#primaryimage"},"thumbnailUrl":"https:\/\/tlcdenia.com\/wp-content\/uploads\/2024\/02\/grup-szkolnych-fonts-8.jpg","datePublished":"2024-02-01T11:38:05+00:00","dateModified":"2024-02-01T11:46:04+00:00","description":"Organizujemy dla uczni\u00f3w naszych grup szkolnych wycieczk\u0119 do Les Fonts de l'Algar, wodnego raju w Hiszpanii","breadcrumb":{"@id":"https:\/\/tlcdenia.com\/pl\/wycieczka-fonts-algar-grup-szkolnych\/#breadcrumb"},"inLanguage":"pl-PL","potentialAction":[{"@type":"ReadAction","target":["https:\/\/tlcdenia.com\/pl\/wycieczka-fonts-algar-grup-szkolnych\/"]}]},{"@type":"ImageObject","inLanguage":"pl-PL","@id":"https:\/\/tlcdenia.com\/pl\/wycieczka-fonts-algar-grup-szkolnych\/#primaryimage","url":"https:\/\/tlcdenia.com\/wp-content\/uploads\/2024\/02\/grup-szkolnych-fonts-8.jpg","contentUrl":"https:\/\/tlcdenia.com\/wp-content\/uploads\/2024\/02\/grup-szkolnych-fonts-8.jpg","width":900,"height":600,"caption":"Grupa szkolna w Hiszpanii, w Fonts de l'Algar"},{"@type":"BreadcrumbList","@id":"https:\/\/tlcdenia.com\/pl\/wycieczka-fonts-algar-grup-szkolnych\/#breadcrumb","itemListElement":[{"@type":"ListItem","position":1,"name":"Home","item":"https:\/\/tlcdenia.com\/pl\/"},{"@type":"ListItem","position":2,"name":"Wycieczka do Fonts de l&#8217;Algar dla grup szkolnych"}]},{"@type":"WebSite","@id":"https:\/\/tlcdenia.com\/pl\/#website","url":"https:\/\/tlcdenia.com\/pl\/","name":"Szko\u0142a TLCd\u00e9nia \u2013 oficjalna strona internetowa","description":"Languages Center","potentialAction":[{"@type":"SearchAction","target":{"@type":"EntryPoint","urlTemplate":"https:\/\/tlcdenia.com\/pl\/?s={search_term_string}"},"query-input":{"@type":"PropertyValueSpecification","valueRequired":true,"valueName":"search_term_string"}}],"inLanguage":"pl-PL"}]}},"_links":{"self":[{"href":"https:\/\/tlcdenia.com\/pl\/wp-json\/wp\/v2\/pages\/81182","targetHints":{"allow":["GET"]}}],"collection":[{"href":"https:\/\/tlcdenia.com\/pl\/wp-json\/wp\/v2\/pages"}],"about":[{"href":"https:\/\/tlcdenia.com\/pl\/wp-json\/wp\/v2\/types\/page"}],"author":[{"embeddable":true,"href":"https:\/\/tlcdenia.com\/pl\/wp-json\/wp\/v2\/users\/4"}],"replies":[{"embeddable":true,"href":"https:\/\/tlcdenia.com\/pl\/wp-json\/wp\/v2\/comments?post=81182"}],"version-history":[{"count":7,"href":"https:\/\/tlcdenia.com\/pl\/wp-json\/wp\/v2\/pages\/81182\/revisions"}],"predecessor-version":[{"id":81278,"href":"https:\/\/tlcdenia.com\/pl\/wp-json\/wp\/v2\/pages\/81182\/revisions\/81278"}],"wp:featuredmedia":[{"embeddable":true,"href":"https:\/\/tlcdenia.com\/pl\/wp-json\/wp\/v2\/media\/81194"}],"wp:attachment":[{"href":"https:\/\/tlcdenia.com\/pl\/wp-json\/wp\/v2\/media?parent=81182"}],"curies":[{"name":"wp","href":"https:\/\/api.w.org\/{rel}","templated":true}]}}