{"id":83913,"date":"2024-02-13T15:44:32","date_gmt":"2024-02-13T15:44:32","guid":{"rendered":"https:\/\/tlcdenia.com\/excursion-to-jativa-for-school-groups\/"},"modified":"2024-02-14T15:29:12","modified_gmt":"2024-02-14T15:29:12","slug":"gruppi-scolastici-jativa-spagna","status":"publish","type":"page","link":"https:\/\/tlcdenia.com\/it\/gruppi-scolastici-jativa-spagna\/","title":{"rendered":"Gita scolastica a J\u00e1tiva per gruppi"},"content":{"rendered":"\t\t<div data-elementor-type=\"wp-page\" data-elementor-id=\"83913\" class=\"elementor elementor-83913 elementor-80773\" data-elementor-post-type=\"page\">\n\t\t\t\t<div class=\"elementor-element elementor-element-5f95db8 e-flex e-con-boxed e-con e-parent\" data-id=\"5f95db8\" data-element_type=\"container\" data-e-type=\"container\">\n\t\t\t\t\t<div class=\"e-con-inner\">\n\t\t\t\t<div class=\"elementor-element elementor-element-dbf6422 elementor-widget elementor-widget-image\" data-id=\"dbf6422\" data-element_type=\"widget\" data-e-type=\"widget\" data-widget_type=\"image.default\">\n\t\t\t\t<div class=\"elementor-widget-container\">\n\t\t\t\t\t\t\t\t\t\t\t\t\t\t\t<img fetchpriority=\"high\" decoding=\"async\" width=\"900\" height=\"600\" src=\"https:\/\/tlcdenia.com\/wp-content\/uploads\/2024\/02\/gruppi-scolastici-jativa-1.jpg\" class=\"attachment-full size-full wp-image-83980\" alt=\"Castello di J\u00e1tiva, in Spagna\" srcset=\"https:\/\/tlcdenia.com\/wp-content\/uploads\/2024\/02\/gruppi-scolastici-jativa-1.jpg 900w, https:\/\/tlcdenia.com\/wp-content\/uploads\/2024\/02\/gruppi-scolastici-jativa-1-300x200.jpg 300w, https:\/\/tlcdenia.com\/wp-content\/uploads\/2024\/02\/gruppi-scolastici-jativa-1-768x512.jpg 768w, https:\/\/tlcdenia.com\/wp-content\/uploads\/2024\/02\/gruppi-scolastici-jativa-1-600x400.jpg 600w\" sizes=\"(max-width: 900px) 100vw, 900px\" \/>\t\t\t\t\t\t\t\t\t\t\t\t\t\t\t<\/div>\n\t\t\t\t<\/div>\n\t\t\t\t\t<\/div>\n\t\t\t\t<\/div>\n\t\t<div class=\"elementor-element elementor-element-a52e573 e-flex e-con-boxed e-con e-parent\" data-id=\"a52e573\" data-element_type=\"container\" data-e-type=\"container\">\n\t\t\t\t\t<div class=\"e-con-inner\">\n\t\t\t\t<div class=\"elementor-element elementor-element-ca767a9 elementor-widget elementor-widget-text-editor\" data-id=\"ca767a9\" data-element_type=\"widget\" data-e-type=\"widget\" data-widget_type=\"text-editor.default\">\n\t\t\t\t<div class=\"elementor-widget-container\">\n\t\t\t\t\t\t\t\t\t<p><strong>J\u00e1tiva <\/strong>\u00e8 una citt\u00e0 spagnola con <strong>una grande eredit\u00e0 storica<\/strong>. Visitare J\u00e1tiva \u00e8 un&#8217;escursione perfetta per gli studenti dei gruppi scolastici in Spagna per conoscere la storia e la cultura spagnola.<\/p><p>J\u00e1tiva \u00e8 orgogliosa di essere la citt\u00e0 natale della famiglia Borgia, una delle pi\u00f9 potenti del Rinascimento. La famiglia raggiunse la fama mondiale con due papi, Alfonso di Borgia (Callisto III, 1456-1458), e suo nipote Rodrigo di Borgia (Alessandro VI, 1492-1503). Questo \u00e8 uno dei motivi per cui le sue mura ospitano cos\u00ec tanta ricchezza storica.<\/p><p>La nostra escursione inizier\u00e0 esplorando il <strong>centro storico <\/strong>di J\u00e1tiva, con le sue stradine acciottolate e monumenti storici. Gli studenti si sentiranno trasportati nel tempo mentre passeggiano per il centro storico, accompagnati dai loro insegnanti.<\/p>\t\t\t\t\t\t\t\t<\/div>\n\t\t\t\t<\/div>\n\t\t\t\t\t<\/div>\n\t\t\t\t<\/div>\n\t\t<div class=\"elementor-element elementor-element-97b616f e-flex e-con-boxed e-con e-parent\" data-id=\"97b616f\" data-element_type=\"container\" data-e-type=\"container\">\n\t\t\t\t\t<div class=\"e-con-inner\">\n\t\t\t\t<div class=\"elementor-element elementor-element-9bbdc0b elementor-widget elementor-widget-image\" data-id=\"9bbdc0b\" data-element_type=\"widget\" data-e-type=\"widget\" data-widget_type=\"image.default\">\n\t\t\t\t<div class=\"elementor-widget-container\">\n\t\t\t\t\t\t\t\t\t\t\t\t\t\t\t<img decoding=\"async\" width=\"900\" height=\"600\" src=\"https:\/\/tlcdenia.com\/wp-content\/uploads\/2024\/02\/gruppi-scolastici-jativa-3.jpg\" class=\"attachment-full size-full wp-image-83924\" alt=\"Chiesa di J\u00e1tiva, in Spagna\" srcset=\"https:\/\/tlcdenia.com\/wp-content\/uploads\/2024\/02\/gruppi-scolastici-jativa-3.jpg 900w, https:\/\/tlcdenia.com\/wp-content\/uploads\/2024\/02\/gruppi-scolastici-jativa-3-300x200.jpg 300w, https:\/\/tlcdenia.com\/wp-content\/uploads\/2024\/02\/gruppi-scolastici-jativa-3-768x512.jpg 768w\" sizes=\"(max-width: 900px) 100vw, 900px\" \/>\t\t\t\t\t\t\t\t\t\t\t\t\t\t\t<\/div>\n\t\t\t\t<\/div>\n\t\t\t\t\t<\/div>\n\t\t\t\t<\/div>\n\t\t<div class=\"elementor-element elementor-element-1374a9a e-flex e-con-boxed e-con e-parent\" data-id=\"1374a9a\" data-element_type=\"container\" data-e-type=\"container\">\n\t\t\t\t\t<div class=\"e-con-inner\">\n\t\t\t\t<div class=\"elementor-element elementor-element-c01b049 elementor-widget elementor-widget-text-editor\" data-id=\"c01b049\" data-element_type=\"widget\" data-e-type=\"widget\" data-widget_type=\"text-editor.default\">\n\t\t\t\t<div class=\"elementor-widget-container\">\n\t\t\t\t\t\t\t\t\t<p>Visiteremo il maestoso <strong>Castello di J\u00e1tiva<\/strong>, situato sulla cima di una collina e con impressionanti viste panoramiche sulla citt\u00e0. Qui gli studenti apprenderanno la ricca storia del castello e la sua importanza nella regione. Potranno esplorare le sue torri, mura e stanze, mentre impareranno a conoscere la vita medievale in Spagna.<\/p><p>Continuando la nostra escursione, andremo alla <strong>Basilica<\/strong> <strong>Collegiata di Santa Mar\u00eda<\/strong>, un gioiello architettonico con una meravigliosa facciata gotica. Gli studenti potranno apprezzare i suoi imponenti interni e conoscere l&#8217;importanza dell&#8217;arte e della religione nella storia della Spagna.<\/p><p>Entrando nelle strade di J\u00e1tiva, ci imbatteremo in piazze affascinanti, come <strong>Plaza de la Trinidad<\/strong>, dove gli studenti potranno godersi un po&#8217; di tempo libero per esplorare e praticare il loro spagnolo con la gente del posto in un ambiente autentico.<\/p>\t\t\t\t\t\t\t\t<\/div>\n\t\t\t\t<\/div>\n\t\t\t\t\t<\/div>\n\t\t\t\t<\/div>\n\t\t<div class=\"elementor-element elementor-element-ddfba42 e-flex e-con-boxed e-con e-parent\" data-id=\"ddfba42\" data-element_type=\"container\" data-e-type=\"container\">\n\t\t\t\t\t<div class=\"e-con-inner\">\n\t\t\t\t<div class=\"elementor-element elementor-element-a29ffa9 elementor-widget elementor-widget-image\" data-id=\"a29ffa9\" data-element_type=\"widget\" data-e-type=\"widget\" data-widget_type=\"image.default\">\n\t\t\t\t<div class=\"elementor-widget-container\">\n\t\t\t\t\t\t\t\t\t\t\t\t\t\t\t<img decoding=\"async\" width=\"595\" height=\"815\" src=\"https:\/\/tlcdenia.com\/wp-content\/uploads\/2024\/02\/gruppi-scolastici-jativa-8.jpg\" class=\"attachment-full size-full wp-image-83964\" alt=\"Studente che scatta una foto al castello di J\u00e1tiva, in Spagna\" srcset=\"https:\/\/tlcdenia.com\/wp-content\/uploads\/2024\/02\/gruppi-scolastici-jativa-8.jpg 595w, https:\/\/tlcdenia.com\/wp-content\/uploads\/2024\/02\/gruppi-scolastici-jativa-8-219x300.jpg 219w\" sizes=\"(max-width: 595px) 100vw, 595px\" \/>\t\t\t\t\t\t\t\t\t\t\t\t\t\t\t<\/div>\n\t\t\t\t<\/div>\n\t\t\t\t\t<\/div>\n\t\t\t\t<\/div>\n\t\t<div class=\"elementor-element elementor-element-cb56ec7 e-flex e-con-boxed e-con e-parent\" data-id=\"cb56ec7\" data-element_type=\"container\" data-e-type=\"container\">\n\t\t\t\t\t<div class=\"e-con-inner\">\n\t\t\t\t<div class=\"elementor-element elementor-element-656c0ca elementor-widget elementor-widget-text-editor\" data-id=\"656c0ca\" data-element_type=\"widget\" data-e-type=\"widget\" data-widget_type=\"text-editor.default\">\n\t\t\t\t<div class=\"elementor-widget-container\">\n\t\t\t\t\t\t\t\t\t<p>Durante la nostra escursione, una visita facoltativa \u00e8 il <strong>Museo dell&#8217;Almudaina<\/strong>, con mostre che raccontano la storia di J\u00e1tiva dall&#8217;epoca romana ai giorni nostri. Sar\u00e0 un&#8217;esperienza educativa e arricchente che gli permetter\u00e0 di ampliare le loro conoscenze sulla regione.<\/p><p>J\u00e1tiva \u00e8, in breve, una destinazione ideale per combinare lo studio dello spagnolo con un&#8217;esperienza culturale arricchente.<\/p>\t\t\t\t\t\t\t\t<\/div>\n\t\t\t\t<\/div>\n\t\t\t\t\t<\/div>\n\t\t\t\t<\/div>\n\t\t\t\t<section class=\"elementor-section elementor-top-section elementor-element elementor-element-72f5fe7 elementor-section-boxed elementor-section-height-default elementor-section-height-default\" data-id=\"72f5fe7\" data-element_type=\"section\" data-e-type=\"section\" data-settings=\"{&quot;background_background&quot;:&quot;classic&quot;}\">\n\t\t\t\t\t\t<div class=\"elementor-container elementor-column-gap-default\">\n\t\t\t\t\t<div class=\"elementor-column elementor-col-100 elementor-top-column elementor-element elementor-element-50c6541\" data-id=\"50c6541\" data-element_type=\"column\" data-e-type=\"column\">\n\t\t\t<div class=\"elementor-widget-wrap elementor-element-populated\">\n\t\t\t\t\t\t<div class=\"elementor-element elementor-element-b0eabb2 elementor-widget elementor-widget-heading\" data-id=\"b0eabb2\" data-element_type=\"widget\" data-e-type=\"widget\" data-widget_type=\"heading.default\">\n\t\t\t\t<div class=\"elementor-widget-container\">\n\t\t\t\t\t<h3 class=\"elementor-heading-title elementor-size-default\">GITE A J\u00c1TIVA<\/h3>\t\t\t\t<\/div>\n\t\t\t\t<\/div>\n\t\t\t\t\t<\/div>\n\t\t<\/div>\n\t\t\t\t\t<\/div>\n\t\t<\/section>\n\t\t\t\t<section class=\"elementor-section elementor-top-section elementor-element elementor-element-5f688d0 elementor-section-boxed elementor-section-height-default elementor-section-height-default\" data-id=\"5f688d0\" data-element_type=\"section\" data-e-type=\"section\">\n\t\t\t\t\t\t<div class=\"elementor-container elementor-column-gap-default\">\n\t\t\t\t\t<div class=\"elementor-column elementor-col-100 elementor-top-column elementor-element elementor-element-80e4295\" data-id=\"80e4295\" data-element_type=\"column\" data-e-type=\"column\">\n\t\t\t<div class=\"elementor-widget-wrap elementor-element-populated\">\n\t\t\t\t\t\t<div class=\"elementor-element elementor-element-9513d09 elementor-widget elementor-widget-image-gallery\" data-id=\"9513d09\" data-element_type=\"widget\" data-e-type=\"widget\" data-widget_type=\"image-gallery.default\">\n\t\t\t\t<div class=\"elementor-widget-container\">\n\t\t\t\t\t\t\t<div class=\"elementor-image-gallery\">\n\t\t\t<div id='gallery-1' class='gallery galleryid-83913 gallery-columns-4 gallery-size-thumbnail'><figure class='gallery-item'>\n\t\t\t<div class='gallery-icon landscape'>\n\t\t\t\t<a data-elementor-open-lightbox=\"yes\" data-elementor-lightbox-slideshow=\"9513d09\" data-elementor-lightbox-title=\"gruppi-scolastici-jativa-1\" data-e-action-hash=\"#elementor-action%3Aaction%3Dlightbox%26settings%3DeyJpZCI6ODM5ODAsInVybCI6Imh0dHBzOlwvXC90bGNkZW5pYS5jb21cL3dwLWNvbnRlbnRcL3VwbG9hZHNcLzIwMjRcLzAyXC9ncnVwcGktc2NvbGFzdGljaS1qYXRpdmEtMS5qcGciLCJzbGlkZXNob3ciOiI5NTEzZDA5In0%3D\" href='https:\/\/tlcdenia.com\/wp-content\/uploads\/2024\/02\/gruppi-scolastici-jativa-1.jpg'><img loading=\"lazy\" decoding=\"async\" width=\"150\" height=\"150\" src=\"https:\/\/tlcdenia.com\/wp-content\/uploads\/2024\/02\/gruppi-scolastici-jativa-1-150x150.jpg\" class=\"attachment-thumbnail size-thumbnail\" alt=\"Castello di J\u00e1tiva, in Spagna\" srcset=\"https:\/\/tlcdenia.com\/wp-content\/uploads\/2024\/02\/gruppi-scolastici-jativa-1-150x150.jpg 150w, https:\/\/tlcdenia.com\/wp-content\/uploads\/2024\/02\/gruppi-scolastici-jativa-1-600x600.jpg 600w\" sizes=\"(max-width: 150px) 100vw, 150px\" \/><\/a>\n\t\t\t<\/div><\/figure><figure class='gallery-item'>\n\t\t\t<div class='gallery-icon portrait'>\n\t\t\t\t<a data-elementor-open-lightbox=\"yes\" data-elementor-lightbox-slideshow=\"9513d09\" data-elementor-lightbox-title=\"gruppi-scolastici-jativa-8\" data-e-action-hash=\"#elementor-action%3Aaction%3Dlightbox%26settings%3DeyJpZCI6ODM5NjQsInVybCI6Imh0dHBzOlwvXC90bGNkZW5pYS5jb21cL3dwLWNvbnRlbnRcL3VwbG9hZHNcLzIwMjRcLzAyXC9ncnVwcGktc2NvbGFzdGljaS1qYXRpdmEtOC5qcGciLCJzbGlkZXNob3ciOiI5NTEzZDA5In0%3D\" href='https:\/\/tlcdenia.com\/wp-content\/uploads\/2024\/02\/gruppi-scolastici-jativa-8.jpg'><img loading=\"lazy\" decoding=\"async\" width=\"150\" height=\"150\" src=\"https:\/\/tlcdenia.com\/wp-content\/uploads\/2024\/02\/gruppi-scolastici-jativa-8-150x150.jpg\" class=\"attachment-thumbnail size-thumbnail\" alt=\"Studente che scatta una foto al castello di J\u00e1tiva, in Spagna\" \/><\/a>\n\t\t\t<\/div><\/figure><figure class='gallery-item'>\n\t\t\t<div class='gallery-icon landscape'>\n\t\t\t\t<a data-elementor-open-lightbox=\"yes\" data-elementor-lightbox-slideshow=\"9513d09\" data-elementor-lightbox-title=\"gruppi-scolastici-jativa-7\" data-e-action-hash=\"#elementor-action%3Aaction%3Dlightbox%26settings%3DeyJpZCI6ODM5NTYsInVybCI6Imh0dHBzOlwvXC90bGNkZW5pYS5jb21cL3dwLWNvbnRlbnRcL3VwbG9hZHNcLzIwMjRcLzAyXC9ncnVwcGktc2NvbGFzdGljaS1qYXRpdmEtNy5qcGciLCJzbGlkZXNob3ciOiI5NTEzZDA5In0%3D\" href='https:\/\/tlcdenia.com\/wp-content\/uploads\/2024\/02\/gruppi-scolastici-jativa-7.jpg'><img loading=\"lazy\" decoding=\"async\" width=\"150\" height=\"150\" src=\"https:\/\/tlcdenia.com\/wp-content\/uploads\/2024\/02\/gruppi-scolastici-jativa-7-150x150.jpg\" class=\"attachment-thumbnail size-thumbnail\" alt=\"Castello di J\u00e1tiva, in Spagna\" \/><\/a>\n\t\t\t<\/div><\/figure><figure class='gallery-item'>\n\t\t\t<div class='gallery-icon landscape'>\n\t\t\t\t<a data-elementor-open-lightbox=\"yes\" data-elementor-lightbox-slideshow=\"9513d09\" data-elementor-lightbox-title=\"gruppi-scolastici-jativa-6\" data-e-action-hash=\"#elementor-action%3Aaction%3Dlightbox%26settings%3DeyJpZCI6ODM5NDgsInVybCI6Imh0dHBzOlwvXC90bGNkZW5pYS5jb21cL3dwLWNvbnRlbnRcL3VwbG9hZHNcLzIwMjRcLzAyXC9ncnVwcGktc2NvbGFzdGljaS1qYXRpdmEtNi5qcGciLCJzbGlkZXNob3ciOiI5NTEzZDA5In0%3D\" href='https:\/\/tlcdenia.com\/wp-content\/uploads\/2024\/02\/gruppi-scolastici-jativa-6.jpg'><img loading=\"lazy\" decoding=\"async\" width=\"150\" height=\"150\" src=\"https:\/\/tlcdenia.com\/wp-content\/uploads\/2024\/02\/gruppi-scolastici-jativa-6-150x150.jpg\" class=\"attachment-thumbnail size-thumbnail\" alt=\"Chiesa di J\u00e1tiva, in Spagna\" \/><\/a>\n\t\t\t<\/div><\/figure><figure class='gallery-item'>\n\t\t\t<div class='gallery-icon landscape'>\n\t\t\t\t<a data-elementor-open-lightbox=\"yes\" data-elementor-lightbox-slideshow=\"9513d09\" data-elementor-lightbox-title=\"gruppi-scolastici-jativa-5\" data-e-action-hash=\"#elementor-action%3Aaction%3Dlightbox%26settings%3DeyJpZCI6ODM5NDAsInVybCI6Imh0dHBzOlwvXC90bGNkZW5pYS5jb21cL3dwLWNvbnRlbnRcL3VwbG9hZHNcLzIwMjRcLzAyXC9ncnVwcGktc2NvbGFzdGljaS1qYXRpdmEtNS5qcGciLCJzbGlkZXNob3ciOiI5NTEzZDA5In0%3D\" href='https:\/\/tlcdenia.com\/wp-content\/uploads\/2024\/02\/gruppi-scolastici-jativa-5.jpg'><img loading=\"lazy\" decoding=\"async\" width=\"150\" height=\"150\" src=\"https:\/\/tlcdenia.com\/wp-content\/uploads\/2024\/02\/gruppi-scolastici-jativa-5-150x150.jpg\" class=\"attachment-thumbnail size-thumbnail\" alt=\"Castello di J\u00e1tiva, in Spagna\" \/><\/a>\n\t\t\t<\/div><\/figure><figure class='gallery-item'>\n\t\t\t<div class='gallery-icon landscape'>\n\t\t\t\t<a data-elementor-open-lightbox=\"yes\" data-elementor-lightbox-slideshow=\"9513d09\" data-elementor-lightbox-title=\"gruppi-scolastici-jativa-4\" data-e-action-hash=\"#elementor-action%3Aaction%3Dlightbox%26settings%3DeyJpZCI6ODM5MzIsInVybCI6Imh0dHBzOlwvXC90bGNkZW5pYS5jb21cL3dwLWNvbnRlbnRcL3VwbG9hZHNcLzIwMjRcLzAyXC9ncnVwcGktc2NvbGFzdGljaS1qYXRpdmEtNC5qcGciLCJzbGlkZXNob3ciOiI5NTEzZDA5In0%3D\" href='https:\/\/tlcdenia.com\/wp-content\/uploads\/2024\/02\/gruppi-scolastici-jativa-4.jpg'><img loading=\"lazy\" decoding=\"async\" width=\"150\" height=\"150\" src=\"https:\/\/tlcdenia.com\/wp-content\/uploads\/2024\/02\/gruppi-scolastici-jativa-4-150x150.jpg\" class=\"attachment-thumbnail size-thumbnail\" alt=\"Monumento di J\u00e1tiva, in Spagna\" \/><\/a>\n\t\t\t<\/div><\/figure><figure class='gallery-item'>\n\t\t\t<div class='gallery-icon landscape'>\n\t\t\t\t<a data-elementor-open-lightbox=\"yes\" data-elementor-lightbox-slideshow=\"9513d09\" data-elementor-lightbox-title=\"gruppi-scolastici-jativa-3\" data-e-action-hash=\"#elementor-action%3Aaction%3Dlightbox%26settings%3DeyJpZCI6ODM5MjQsInVybCI6Imh0dHBzOlwvXC90bGNkZW5pYS5jb21cL3dwLWNvbnRlbnRcL3VwbG9hZHNcLzIwMjRcLzAyXC9ncnVwcGktc2NvbGFzdGljaS1qYXRpdmEtMy5qcGciLCJzbGlkZXNob3ciOiI5NTEzZDA5In0%3D\" href='https:\/\/tlcdenia.com\/wp-content\/uploads\/2024\/02\/gruppi-scolastici-jativa-3.jpg'><img loading=\"lazy\" decoding=\"async\" width=\"150\" height=\"150\" src=\"https:\/\/tlcdenia.com\/wp-content\/uploads\/2024\/02\/gruppi-scolastici-jativa-3-150x150.jpg\" class=\"attachment-thumbnail size-thumbnail\" alt=\"Chiesa di J\u00e1tiva, in Spagna\" \/><\/a>\n\t\t\t<\/div><\/figure><figure class='gallery-item'>\n\t\t\t<div class='gallery-icon landscape'>\n\t\t\t\t<a data-elementor-open-lightbox=\"yes\" data-elementor-lightbox-slideshow=\"9513d09\" data-elementor-lightbox-title=\"gruppi-scolastici-jativa-2\" data-e-action-hash=\"#elementor-action%3Aaction%3Dlightbox%26settings%3DeyJpZCI6ODM5MTYsInVybCI6Imh0dHBzOlwvXC90bGNkZW5pYS5jb21cL3dwLWNvbnRlbnRcL3VwbG9hZHNcLzIwMjRcLzAyXC9ncnVwcGktc2NvbGFzdGljaS1qYXRpdmEtMi5qcGciLCJzbGlkZXNob3ciOiI5NTEzZDA5In0%3D\" href='https:\/\/tlcdenia.com\/wp-content\/uploads\/2024\/02\/gruppi-scolastici-jativa-2.jpg'><img loading=\"lazy\" decoding=\"async\" width=\"150\" height=\"150\" src=\"https:\/\/tlcdenia.com\/wp-content\/uploads\/2024\/02\/gruppi-scolastici-jativa-2-150x150.jpg\" class=\"attachment-thumbnail size-thumbnail\" alt=\"Castello di J\u00e1tiva, in Spagna\" \/><\/a>\n\t\t\t<\/div><\/figure>\n\t\t<\/div>\n\t\t<\/div>\n\t\t\t\t\t\t<\/div>\n\t\t\t\t<\/div>\n\t\t\t\t\t<\/div>\n\t\t<\/div>\n\t\t\t\t\t<\/div>\n\t\t<\/section>\n\t\t\t\t<\/div>\n\t\t","protected":false},"excerpt":{"rendered":"<p>J\u00e1tiva \u00e8 una citt\u00e0 spagnola con una grande eredit\u00e0 storica. Visitare J\u00e1tiva \u00e8 un&#8217;escursione perfetta per gli studenti dei gruppi scolastici in Spagna per conoscere la storia e la cultura spagnola. J\u00e1tiva \u00e8 orgogliosa di essere la citt\u00e0 natale della &hellip; <\/p>\n","protected":false},"author":4,"featured_media":83980,"parent":0,"menu_order":0,"comment_status":"closed","ping_status":"closed","template":"page-templates\/page-spanishcourses.php","meta":{"_acf_changed":false,"footnotes":""},"class_list":["post-83913","page","type-page","status-publish","has-post-thumbnail","hentry"],"acf":[],"yoast_head":"<!-- This site is optimized with the Yoast SEO plugin v26.9 - https:\/\/yoast.com\/product\/yoast-seo-wordpress\/ -->\n<title>Gruppi scolastici in Spagna: Escursione a J\u00e1tiva<\/title>\n<meta name=\"description\" content=\"I gruppi scolastici che imparano lo spagnolo con noi a Denia, in Spagna, hanno l&#039;opzione di visitare la citt\u00e0 storica di J\u00e1tiva.\" \/>\n<meta name=\"robots\" content=\"index, follow, max-snippet:-1, max-image-preview:large, max-video-preview:-1\" \/>\n<link rel=\"canonical\" href=\"https:\/\/tlcdenia.com\/it\/gruppi-scolastici-jativa-spagna\/\" \/>\n<meta property=\"og:locale\" content=\"it_IT\" \/>\n<meta property=\"og:type\" content=\"article\" \/>\n<meta property=\"og:title\" content=\"Gruppi scolastici in Spagna: Escursione a J\u00e1tiva\" \/>\n<meta property=\"og:description\" content=\"I gruppi scolastici che imparano lo spagnolo con noi a Denia, in Spagna, hanno l&#039;opzione di visitare la citt\u00e0 storica di J\u00e1tiva.\" \/>\n<meta property=\"og:url\" content=\"https:\/\/tlcdenia.com\/it\/gruppi-scolastici-jativa-spagna\/\" \/>\n<meta property=\"og:site_name\" content=\"Scuola TLCd\u00e9nia - Sito ufficiale\" \/>\n<meta property=\"article:modified_time\" content=\"2024-02-14T15:29:12+00:00\" \/>\n<meta property=\"og:image\" content=\"https:\/\/tlcdenia.com\/wp-content\/uploads\/2024\/02\/gruppi-scolastici-jativa-1.jpg\" \/>\n\t<meta property=\"og:image:width\" content=\"900\" \/>\n\t<meta property=\"og:image:height\" content=\"600\" \/>\n\t<meta property=\"og:image:type\" content=\"image\/jpeg\" \/>\n<meta name=\"twitter:card\" content=\"summary_large_image\" \/>\n<meta name=\"twitter:label1\" content=\"Tempo di lettura stimato\" \/>\n\t<meta name=\"twitter:data1\" content=\"3 minuti\" \/>\n<script type=\"application\/ld+json\" class=\"yoast-schema-graph\">{\"@context\":\"https:\/\/schema.org\",\"@graph\":[{\"@type\":\"WebPage\",\"@id\":\"https:\/\/tlcdenia.com\/it\/gruppi-scolastici-jativa-spagna\/\",\"url\":\"https:\/\/tlcdenia.com\/it\/gruppi-scolastici-jativa-spagna\/\",\"name\":\"Gruppi scolastici in Spagna: Escursione a J\u00e1tiva\",\"isPartOf\":{\"@id\":\"https:\/\/tlcdenia.com\/it\/#website\"},\"primaryImageOfPage\":{\"@id\":\"https:\/\/tlcdenia.com\/it\/gruppi-scolastici-jativa-spagna\/#primaryimage\"},\"image\":{\"@id\":\"https:\/\/tlcdenia.com\/it\/gruppi-scolastici-jativa-spagna\/#primaryimage\"},\"thumbnailUrl\":\"https:\/\/tlcdenia.com\/wp-content\/uploads\/2024\/02\/gruppi-scolastici-jativa-1.jpg\",\"datePublished\":\"2024-02-13T15:44:32+00:00\",\"dateModified\":\"2024-02-14T15:29:12+00:00\",\"description\":\"I gruppi scolastici che imparano lo spagnolo con noi a Denia, in Spagna, hanno l'opzione di visitare la citt\u00e0 storica di J\u00e1tiva.\",\"breadcrumb\":{\"@id\":\"https:\/\/tlcdenia.com\/it\/gruppi-scolastici-jativa-spagna\/#breadcrumb\"},\"inLanguage\":\"it-IT\",\"potentialAction\":[{\"@type\":\"ReadAction\",\"target\":[\"https:\/\/tlcdenia.com\/it\/gruppi-scolastici-jativa-spagna\/\"]}]},{\"@type\":\"ImageObject\",\"inLanguage\":\"it-IT\",\"@id\":\"https:\/\/tlcdenia.com\/it\/gruppi-scolastici-jativa-spagna\/#primaryimage\",\"url\":\"https:\/\/tlcdenia.com\/wp-content\/uploads\/2024\/02\/gruppi-scolastici-jativa-1.jpg\",\"contentUrl\":\"https:\/\/tlcdenia.com\/wp-content\/uploads\/2024\/02\/gruppi-scolastici-jativa-1.jpg\",\"width\":900,\"height\":600,\"caption\":\"Castello di J\u00e1tiva, in Spagna\"},{\"@type\":\"BreadcrumbList\",\"@id\":\"https:\/\/tlcdenia.com\/it\/gruppi-scolastici-jativa-spagna\/#breadcrumb\",\"itemListElement\":[{\"@type\":\"ListItem\",\"position\":1,\"name\":\"Home\",\"item\":\"https:\/\/tlcdenia.com\/it\/\"},{\"@type\":\"ListItem\",\"position\":2,\"name\":\"Gita scolastica a J\u00e1tiva per gruppi\"}]},{\"@type\":\"WebSite\",\"@id\":\"https:\/\/tlcdenia.com\/it\/#website\",\"url\":\"https:\/\/tlcdenia.com\/it\/\",\"name\":\"Scuola TLCd\u00e9nia - Sito ufficiale\",\"description\":\"Languages Center\",\"potentialAction\":[{\"@type\":\"SearchAction\",\"target\":{\"@type\":\"EntryPoint\",\"urlTemplate\":\"https:\/\/tlcdenia.com\/it\/?s={search_term_string}\"},\"query-input\":{\"@type\":\"PropertyValueSpecification\",\"valueRequired\":true,\"valueName\":\"search_term_string\"}}],\"inLanguage\":\"it-IT\"}]}<\/script>\n<!-- \/ Yoast SEO plugin. -->","yoast_head_json":{"title":"Gruppi scolastici in Spagna: Escursione a J\u00e1tiva","description":"I gruppi scolastici che imparano lo spagnolo con noi a Denia, in Spagna, hanno l'opzione di visitare la citt\u00e0 storica di J\u00e1tiva.","robots":{"index":"index","follow":"follow","max-snippet":"max-snippet:-1","max-image-preview":"max-image-preview:large","max-video-preview":"max-video-preview:-1"},"canonical":"https:\/\/tlcdenia.com\/it\/gruppi-scolastici-jativa-spagna\/","og_locale":"it_IT","og_type":"article","og_title":"Gruppi scolastici in Spagna: Escursione a J\u00e1tiva","og_description":"I gruppi scolastici che imparano lo spagnolo con noi a Denia, in Spagna, hanno l'opzione di visitare la citt\u00e0 storica di J\u00e1tiva.","og_url":"https:\/\/tlcdenia.com\/it\/gruppi-scolastici-jativa-spagna\/","og_site_name":"Scuola TLCd\u00e9nia - Sito ufficiale","article_modified_time":"2024-02-14T15:29:12+00:00","og_image":[{"width":900,"height":600,"url":"https:\/\/tlcdenia.com\/wp-content\/uploads\/2024\/02\/gruppi-scolastici-jativa-1.jpg","type":"image\/jpeg"}],"twitter_card":"summary_large_image","twitter_misc":{"Tempo di lettura stimato":"3 minuti"},"schema":{"@context":"https:\/\/schema.org","@graph":[{"@type":"WebPage","@id":"https:\/\/tlcdenia.com\/it\/gruppi-scolastici-jativa-spagna\/","url":"https:\/\/tlcdenia.com\/it\/gruppi-scolastici-jativa-spagna\/","name":"Gruppi scolastici in Spagna: Escursione a J\u00e1tiva","isPartOf":{"@id":"https:\/\/tlcdenia.com\/it\/#website"},"primaryImageOfPage":{"@id":"https:\/\/tlcdenia.com\/it\/gruppi-scolastici-jativa-spagna\/#primaryimage"},"image":{"@id":"https:\/\/tlcdenia.com\/it\/gruppi-scolastici-jativa-spagna\/#primaryimage"},"thumbnailUrl":"https:\/\/tlcdenia.com\/wp-content\/uploads\/2024\/02\/gruppi-scolastici-jativa-1.jpg","datePublished":"2024-02-13T15:44:32+00:00","dateModified":"2024-02-14T15:29:12+00:00","description":"I gruppi scolastici che imparano lo spagnolo con noi a Denia, in Spagna, hanno l'opzione di visitare la citt\u00e0 storica di J\u00e1tiva.","breadcrumb":{"@id":"https:\/\/tlcdenia.com\/it\/gruppi-scolastici-jativa-spagna\/#breadcrumb"},"inLanguage":"it-IT","potentialAction":[{"@type":"ReadAction","target":["https:\/\/tlcdenia.com\/it\/gruppi-scolastici-jativa-spagna\/"]}]},{"@type":"ImageObject","inLanguage":"it-IT","@id":"https:\/\/tlcdenia.com\/it\/gruppi-scolastici-jativa-spagna\/#primaryimage","url":"https:\/\/tlcdenia.com\/wp-content\/uploads\/2024\/02\/gruppi-scolastici-jativa-1.jpg","contentUrl":"https:\/\/tlcdenia.com\/wp-content\/uploads\/2024\/02\/gruppi-scolastici-jativa-1.jpg","width":900,"height":600,"caption":"Castello di J\u00e1tiva, in Spagna"},{"@type":"BreadcrumbList","@id":"https:\/\/tlcdenia.com\/it\/gruppi-scolastici-jativa-spagna\/#breadcrumb","itemListElement":[{"@type":"ListItem","position":1,"name":"Home","item":"https:\/\/tlcdenia.com\/it\/"},{"@type":"ListItem","position":2,"name":"Gita scolastica a J\u00e1tiva per gruppi"}]},{"@type":"WebSite","@id":"https:\/\/tlcdenia.com\/it\/#website","url":"https:\/\/tlcdenia.com\/it\/","name":"Scuola TLCd\u00e9nia - Sito ufficiale","description":"Languages Center","potentialAction":[{"@type":"SearchAction","target":{"@type":"EntryPoint","urlTemplate":"https:\/\/tlcdenia.com\/it\/?s={search_term_string}"},"query-input":{"@type":"PropertyValueSpecification","valueRequired":true,"valueName":"search_term_string"}}],"inLanguage":"it-IT"}]}},"_links":{"self":[{"href":"https:\/\/tlcdenia.com\/it\/wp-json\/wp\/v2\/pages\/83913","targetHints":{"allow":["GET"]}}],"collection":[{"href":"https:\/\/tlcdenia.com\/it\/wp-json\/wp\/v2\/pages"}],"about":[{"href":"https:\/\/tlcdenia.com\/it\/wp-json\/wp\/v2\/types\/page"}],"author":[{"embeddable":true,"href":"https:\/\/tlcdenia.com\/it\/wp-json\/wp\/v2\/users\/4"}],"replies":[{"embeddable":true,"href":"https:\/\/tlcdenia.com\/it\/wp-json\/wp\/v2\/comments?post=83913"}],"version-history":[{"count":7,"href":"https:\/\/tlcdenia.com\/it\/wp-json\/wp\/v2\/pages\/83913\/revisions"}],"predecessor-version":[{"id":84123,"href":"https:\/\/tlcdenia.com\/it\/wp-json\/wp\/v2\/pages\/83913\/revisions\/84123"}],"wp:featuredmedia":[{"embeddable":true,"href":"https:\/\/tlcdenia.com\/it\/wp-json\/wp\/v2\/media\/83980"}],"wp:attachment":[{"href":"https:\/\/tlcdenia.com\/it\/wp-json\/wp\/v2\/media?parent=83913"}],"curies":[{"name":"wp","href":"https:\/\/api.w.org\/{rel}","templated":true}]}}