{"id":82352,"date":"2024-02-08T15:05:34","date_gmt":"2024-02-08T15:05:34","guid":{"rendered":"https:\/\/tlcdenia.com\/excursion-to-fonts-de-lalgar-for-school-groups\/"},"modified":"2024-02-08T15:28:58","modified_gmt":"2024-02-08T15:28:58","slug":"excursion-fonts-de-l-algar-groupes-scolaires","status":"publish","type":"page","link":"https:\/\/tlcdenia.com\/fr\/excursion-fonts-de-l-algar-groupes-scolaires\/","title":{"rendered":"Excursion to Fonts de l&rsquo;Algar for school groups"},"content":{"rendered":"\t\t<div data-elementor-type=\"wp-page\" data-elementor-id=\"82352\" class=\"elementor elementor-82352 elementor-80187\" data-elementor-post-type=\"page\">\n\t\t\t\t<div class=\"elementor-element elementor-element-8436966 e-flex e-con-boxed e-con e-parent\" data-id=\"8436966\" data-element_type=\"container\" data-e-type=\"container\">\n\t\t\t\t\t<div class=\"e-con-inner\">\n\t\t\t\t<div class=\"elementor-element elementor-element-43c8a27 elementor-widget elementor-widget-image\" data-id=\"43c8a27\" data-element_type=\"widget\" data-e-type=\"widget\" data-widget_type=\"image.default\">\n\t\t\t\t<div class=\"elementor-widget-container\">\n\t\t\t\t\t\t\t\t\t\t\t\t\t\t\t<img fetchpriority=\"high\" decoding=\"async\" width=\"900\" height=\"600\" src=\"https:\/\/tlcdenia.com\/wp-content\/uploads\/2024\/02\/voyage-scolaire-fonts-8.jpg\" class=\"attachment-full size-full wp-image-82394\" alt=\"Groupe de voyage scolaire \u00e0 Fonts de l&#039;Algar, en Espagne\" srcset=\"https:\/\/tlcdenia.com\/wp-content\/uploads\/2024\/02\/voyage-scolaire-fonts-8.jpg 900w, https:\/\/tlcdenia.com\/wp-content\/uploads\/2024\/02\/voyage-scolaire-fonts-8-300x200.jpg 300w, https:\/\/tlcdenia.com\/wp-content\/uploads\/2024\/02\/voyage-scolaire-fonts-8-768x512.jpg 768w, https:\/\/tlcdenia.com\/wp-content\/uploads\/2024\/02\/voyage-scolaire-fonts-8-600x400.jpg 600w\" sizes=\"(max-width: 900px) 100vw, 900px\" \/>\t\t\t\t\t\t\t\t\t\t\t\t\t\t\t<\/div>\n\t\t\t\t<\/div>\n\t\t\t\t\t<\/div>\n\t\t\t\t<\/div>\n\t\t<div class=\"elementor-element elementor-element-df917e9 e-flex e-con-boxed e-con e-parent\" data-id=\"df917e9\" data-element_type=\"container\" data-e-type=\"container\">\n\t\t\t\t\t<div class=\"e-con-inner\">\n\t\t\t\t<div class=\"elementor-element elementor-element-4c80eac elementor-widget elementor-widget-text-editor\" data-id=\"4c80eac\" data-element_type=\"widget\" data-e-type=\"widget\" data-widget_type=\"text-editor.default\">\n\t\t\t\t<div class=\"elementor-widget-container\">\n\t\t\t\t\t\t\t\t\t<p>Nous organisons pour nos \u00e9tudiants une <strong>excursion aux Fonts de l&rsquo;Algar<\/strong>, un paradis aquatique situ\u00e9 \u00e0 l&rsquo;int\u00e9rieur de la province d&rsquo;Alicante.<\/p><p>Au cours de cette excursion, ils auront l&rsquo;opportunit\u00e9 d&rsquo;explorer et de profiter des <strong>impressionnantes cascades et des piscines naturelles<\/strong> des Fonts de l&rsquo;Algar. L&rsquo;eau cristalline et fra\u00eeche est parfaite pour une baignade rafra\u00eechissante lors des chaudes journ\u00e9es d&rsquo;\u00e9t\u00e9. Les \u00e9tudiants plongeront dans les piscines cristallines et se d\u00e9tendront en admirant le beau paysage qui les entoure.<\/p>\t\t\t\t\t\t\t\t<\/div>\n\t\t\t\t<\/div>\n\t\t\t\t\t<\/div>\n\t\t\t\t<\/div>\n\t\t<div class=\"elementor-element elementor-element-dd913b0 e-flex e-con-boxed e-con e-parent\" data-id=\"dd913b0\" data-element_type=\"container\" data-e-type=\"container\">\n\t\t\t\t\t<div class=\"e-con-inner\">\n\t\t\t\t<div class=\"elementor-element elementor-element-481528f elementor-widget elementor-widget-image\" data-id=\"481528f\" data-element_type=\"widget\" data-e-type=\"widget\" data-widget_type=\"image.default\">\n\t\t\t\t<div class=\"elementor-widget-container\">\n\t\t\t\t\t\t\t\t\t\t\t\t\t\t\t<img decoding=\"async\" width=\"900\" height=\"600\" src=\"https:\/\/tlcdenia.com\/wp-content\/uploads\/2024\/02\/voyage-scolaire-fonts.jpg\" class=\"attachment-full size-full wp-image-82434\" alt=\"Des \u00e9tudiants sautent \u00e0 l&#039;eau aux Fonts de l&#039;Algar en Espagne\" srcset=\"https:\/\/tlcdenia.com\/wp-content\/uploads\/2024\/02\/voyage-scolaire-fonts.jpg 900w, https:\/\/tlcdenia.com\/wp-content\/uploads\/2024\/02\/voyage-scolaire-fonts-300x200.jpg 300w, https:\/\/tlcdenia.com\/wp-content\/uploads\/2024\/02\/voyage-scolaire-fonts-768x512.jpg 768w\" sizes=\"(max-width: 900px) 100vw, 900px\" \/>\t\t\t\t\t\t\t\t\t\t\t\t\t\t\t<\/div>\n\t\t\t\t<\/div>\n\t\t\t\t\t<\/div>\n\t\t\t\t<\/div>\n\t\t<div class=\"elementor-element elementor-element-f767ecd e-flex e-con-boxed e-con e-parent\" data-id=\"f767ecd\" data-element_type=\"container\" data-e-type=\"container\">\n\t\t\t\t\t<div class=\"e-con-inner\">\n\t\t\t\t<div class=\"elementor-element elementor-element-812fca9 elementor-widget elementor-widget-text-editor\" data-id=\"812fca9\" data-element_type=\"widget\" data-e-type=\"widget\" data-widget_type=\"text-editor.default\">\n\t\t\t\t<div class=\"elementor-widget-container\">\n\t\t\t\t\t\t\t\t\t<p>En plus de la baignade, ils pourront \u00e9galement explorer les sentiers naturels qui serpentent le long de la rivi\u00e8re Algar. Ils se prom\u00e8neront sur des chemins entour\u00e9s de v\u00e9g\u00e9tation exotique et d\u00e9couvriront la flore et la faune locales. C&rsquo;est un endroit <strong>id\u00e9al pour les amoureux de la nature et de la photographie<\/strong>, car chaque coin offre une opportunit\u00e9 unique de capturer des images impressionnantes.<\/p><p>Apr\u00e8s avoir explor\u00e9 et nag\u00e9, ils pourront d\u00e9guster un bon pique-nique au milieu de la nature.<\/p>\t\t\t\t\t\t\t\t<\/div>\n\t\t\t\t<\/div>\n\t\t\t\t\t<\/div>\n\t\t\t\t<\/div>\n\t\t<div class=\"elementor-element elementor-element-e6369b0 e-flex e-con-boxed e-con e-parent\" data-id=\"e6369b0\" data-element_type=\"container\" data-e-type=\"container\">\n\t\t\t\t\t<div class=\"e-con-inner\">\n\t\t\t\t<div class=\"elementor-element elementor-element-ec1d5d9 elementor-widget elementor-widget-image\" data-id=\"ec1d5d9\" data-element_type=\"widget\" data-e-type=\"widget\" data-widget_type=\"image.default\">\n\t\t\t\t<div class=\"elementor-widget-container\">\n\t\t\t\t\t\t\t\t\t\t\t\t\t\t\t<img decoding=\"async\" width=\"900\" height=\"600\" src=\"https:\/\/tlcdenia.com\/wp-content\/uploads\/2024\/02\/voyage-scolaire-fonts-6.jpg\" class=\"attachment-full size-full wp-image-82378\" alt=\"Fonts de l&#039;Algar en Espagne\" srcset=\"https:\/\/tlcdenia.com\/wp-content\/uploads\/2024\/02\/voyage-scolaire-fonts-6.jpg 900w, https:\/\/tlcdenia.com\/wp-content\/uploads\/2024\/02\/voyage-scolaire-fonts-6-300x200.jpg 300w, https:\/\/tlcdenia.com\/wp-content\/uploads\/2024\/02\/voyage-scolaire-fonts-6-768x512.jpg 768w\" sizes=\"(max-width: 900px) 100vw, 900px\" \/>\t\t\t\t\t\t\t\t\t\t\t\t\t\t\t<\/div>\n\t\t\t\t<\/div>\n\t\t\t\t\t<\/div>\n\t\t\t\t<\/div>\n\t\t<div class=\"elementor-element elementor-element-55231a6 e-flex e-con-boxed e-con e-parent\" data-id=\"55231a6\" data-element_type=\"container\" data-e-type=\"container\">\n\t\t\t\t\t<div class=\"e-con-inner\">\n\t\t\t\t<div class=\"elementor-element elementor-element-a1a9a43 elementor-widget elementor-widget-text-editor\" data-id=\"a1a9a43\" data-element_type=\"widget\" data-e-type=\"widget\" data-widget_type=\"text-editor.default\">\n\t\t\t\t<div class=\"elementor-widget-container\">\n\t\t\t\t\t\t\t\t\t<p>Les Fonts de l&rsquo;Algar sont un tr\u00e9sor naturel \u00e0 ne pas manquer. Avec ses impressionnantes cascades, ses piscines naturelles et ses sentiers, ils plongeront dans un environnement de s\u00e9r\u00e9nit\u00e9 et de beaut\u00e9.<\/p><p>Dans ce paradis aquatique, les \u00e9tudiants cr\u00e9eront des souvenirs inoubliables!<\/p>\t\t\t\t\t\t\t\t<\/div>\n\t\t\t\t<\/div>\n\t\t\t\t\t<\/div>\n\t\t\t\t<\/div>\n\t\t\t\t<section class=\"elementor-section elementor-top-section elementor-element elementor-element-892cffb elementor-section-boxed elementor-section-height-default elementor-section-height-default\" data-id=\"892cffb\" data-element_type=\"section\" data-e-type=\"section\" data-settings=\"{&quot;background_background&quot;:&quot;classic&quot;}\">\n\t\t\t\t\t\t<div class=\"elementor-container elementor-column-gap-default\">\n\t\t\t\t\t<div class=\"elementor-column elementor-col-100 elementor-top-column elementor-element elementor-element-437eca6\" data-id=\"437eca6\" data-element_type=\"column\" data-e-type=\"column\">\n\t\t\t<div class=\"elementor-widget-wrap elementor-element-populated\">\n\t\t\t\t\t\t<div class=\"elementor-element elementor-element-0eb8ad8 elementor-widget elementor-widget-heading\" data-id=\"0eb8ad8\" data-element_type=\"widget\" data-e-type=\"widget\" data-widget_type=\"heading.default\">\n\t\t\t\t<div class=\"elementor-widget-container\">\n\t\t\t\t\t<h3 class=\"elementor-heading-title elementor-size-default\">Excursion aux Fonts de l'Algar <\/h3>\t\t\t\t<\/div>\n\t\t\t\t<\/div>\n\t\t\t\t\t<\/div>\n\t\t<\/div>\n\t\t\t\t\t<\/div>\n\t\t<\/section>\n\t\t\t\t<section class=\"elementor-section elementor-top-section elementor-element elementor-element-92687a7 elementor-section-boxed elementor-section-height-default elementor-section-height-default\" data-id=\"92687a7\" data-element_type=\"section\" data-e-type=\"section\">\n\t\t\t\t\t\t<div class=\"elementor-container elementor-column-gap-default\">\n\t\t\t\t\t<div class=\"elementor-column elementor-col-100 elementor-top-column elementor-element elementor-element-f2ec6bb\" data-id=\"f2ec6bb\" data-element_type=\"column\" data-e-type=\"column\">\n\t\t\t<div class=\"elementor-widget-wrap elementor-element-populated\">\n\t\t\t\t\t\t<div class=\"elementor-element elementor-element-92f207e elementor-widget elementor-widget-image-gallery\" data-id=\"92f207e\" data-element_type=\"widget\" data-e-type=\"widget\" data-widget_type=\"image-gallery.default\">\n\t\t\t\t<div class=\"elementor-widget-container\">\n\t\t\t\t\t\t\t<div class=\"elementor-image-gallery\">\n\t\t\t<div id='gallery-1' class='gallery galleryid-82352 gallery-columns-4 gallery-size-thumbnail'><figure class='gallery-item'>\n\t\t\t<div class='gallery-icon landscape'>\n\t\t\t\t<a data-elementor-open-lightbox=\"yes\" data-elementor-lightbox-slideshow=\"92f207e\" data-elementor-lightbox-title=\"voyage-scolaire-fonts\" data-e-action-hash=\"#elementor-action%3Aaction%3Dlightbox%26settings%3DeyJpZCI6ODI0MzQsInVybCI6Imh0dHBzOlwvXC90bGNkZW5pYS5jb21cL3dwLWNvbnRlbnRcL3VwbG9hZHNcLzIwMjRcLzAyXC92b3lhZ2Utc2NvbGFpcmUtZm9udHMuanBnIiwic2xpZGVzaG93IjoiOTJmMjA3ZSJ9\" href='https:\/\/tlcdenia.com\/wp-content\/uploads\/2024\/02\/voyage-scolaire-fonts.jpg'><img loading=\"lazy\" decoding=\"async\" width=\"150\" height=\"150\" src=\"https:\/\/tlcdenia.com\/wp-content\/uploads\/2024\/02\/voyage-scolaire-fonts-150x150.jpg\" class=\"attachment-thumbnail size-thumbnail\" alt=\"Des \u00e9tudiants sautent \u00e0 l&#039;eau aux Fonts de l&#039;Algar en Espagne\" \/><\/a>\n\t\t\t<\/div><\/figure><figure class='gallery-item'>\n\t\t\t<div class='gallery-icon landscape'>\n\t\t\t\t<a data-elementor-open-lightbox=\"yes\" data-elementor-lightbox-slideshow=\"92f207e\" data-elementor-lightbox-title=\"voyage-scolaire-5\" data-e-action-hash=\"#elementor-action%3Aaction%3Dlightbox%26settings%3DeyJpZCI6ODI0MjYsInVybCI6Imh0dHBzOlwvXC90bGNkZW5pYS5jb21cL3dwLWNvbnRlbnRcL3VwbG9hZHNcLzIwMjRcLzAyXC92b3lhZ2Utc2NvbGFpcmUtNS5qcGciLCJzbGlkZXNob3ciOiI5MmYyMDdlIn0%3D\" href='https:\/\/tlcdenia.com\/wp-content\/uploads\/2024\/02\/voyage-scolaire-5.jpg'><img loading=\"lazy\" decoding=\"async\" width=\"150\" height=\"150\" src=\"https:\/\/tlcdenia.com\/wp-content\/uploads\/2024\/02\/voyage-scolaire-5-150x150.jpg\" class=\"attachment-thumbnail size-thumbnail\" alt=\"Groupe de voyage scolaire \u00e0 Fonts de l&#039;Algar, en Espagne\" \/><\/a>\n\t\t\t<\/div><\/figure><figure class='gallery-item'>\n\t\t\t<div class='gallery-icon landscape'>\n\t\t\t\t<a data-elementor-open-lightbox=\"yes\" data-elementor-lightbox-slideshow=\"92f207e\" data-elementor-lightbox-title=\"voyage-scolaire-fonts-10\" data-e-action-hash=\"#elementor-action%3Aaction%3Dlightbox%26settings%3DeyJpZCI6ODI0MTAsInVybCI6Imh0dHBzOlwvXC90bGNkZW5pYS5jb21cL3dwLWNvbnRlbnRcL3VwbG9hZHNcLzIwMjRcLzAyXC92b3lhZ2Utc2NvbGFpcmUtZm9udHMtMTAuanBnIiwic2xpZGVzaG93IjoiOTJmMjA3ZSJ9\" href='https:\/\/tlcdenia.com\/wp-content\/uploads\/2024\/02\/voyage-scolaire-fonts-10.jpg'><img loading=\"lazy\" decoding=\"async\" width=\"150\" height=\"150\" src=\"https:\/\/tlcdenia.com\/wp-content\/uploads\/2024\/02\/voyage-scolaire-fonts-10-150x150.jpg\" class=\"attachment-thumbnail size-thumbnail\" alt=\"\u00c9tudiants sous une cascade \u00e0 Fonts de l&#039;Algar en Espagne\" \/><\/a>\n\t\t\t<\/div><\/figure><figure class='gallery-item'>\n\t\t\t<div class='gallery-icon landscape'>\n\t\t\t\t<a data-elementor-open-lightbox=\"yes\" data-elementor-lightbox-slideshow=\"92f207e\" data-elementor-lightbox-title=\"voyage-scolaire-fonts-9\" data-e-action-hash=\"#elementor-action%3Aaction%3Dlightbox%26settings%3DeyJpZCI6ODI0MDIsInVybCI6Imh0dHBzOlwvXC90bGNkZW5pYS5jb21cL3dwLWNvbnRlbnRcL3VwbG9hZHNcLzIwMjRcLzAyXC92b3lhZ2Utc2NvbGFpcmUtZm9udHMtOS5qcGciLCJzbGlkZXNob3ciOiI5MmYyMDdlIn0%3D\" href='https:\/\/tlcdenia.com\/wp-content\/uploads\/2024\/02\/voyage-scolaire-fonts-9.jpg'><img loading=\"lazy\" decoding=\"async\" width=\"150\" height=\"150\" src=\"https:\/\/tlcdenia.com\/wp-content\/uploads\/2024\/02\/voyage-scolaire-fonts-9-150x150.jpg\" class=\"attachment-thumbnail size-thumbnail\" alt=\"\u00c9tudiants se baignant \u00e0 Fonts de l&#039;Algar en Espagne\" \/><\/a>\n\t\t\t<\/div><\/figure><figure class='gallery-item'>\n\t\t\t<div class='gallery-icon landscape'>\n\t\t\t\t<a data-elementor-open-lightbox=\"yes\" data-elementor-lightbox-slideshow=\"92f207e\" data-elementor-lightbox-title=\"voyage-scolaire-fonts-8\" data-e-action-hash=\"#elementor-action%3Aaction%3Dlightbox%26settings%3DeyJpZCI6ODIzOTQsInVybCI6Imh0dHBzOlwvXC90bGNkZW5pYS5jb21cL3dwLWNvbnRlbnRcL3VwbG9hZHNcLzIwMjRcLzAyXC92b3lhZ2Utc2NvbGFpcmUtZm9udHMtOC5qcGciLCJzbGlkZXNob3ciOiI5MmYyMDdlIn0%3D\" href='https:\/\/tlcdenia.com\/wp-content\/uploads\/2024\/02\/voyage-scolaire-fonts-8.jpg'><img loading=\"lazy\" decoding=\"async\" width=\"150\" height=\"150\" src=\"https:\/\/tlcdenia.com\/wp-content\/uploads\/2024\/02\/voyage-scolaire-fonts-8-150x150.jpg\" class=\"attachment-thumbnail size-thumbnail\" alt=\"Groupe de voyage scolaire \u00e0 Fonts de l&#039;Algar, en Espagne\" srcset=\"https:\/\/tlcdenia.com\/wp-content\/uploads\/2024\/02\/voyage-scolaire-fonts-8-150x150.jpg 150w, https:\/\/tlcdenia.com\/wp-content\/uploads\/2024\/02\/voyage-scolaire-fonts-8-600x600.jpg 600w\" sizes=\"(max-width: 150px) 100vw, 150px\" \/><\/a>\n\t\t\t<\/div><\/figure><figure class='gallery-item'>\n\t\t\t<div class='gallery-icon landscape'>\n\t\t\t\t<a data-elementor-open-lightbox=\"yes\" data-elementor-lightbox-slideshow=\"92f207e\" data-elementor-lightbox-title=\"voyage-scolaire-fonts-7\" data-e-action-hash=\"#elementor-action%3Aaction%3Dlightbox%26settings%3DeyJpZCI6ODIzODYsInVybCI6Imh0dHBzOlwvXC90bGNkZW5pYS5jb21cL3dwLWNvbnRlbnRcL3VwbG9hZHNcLzIwMjRcLzAyXC92b3lhZ2Utc2NvbGFpcmUtZm9udHMtNy5qcGciLCJzbGlkZXNob3ciOiI5MmYyMDdlIn0%3D\" href='https:\/\/tlcdenia.com\/wp-content\/uploads\/2024\/02\/voyage-scolaire-fonts-7.jpg'><img loading=\"lazy\" decoding=\"async\" width=\"150\" height=\"150\" src=\"https:\/\/tlcdenia.com\/wp-content\/uploads\/2024\/02\/voyage-scolaire-fonts-7-150x150.jpg\" class=\"attachment-thumbnail size-thumbnail\" alt=\"\" \/><\/a>\n\t\t\t<\/div><\/figure><figure class='gallery-item'>\n\t\t\t<div class='gallery-icon landscape'>\n\t\t\t\t<a data-elementor-open-lightbox=\"yes\" data-elementor-lightbox-slideshow=\"92f207e\" data-elementor-lightbox-title=\"voyage-scolaire-fonts-6\" data-e-action-hash=\"#elementor-action%3Aaction%3Dlightbox%26settings%3DeyJpZCI6ODIzNzgsInVybCI6Imh0dHBzOlwvXC90bGNkZW5pYS5jb21cL3dwLWNvbnRlbnRcL3VwbG9hZHNcLzIwMjRcLzAyXC92b3lhZ2Utc2NvbGFpcmUtZm9udHMtNi5qcGciLCJzbGlkZXNob3ciOiI5MmYyMDdlIn0%3D\" href='https:\/\/tlcdenia.com\/wp-content\/uploads\/2024\/02\/voyage-scolaire-fonts-6.jpg'><img loading=\"lazy\" decoding=\"async\" width=\"150\" height=\"150\" src=\"https:\/\/tlcdenia.com\/wp-content\/uploads\/2024\/02\/voyage-scolaire-fonts-6-150x150.jpg\" class=\"attachment-thumbnail size-thumbnail\" alt=\"Fonts de l&#039;Algar en Espagne\" \/><\/a>\n\t\t\t<\/div><\/figure><figure class='gallery-item'>\n\t\t\t<div class='gallery-icon landscape'>\n\t\t\t\t<a data-elementor-open-lightbox=\"yes\" data-elementor-lightbox-slideshow=\"92f207e\" data-elementor-lightbox-title=\"voyage-scolaire-fonts-4\" data-e-action-hash=\"#elementor-action%3Aaction%3Dlightbox%26settings%3DeyJpZCI6ODIzNzAsInVybCI6Imh0dHBzOlwvXC90bGNkZW5pYS5jb21cL3dwLWNvbnRlbnRcL3VwbG9hZHNcLzIwMjRcLzAyXC92b3lhZ2Utc2NvbGFpcmUtZm9udHMtNC5qcGciLCJzbGlkZXNob3ciOiI5MmYyMDdlIn0%3D\" href='https:\/\/tlcdenia.com\/wp-content\/uploads\/2024\/02\/voyage-scolaire-fonts-4.jpg'><img loading=\"lazy\" decoding=\"async\" width=\"150\" height=\"150\" src=\"https:\/\/tlcdenia.com\/wp-content\/uploads\/2024\/02\/voyage-scolaire-fonts-4-150x150.jpg\" class=\"attachment-thumbnail size-thumbnail\" alt=\"Fonts de l&#039;Algar en Espagne\" \/><\/a>\n\t\t\t<\/div><\/figure><figure class='gallery-item'>\n\t\t\t<div class='gallery-icon landscape'>\n\t\t\t\t<a data-elementor-open-lightbox=\"yes\" data-elementor-lightbox-slideshow=\"92f207e\" data-elementor-lightbox-title=\"voyage-scolaire-fonts-3\" data-e-action-hash=\"#elementor-action%3Aaction%3Dlightbox%26settings%3DeyJpZCI6ODIzNjIsInVybCI6Imh0dHBzOlwvXC90bGNkZW5pYS5jb21cL3dwLWNvbnRlbnRcL3VwbG9hZHNcLzIwMjRcLzAyXC92b3lhZ2Utc2NvbGFpcmUtZm9udHMtMy5qcGciLCJzbGlkZXNob3ciOiI5MmYyMDdlIn0%3D\" href='https:\/\/tlcdenia.com\/wp-content\/uploads\/2024\/02\/voyage-scolaire-fonts-3.jpg'><img loading=\"lazy\" decoding=\"async\" width=\"150\" height=\"150\" src=\"https:\/\/tlcdenia.com\/wp-content\/uploads\/2024\/02\/voyage-scolaire-fonts-3-150x150.jpg\" class=\"attachment-thumbnail size-thumbnail\" alt=\"\u00c9tudiants sous une cascade \u00e0 Fonts de l&#039;Algar en Espagne\" \/><\/a>\n\t\t\t<\/div><\/figure><figure class='gallery-item'>\n\t\t\t<div class='gallery-icon landscape'>\n\t\t\t\t<a data-elementor-open-lightbox=\"yes\" data-elementor-lightbox-slideshow=\"92f207e\" data-elementor-lightbox-title=\"voyage-scolaire-fonts-1\" data-e-action-hash=\"#elementor-action%3Aaction%3Dlightbox%26settings%3DeyJpZCI6ODIzNTQsInVybCI6Imh0dHBzOlwvXC90bGNkZW5pYS5jb21cL3dwLWNvbnRlbnRcL3VwbG9hZHNcLzIwMjRcLzAyXC92b3lhZ2Utc2NvbGFpcmUtZm9udHMtMS5qcGciLCJzbGlkZXNob3ciOiI5MmYyMDdlIn0%3D\" href='https:\/\/tlcdenia.com\/wp-content\/uploads\/2024\/02\/voyage-scolaire-fonts-1.jpg'><img loading=\"lazy\" decoding=\"async\" width=\"150\" height=\"150\" src=\"https:\/\/tlcdenia.com\/wp-content\/uploads\/2024\/02\/voyage-scolaire-fonts-1-150x150.jpg\" class=\"attachment-thumbnail size-thumbnail\" alt=\"Groupe de voyage scolaire \u00e0 Fonts de l&#039;Algar, en Espagne\" \/><\/a>\n\t\t\t<\/div><\/figure>\n\t\t<\/div>\n\t\t<\/div>\n\t\t\t\t\t\t<\/div>\n\t\t\t\t<\/div>\n\t\t\t\t\t<\/div>\n\t\t<\/div>\n\t\t\t\t\t<\/div>\n\t\t<\/section>\n\t\t\t\t<\/div>\n\t\t","protected":false},"excerpt":{"rendered":"<p>Nous organisons pour nos \u00e9tudiants une excursion aux Fonts de l&rsquo;Algar, un paradis aquatique situ\u00e9 \u00e0 l&rsquo;int\u00e9rieur de la province d&rsquo;Alicante. Au cours de cette excursion, ils auront l&rsquo;opportunit\u00e9 d&rsquo;explorer et de profiter des impressionnantes cascades et des piscines naturelles &hellip; <\/p>\n","protected":false},"author":4,"featured_media":82394,"parent":0,"menu_order":0,"comment_status":"closed","ping_status":"closed","template":"page-templates\/page-spanishcourses.php","meta":{"_acf_changed":false,"footnotes":""},"class_list":["post-82352","page","type-page","status-publish","has-post-thumbnail","hentry"],"acf":[],"yoast_head":"<!-- This site is optimized with the Yoast SEO plugin v26.9 - https:\/\/yoast.com\/product\/yoast-seo-wordpress\/ -->\n<title>Voyage scolaire en Espagne : Excursion aux Fonts de l&#039;Algar<\/title>\n<meta name=\"description\" content=\"Nous organisons pour nos groupes scolaires une excursion aux Fonts de l&#039;Algar, un paradis aquatique en Espagne\" \/>\n<meta name=\"robots\" content=\"index, follow, max-snippet:-1, max-image-preview:large, max-video-preview:-1\" \/>\n<link rel=\"canonical\" href=\"https:\/\/tlcdenia.com\/fr\/excursion-fonts-de-l-algar-groupes-scolaires\/\" \/>\n<meta property=\"og:locale\" content=\"fr_FR\" \/>\n<meta property=\"og:type\" content=\"article\" \/>\n<meta property=\"og:title\" content=\"Voyage scolaire en Espagne : Excursion aux Fonts de l&#039;Algar\" \/>\n<meta property=\"og:description\" content=\"Nous organisons pour nos groupes scolaires une excursion aux Fonts de l&#039;Algar, un paradis aquatique en Espagne\" \/>\n<meta property=\"og:url\" content=\"https:\/\/tlcdenia.com\/fr\/excursion-fonts-de-l-algar-groupes-scolaires\/\" \/>\n<meta property=\"og:site_name\" content=\"\u00c9cole TLCd\u00e9nia - Site officiel\" \/>\n<meta property=\"article:modified_time\" content=\"2024-02-08T15:28:58+00:00\" \/>\n<meta property=\"og:image\" content=\"https:\/\/tlcdenia.com\/wp-content\/uploads\/2024\/02\/voyage-scolaire-fonts-8.jpg\" \/>\n\t<meta property=\"og:image:width\" content=\"900\" \/>\n\t<meta property=\"og:image:height\" content=\"600\" \/>\n\t<meta property=\"og:image:type\" content=\"image\/jpeg\" \/>\n<meta name=\"twitter:card\" content=\"summary_large_image\" \/>\n<meta name=\"twitter:label1\" content=\"Dur\u00e9e de lecture estim\u00e9e\" \/>\n\t<meta name=\"twitter:data1\" content=\"2 minutes\" \/>\n<script type=\"application\/ld+json\" class=\"yoast-schema-graph\">{\"@context\":\"https:\/\/schema.org\",\"@graph\":[{\"@type\":\"WebPage\",\"@id\":\"https:\/\/tlcdenia.com\/fr\/excursion-fonts-de-l-algar-groupes-scolaires\/\",\"url\":\"https:\/\/tlcdenia.com\/fr\/excursion-fonts-de-l-algar-groupes-scolaires\/\",\"name\":\"Voyage scolaire en Espagne : Excursion aux Fonts de l'Algar\",\"isPartOf\":{\"@id\":\"https:\/\/tlcdenia.com\/fr\/#website\"},\"primaryImageOfPage\":{\"@id\":\"https:\/\/tlcdenia.com\/fr\/excursion-fonts-de-l-algar-groupes-scolaires\/#primaryimage\"},\"image\":{\"@id\":\"https:\/\/tlcdenia.com\/fr\/excursion-fonts-de-l-algar-groupes-scolaires\/#primaryimage\"},\"thumbnailUrl\":\"https:\/\/tlcdenia.com\/wp-content\/uploads\/2024\/02\/voyage-scolaire-fonts-8.jpg\",\"datePublished\":\"2024-02-08T15:05:34+00:00\",\"dateModified\":\"2024-02-08T15:28:58+00:00\",\"description\":\"Nous organisons pour nos groupes scolaires une excursion aux Fonts de l'Algar, un paradis aquatique en Espagne\",\"breadcrumb\":{\"@id\":\"https:\/\/tlcdenia.com\/fr\/excursion-fonts-de-l-algar-groupes-scolaires\/#breadcrumb\"},\"inLanguage\":\"fr-FR\",\"potentialAction\":[{\"@type\":\"ReadAction\",\"target\":[\"https:\/\/tlcdenia.com\/fr\/excursion-fonts-de-l-algar-groupes-scolaires\/\"]}]},{\"@type\":\"ImageObject\",\"inLanguage\":\"fr-FR\",\"@id\":\"https:\/\/tlcdenia.com\/fr\/excursion-fonts-de-l-algar-groupes-scolaires\/#primaryimage\",\"url\":\"https:\/\/tlcdenia.com\/wp-content\/uploads\/2024\/02\/voyage-scolaire-fonts-8.jpg\",\"contentUrl\":\"https:\/\/tlcdenia.com\/wp-content\/uploads\/2024\/02\/voyage-scolaire-fonts-8.jpg\",\"width\":900,\"height\":600,\"caption\":\"Groupe de voyage scolaire \u00e0 Fonts de l'Algar, en Espagne\"},{\"@type\":\"BreadcrumbList\",\"@id\":\"https:\/\/tlcdenia.com\/fr\/excursion-fonts-de-l-algar-groupes-scolaires\/#breadcrumb\",\"itemListElement\":[{\"@type\":\"ListItem\",\"position\":1,\"name\":\"Home\",\"item\":\"https:\/\/tlcdenia.com\/fr\/\"},{\"@type\":\"ListItem\",\"position\":2,\"name\":\"Excursion to Fonts de l&#8217;Algar for school groups\"}]},{\"@type\":\"WebSite\",\"@id\":\"https:\/\/tlcdenia.com\/fr\/#website\",\"url\":\"https:\/\/tlcdenia.com\/fr\/\",\"name\":\"\u00c9cole TLCd\u00e9nia - Site officiel\",\"description\":\"Languages Center\",\"potentialAction\":[{\"@type\":\"SearchAction\",\"target\":{\"@type\":\"EntryPoint\",\"urlTemplate\":\"https:\/\/tlcdenia.com\/fr\/?s={search_term_string}\"},\"query-input\":{\"@type\":\"PropertyValueSpecification\",\"valueRequired\":true,\"valueName\":\"search_term_string\"}}],\"inLanguage\":\"fr-FR\"}]}<\/script>\n<!-- \/ Yoast SEO plugin. -->","yoast_head_json":{"title":"Voyage scolaire en Espagne : Excursion aux Fonts de l'Algar","description":"Nous organisons pour nos groupes scolaires une excursion aux Fonts de l'Algar, un paradis aquatique en Espagne","robots":{"index":"index","follow":"follow","max-snippet":"max-snippet:-1","max-image-preview":"max-image-preview:large","max-video-preview":"max-video-preview:-1"},"canonical":"https:\/\/tlcdenia.com\/fr\/excursion-fonts-de-l-algar-groupes-scolaires\/","og_locale":"fr_FR","og_type":"article","og_title":"Voyage scolaire en Espagne : Excursion aux Fonts de l'Algar","og_description":"Nous organisons pour nos groupes scolaires une excursion aux Fonts de l'Algar, un paradis aquatique en Espagne","og_url":"https:\/\/tlcdenia.com\/fr\/excursion-fonts-de-l-algar-groupes-scolaires\/","og_site_name":"\u00c9cole TLCd\u00e9nia - Site officiel","article_modified_time":"2024-02-08T15:28:58+00:00","og_image":[{"width":900,"height":600,"url":"https:\/\/tlcdenia.com\/wp-content\/uploads\/2024\/02\/voyage-scolaire-fonts-8.jpg","type":"image\/jpeg"}],"twitter_card":"summary_large_image","twitter_misc":{"Dur\u00e9e de lecture estim\u00e9e":"2 minutes"},"schema":{"@context":"https:\/\/schema.org","@graph":[{"@type":"WebPage","@id":"https:\/\/tlcdenia.com\/fr\/excursion-fonts-de-l-algar-groupes-scolaires\/","url":"https:\/\/tlcdenia.com\/fr\/excursion-fonts-de-l-algar-groupes-scolaires\/","name":"Voyage scolaire en Espagne : Excursion aux Fonts de l'Algar","isPartOf":{"@id":"https:\/\/tlcdenia.com\/fr\/#website"},"primaryImageOfPage":{"@id":"https:\/\/tlcdenia.com\/fr\/excursion-fonts-de-l-algar-groupes-scolaires\/#primaryimage"},"image":{"@id":"https:\/\/tlcdenia.com\/fr\/excursion-fonts-de-l-algar-groupes-scolaires\/#primaryimage"},"thumbnailUrl":"https:\/\/tlcdenia.com\/wp-content\/uploads\/2024\/02\/voyage-scolaire-fonts-8.jpg","datePublished":"2024-02-08T15:05:34+00:00","dateModified":"2024-02-08T15:28:58+00:00","description":"Nous organisons pour nos groupes scolaires une excursion aux Fonts de l'Algar, un paradis aquatique en Espagne","breadcrumb":{"@id":"https:\/\/tlcdenia.com\/fr\/excursion-fonts-de-l-algar-groupes-scolaires\/#breadcrumb"},"inLanguage":"fr-FR","potentialAction":[{"@type":"ReadAction","target":["https:\/\/tlcdenia.com\/fr\/excursion-fonts-de-l-algar-groupes-scolaires\/"]}]},{"@type":"ImageObject","inLanguage":"fr-FR","@id":"https:\/\/tlcdenia.com\/fr\/excursion-fonts-de-l-algar-groupes-scolaires\/#primaryimage","url":"https:\/\/tlcdenia.com\/wp-content\/uploads\/2024\/02\/voyage-scolaire-fonts-8.jpg","contentUrl":"https:\/\/tlcdenia.com\/wp-content\/uploads\/2024\/02\/voyage-scolaire-fonts-8.jpg","width":900,"height":600,"caption":"Groupe de voyage scolaire \u00e0 Fonts de l'Algar, en Espagne"},{"@type":"BreadcrumbList","@id":"https:\/\/tlcdenia.com\/fr\/excursion-fonts-de-l-algar-groupes-scolaires\/#breadcrumb","itemListElement":[{"@type":"ListItem","position":1,"name":"Home","item":"https:\/\/tlcdenia.com\/fr\/"},{"@type":"ListItem","position":2,"name":"Excursion to Fonts de l&#8217;Algar for school groups"}]},{"@type":"WebSite","@id":"https:\/\/tlcdenia.com\/fr\/#website","url":"https:\/\/tlcdenia.com\/fr\/","name":"\u00c9cole TLCd\u00e9nia - Site officiel","description":"Languages Center","potentialAction":[{"@type":"SearchAction","target":{"@type":"EntryPoint","urlTemplate":"https:\/\/tlcdenia.com\/fr\/?s={search_term_string}"},"query-input":{"@type":"PropertyValueSpecification","valueRequired":true,"valueName":"search_term_string"}}],"inLanguage":"fr-FR"}]}},"_links":{"self":[{"href":"https:\/\/tlcdenia.com\/fr\/wp-json\/wp\/v2\/pages\/82352","targetHints":{"allow":["GET"]}}],"collection":[{"href":"https:\/\/tlcdenia.com\/fr\/wp-json\/wp\/v2\/pages"}],"about":[{"href":"https:\/\/tlcdenia.com\/fr\/wp-json\/wp\/v2\/types\/page"}],"author":[{"embeddable":true,"href":"https:\/\/tlcdenia.com\/fr\/wp-json\/wp\/v2\/users\/4"}],"replies":[{"embeddable":true,"href":"https:\/\/tlcdenia.com\/fr\/wp-json\/wp\/v2\/comments?post=82352"}],"version-history":[{"count":4,"href":"https:\/\/tlcdenia.com\/fr\/wp-json\/wp\/v2\/pages\/82352\/revisions"}],"predecessor-version":[{"id":82444,"href":"https:\/\/tlcdenia.com\/fr\/wp-json\/wp\/v2\/pages\/82352\/revisions\/82444"}],"wp:featuredmedia":[{"embeddable":true,"href":"https:\/\/tlcdenia.com\/fr\/wp-json\/wp\/v2\/media\/82394"}],"wp:attachment":[{"href":"https:\/\/tlcdenia.com\/fr\/wp-json\/wp\/v2\/media?parent=82352"}],"curies":[{"name":"wp","href":"https:\/\/api.w.org\/{rel}","templated":true}]}}