{"id":17342,"date":"2020-07-02T08:57:35","date_gmt":"2020-07-02T08:57:35","guid":{"rendered":"https:\/\/tlcdenia.xyz\/?page_id=17342"},"modified":"2024-11-14T14:49:26","modified_gmt":"2024-11-14T14:49:26","slug":"faqs","status":"publish","type":"page","link":"https:\/\/tlcdenia.com\/fr\/faqs\/","title":{"rendered":"FAQs"},"content":{"rendered":"\t\t<div data-elementor-type=\"wp-post\" data-elementor-id=\"17342\" class=\"elementor elementor-17342 elementor-91\" data-elementor-post-type=\"page\">\n\t\t\t\t\t\t<section class=\"elementor-section elementor-top-section elementor-element elementor-element-7963f18 elementor-section-boxed elementor-section-height-default elementor-section-height-default\" data-id=\"7963f18\" data-element_type=\"section\" data-e-type=\"section\">\n\t\t\t\t\t\t<div class=\"elementor-container elementor-column-gap-default\">\n\t\t\t\t\t<div class=\"elementor-column elementor-col-100 elementor-top-column elementor-element elementor-element-ae0a05e\" data-id=\"ae0a05e\" data-element_type=\"column\" data-e-type=\"column\">\n\t\t\t<div class=\"elementor-widget-wrap elementor-element-populated\">\n\t\t\t\t\t\t<div class=\"elementor-element elementor-element-3ac7b3d elementor-widget elementor-widget-heading\" data-id=\"3ac7b3d\" data-element_type=\"widget\" data-e-type=\"widget\" data-widget_type=\"heading.default\">\n\t\t\t\t<div class=\"elementor-widget-container\">\n\t\t\t\t\t<h3 class=\"elementor-heading-title elementor-size-default\">R\u00c9PONSES \u00c0 TOUTES VOS QUESTIONS <\/h3>\t\t\t\t<\/div>\n\t\t\t\t<\/div>\n\t\t\t\t\t<\/div>\n\t\t<\/div>\n\t\t\t\t\t<\/div>\n\t\t<\/section>\n\t\t\t\t<section class=\"elementor-section elementor-top-section elementor-element elementor-element-0e790b6 elementor-section-boxed elementor-section-height-default elementor-section-height-default\" data-id=\"0e790b6\" data-element_type=\"section\" data-e-type=\"section\">\n\t\t\t\t\t\t<div class=\"elementor-container elementor-column-gap-default\">\n\t\t\t\t\t<div class=\"elementor-column elementor-col-50 elementor-top-column elementor-element elementor-element-d7acb4a\" data-id=\"d7acb4a\" data-element_type=\"column\" data-e-type=\"column\">\n\t\t\t<div class=\"elementor-widget-wrap elementor-element-populated\">\n\t\t\t\t\t\t<div class=\"elementor-element elementor-element-6ab9a01 elementor-view-default elementor-widget elementor-widget-icon\" data-id=\"6ab9a01\" data-element_type=\"widget\" data-e-type=\"widget\" data-widget_type=\"icon.default\">\n\t\t\t\t<div class=\"elementor-widget-container\">\n\t\t\t\t\t\t\t<div class=\"elementor-icon-wrapper\">\n\t\t\t<div class=\"elementor-icon\">\n\t\t\t<svg aria-hidden=\"true\" class=\"e-font-icon-svg e-fas-book\" viewBox=\"0 0 448 512\" xmlns=\"http:\/\/www.w3.org\/2000\/svg\"><path d=\"M448 360V24c0-13.3-10.7-24-24-24H96C43 0 0 43 0 96v320c0 53 43 96 96 96h328c13.3 0 24-10.7 24-24v-16c0-7.5-3.5-14.3-8.9-18.7-4.2-15.4-4.2-59.3 0-74.7 5.4-4.3 8.9-11.1 8.9-18.6zM128 134c0-3.3 2.7-6 6-6h212c3.3 0 6 2.7 6 6v20c0 3.3-2.7 6-6 6H134c-3.3 0-6-2.7-6-6v-20zm0 64c0-3.3 2.7-6 6-6h212c3.3 0 6 2.7 6 6v20c0 3.3-2.7 6-6 6H134c-3.3 0-6-2.7-6-6v-20zm253.4 250H96c-17.7 0-32-14.3-32-32 0-17.6 14.4-32 32-32h285.4c-1.9 17.1-1.9 46.9 0 64z\"><\/path><\/svg>\t\t\t<\/div>\n\t\t<\/div>\n\t\t\t\t\t\t<\/div>\n\t\t\t\t<\/div>\n\t\t\t\t<div class=\"elementor-element elementor-element-99fc03f elementor-widget elementor-widget-thim-accordion\" data-id=\"99fc03f\" data-element_type=\"widget\" data-e-type=\"widget\" data-widget_type=\"thim-accordion.default\">\n\t\t\t\t<div class=\"elementor-widget-container\">\n\t\t\t\t\t<div class=\"thim-widget-accordion\"><h3 class=\"widget-title\">\u00c0 PROPOS DE NOS COURS <\/h3><div id=\"accordion_99fc03f\" class=\"panel-group\" role=\"tablist\" aria-multiselectable=\"true\">\n\t\t\t<div class=\"panel panel-default\">\n\t\t\t\t<div class=\"panel-heading\" role=\"tab\"\n\t\t\t\t\t id=\"heading_accordion_99fc03f_0\">\n\t\t\t\t\t<h4 class=\"panel-title\">\n\t\t\t\t\t\t<a role=\"button\" class=\"collapsed\" data-toggle=\"collapse\"\n\t\t\t\t\t\t   data-parent=\"#accordion_99fc03f\"\n\t\t\t\t\t\t   href=\"#collapse_accordion_99fc03f_0\" aria-expanded=\"false\"\n\t\t\t\t\t\t   aria-controls=\"collapse_accordion_99fc03f_0\">\n\t\t\t\t\t\t\tQUAND PUIS-JE COMMENCER MES COURS?\t\t\t\t\t\t<\/a>\n\t\t\t\t\t<\/h4>\n\t\t\t\t<\/div>\n\t\t\t\t<div id=\"collapse_accordion_99fc03f_0\"\n\t\t\t\t\t class=\"panel-collapse collapse\"\n\t\t\t\t\t role=\"tabpanel\" aria-labelledby=\"heading_accordion_99fc03f_0\">\n\t\t\t\t\t<div class=\"panel-body\">\n\t\t\t\t\t\t<p>Vous pouvez commencer n'importe quel lundi si vous avez d\u00e9j\u00e0 une certaine connaissance de l'espagnol.<br \/>\nSeuls les d\u00e9butants absolus doivent commencer leurs cours aux dates sp\u00e9cifi\u00e9es.<\/p>\n\t\t\t\t\t<\/div>\n\t\t\t\t<\/div>\n\t\t\t<\/div>\n\n\t\t\n\t\t\t<div class=\"panel panel-default\">\n\t\t\t\t<div class=\"panel-heading\" role=\"tab\"\n\t\t\t\t\t id=\"heading_accordion_99fc03f_1\">\n\t\t\t\t\t<h4 class=\"panel-title\">\n\t\t\t\t\t\t<a role=\"button\" class=\"collapsed\" data-toggle=\"collapse\"\n\t\t\t\t\t\t   data-parent=\"#accordion_99fc03f\"\n\t\t\t\t\t\t   href=\"#collapse_accordion_99fc03f_1\" aria-expanded=\"false\"\n\t\t\t\t\t\t   aria-controls=\"collapse_accordion_99fc03f_1\">\n\t\t\t\t\t\t\tCOMBIEN CO\u00dbTE LES FRAIS D\u2019INSCRIPTION  ?\t\t\t\t\t\t<\/a>\n\t\t\t\t\t<\/h4>\n\t\t\t\t<\/div>\n\t\t\t\t<div id=\"collapse_accordion_99fc03f_1\"\n\t\t\t\t\t class=\"panel-collapse collapse\"\n\t\t\t\t\t role=\"tabpanel\" aria-labelledby=\"heading_accordion_99fc03f_1\">\n\t\t\t\t\t<div class=\"panel-body\">\n\t\t\t\t\t\t<p>L'inscription est de 40 \u20ac et est pay\u00e9 \u00e0 chaque achat de nouvelles semaines de cours, quel que soit le nombre de semaines achet\u00e9es, il sera toujours de 40 \u20ac. Cette inscription couvre les frais d'inscription, le mat\u00e9riel, le test de placement, les activit\u00e9s sociales propos\u00e9es, l'inscription et le dipl\u00f4me de fin d'\u00e9tudes. Pour \u00e9viter de payer \u00e0 nouveau les frais d'inscription et b\u00e9n\u00e9ficier de prix plus bas, vous pouvez acheter un plus grand nombre de semaines au d\u00e9but et les prendre \u00e0 tout moment dans l'ann\u00e9e. Comme alternative, vous pouvez payer un acompte de r\u00e9servation non remboursable de 100 \u20ac avant de terminer le cours pr\u00e9c\u00e9dent afin qu'il ne vous soit pas demand\u00e9 de payer les frais d'inscription lors de votre prochain cours. Ce d\u00e9p\u00f4t expire dans un an \u00e0 compter de son paiement.<\/p>\n\t\t\t\t\t<\/div>\n\t\t\t\t<\/div>\n\t\t\t<\/div>\n\n\t\t\n\t\t\t<div class=\"panel panel-default\">\n\t\t\t\t<div class=\"panel-heading\" role=\"tab\"\n\t\t\t\t\t id=\"heading_accordion_99fc03f_2\">\n\t\t\t\t\t<h4 class=\"panel-title\">\n\t\t\t\t\t\t<a role=\"button\" class=\"collapsed\" data-toggle=\"collapse\"\n\t\t\t\t\t\t   data-parent=\"#accordion_99fc03f\"\n\t\t\t\t\t\t   href=\"#collapse_accordion_99fc03f_2\" aria-expanded=\"false\"\n\t\t\t\t\t\t   aria-controls=\"collapse_accordion_99fc03f_2\">\n\t\t\t\t\t\t\tPUIS-JE ANNULER MES COURS\t\t\t\t\t\t<\/a>\n\t\t\t\t\t<\/h4>\n\t\t\t\t<\/div>\n\t\t\t\t<div id=\"collapse_accordion_99fc03f_2\"\n\t\t\t\t\t class=\"panel-collapse collapse\"\n\t\t\t\t\t role=\"tabpanel\" aria-labelledby=\"heading_accordion_99fc03f_2\">\n\t\t\t\t\t<div class=\"panel-body\">\n\t\t\t\t\t\t<p>Annulations<br \/>\nLes annulations doivent \u00eatre communiqu\u00e9es d\u00e8s que possible.<br \/>\nSi l'annulation est faite 21 jours avant le d\u00e9but du cours, il y aura une p\u00e9nalit\u00e9 de 100\u20ac.<br \/>\nSi l'annulation est faite 20 jours ou moins avant le d\u00e9but du cours, il n'y aura pas de remboursement.<br \/>\nLes cours ne sont pas transf\u00e9rables \u00e0 une autre personne.<\/p>\n<p>CONDITIONS PARTICULI\u00c8RES :<\/p>\n<p>Appartements priv\u00e9s en ville ou sur la plage : 25% de la valeur de l'h\u00e9bergement doit \u00eatre pay\u00e9 pour effectuer la r\u00e9servation. Ce montant n'est pas remboursable en cas d'annulation. Le montant restant doit \u00eatre pay\u00e9 avant la date d'arriv\u00e9e. Une fois que l'h\u00e9bergement a commenc\u00e9, aucun remboursement ne sera accord\u00e9. <\/p>\n<p>Visas d'\u00e9tudiant : Les \u00e9tudiants ayant besoin d'un visa sont soumis \u00e0 des conditions sp\u00e9ciales d'annulation :<br \/>\n- Le cours doit \u00eatre pay\u00e9 int\u00e9gralement \u00e0 l'avance afin de pouvoir d\u00e9livrer la lettre d'invitation n\u00e9cessaire \u00e0 l'acceptation au consulat.<br \/>\n- Les dates des visas doivent co\u00efncider avec les dates des cours. L'\u00e9tudiant aura droit \u00e0 une semaine de cong\u00e9 par tranche de 10 semaines de cours. Ces dates ne peuvent \u00eatre modifi\u00e9es, rembours\u00e9es ou transf\u00e9r\u00e9es \u00e0 une autre personne une fois que la lettre d'invitation a \u00e9t\u00e9 \u00e9mise par l'\u00e9cole.<br \/>\n- La participation au cours est obligatoire. En cas de maladie, un rapport m\u00e9dical doit \u00eatre fourni pour justifier l'absence. Les cours non suivis ne peuvent \u00eatre rattrap\u00e9s.<br \/>\n- Il n'y aura aucun remboursement d'aucune sorte, sauf dans le cas improbable o\u00f9 le visa serait refus\u00e9, \u00e0 condition que l'\u00e9tudiant pr\u00e9sente une documentation accr\u00e9ditant le refus du visa. Dans ce cas, TLCd\u00e9nia remboursera le co\u00fbt du cours, \u00e0 l'exception de 4% du co\u00fbt total du cours avec un minimum de 100 \u20ac.<br \/>\nRetards ou annulations de vols : Aucun remboursement ne sera effectu\u00e9 en cas de retard ou d'annulation des vols de l'\u00e9tudiant. Les compagnies a\u00e9riennes doivent fournir des vols de remplacement et compenser les co\u00fbts engendr\u00e9s par le retard, y compris les r\u00e9servations non effectu\u00e9es en raison du retard ou de l'annulation.<br \/>\nMaladie de l'\u00e9tudiant : Aucun remboursement ne sera effectu\u00e9 si l'\u00e9tudiant tombe malade pendant le cours et doit rester \u00e0 la maison. TLCd\u00e9nia se r\u00e9serve le droit de proposer \u00e0 l'\u00e9tudiant un cours similaire \u00e0 d'autres dates pendant une p\u00e9riode d'un an apr\u00e8s la maladie afin de rattraper les cours manqu\u00e9s \u00e0 condition de fournir un certificat m\u00e9dical (\u00e9galement n\u00e9cessaire pour les cas COVID).<\/p>\n<p>Modifications<br \/>\nL'\u00e9tudiant peut changer le type de cours ou la date du cours au cours de la m\u00eame ann\u00e9e sans frais suppl\u00e9mentaires. Les changements effectu\u00e9s moins de 15 jours avant le d\u00e9but du cours feront l'objet d'une majoration de 30\u20ac. Les changements ne sont pas accept\u00e9s pour les r\u00e9servations de visas d'\u00e9tudiants. Les programmes pour enfants Option A et Option B ne peuvent \u00eatre modifi\u00e9s moins de 7 jours avant le d\u00e9but du cours. Aucune modification des dates du \"Programme d'\u00e9t\u00e9 pour adolescents 14-17 ans\" ne sera accept\u00e9e moins de 21 jours avant le d\u00e9but du cours.<\/p>\n\t\t\t\t\t<\/div>\n\t\t\t\t<\/div>\n\t\t\t<\/div>\n\n\t\t\n\t\t\t<div class=\"panel panel-default\">\n\t\t\t\t<div class=\"panel-heading\" role=\"tab\"\n\t\t\t\t\t id=\"heading_accordion_99fc03f_3\">\n\t\t\t\t\t<h4 class=\"panel-title\">\n\t\t\t\t\t\t<a role=\"button\" class=\"collapsed\" data-toggle=\"collapse\"\n\t\t\t\t\t\t   data-parent=\"#accordion_99fc03f\"\n\t\t\t\t\t\t   href=\"#collapse_accordion_99fc03f_3\" aria-expanded=\"false\"\n\t\t\t\t\t\t   aria-controls=\"collapse_accordion_99fc03f_3\">\n\t\t\t\t\t\t\tQuand \/ Comment puis-je annuler mes cours priv\u00e9s sans frais ?\t\t\t\t\t\t<\/a>\n\t\t\t\t\t<\/h4>\n\t\t\t\t<\/div>\n\t\t\t\t<div id=\"collapse_accordion_99fc03f_3\"\n\t\t\t\t\t class=\"panel-collapse collapse\"\n\t\t\t\t\t role=\"tabpanel\" aria-labelledby=\"heading_accordion_99fc03f_3\">\n\t\t\t\t\t<div class=\"panel-body\">\n\t\t\t\t\t\t<p>- Les r\u00e9servations pour les sessions individuelles doivent \u00eatre faites et pay\u00e9es \u00e0 l'avance.<br \/>\n- En cas d'annulation, il faut pr\u00e9venir au moins 24 heures \u00e0 l'avance par e-mail le personnel administratif et non le professeur. En cas d'annulation pendant les week-ends pour des cours pr\u00e9vus le lundi, veuillez contacter notre e-mail principal : info@tlcdenia.es.<br \/>\n- En cas de non-re\u00e7u de notification d\u2019annulation ou en cas de non-assistance au cours, l\u2019\u00e9tudiant devra payer la totalit\u00e9 du montant de la le\u00e7on.<br \/>\n- Les \u00e9tudiants qui arrivent en retard ne pourront pas demander \u00e0 reporter le temps de retard ult\u00e9rieurement. Nous recommandons aux \u00e9tudiants d\u2019arriver 5 ou 10 minutes avant le cours.<\/p>\n\t\t\t\t\t<\/div>\n\t\t\t\t<\/div>\n\t\t\t<\/div>\n\n\t\t\n\t\t\t<div class=\"panel panel-default\">\n\t\t\t\t<div class=\"panel-heading\" role=\"tab\"\n\t\t\t\t\t id=\"heading_accordion_99fc03f_4\">\n\t\t\t\t\t<h4 class=\"panel-title\">\n\t\t\t\t\t\t<a role=\"button\" class=\"collapsed\" data-toggle=\"collapse\"\n\t\t\t\t\t\t   data-parent=\"#accordion_99fc03f\"\n\t\t\t\t\t\t   href=\"#collapse_accordion_99fc03f_4\" aria-expanded=\"false\"\n\t\t\t\t\t\t   aria-controls=\"collapse_accordion_99fc03f_4\">\n\t\t\t\t\t\t\tcombien de semaines faut-il pour terminer un niveau?\t\t\t\t\t\t<\/a>\n\t\t\t\t\t<\/h4>\n\t\t\t\t<\/div>\n\t\t\t\t<div id=\"collapse_accordion_99fc03f_4\"\n\t\t\t\t\t class=\"panel-collapse collapse\"\n\t\t\t\t\t role=\"tabpanel\" aria-labelledby=\"heading_accordion_99fc03f_4\">\n\t\t\t\t\t<div class=\"panel-body\">\n\t\t\t\t\t\t<p>Le nombre d'heures et donc de semaines varie selon le niveau \u00e9tudi\u00e9, le niveau A1 \u00e9tant le plus court et le niveau C2 le plus long:<br \/>\nD\u00e9butant A1: 4 semaines<br \/>\n \/ Elemental A2: 6 semaines<br \/>\nInterm\u00e9diaire \/ B1: 10 semaines<br \/>\n\/ Interm\u00e9diaire-avanc\u00e9 B2: 12 semaines<br \/>\n\/ Avanc\u00e9 C1: 14 semaines<br \/>\n\/ Comp\u00e9tence C2: 16 semaines<\/p>\n\t\t\t\t\t<\/div>\n\t\t\t\t<\/div>\n\t\t\t<\/div>\n\n\t\t\n\t\t\t<div class=\"panel panel-default\">\n\t\t\t\t<div class=\"panel-heading\" role=\"tab\"\n\t\t\t\t\t id=\"heading_accordion_99fc03f_5\">\n\t\t\t\t\t<h4 class=\"panel-title\">\n\t\t\t\t\t\t<a role=\"button\" class=\"collapsed\" data-toggle=\"collapse\"\n\t\t\t\t\t\t   data-parent=\"#accordion_99fc03f\"\n\t\t\t\t\t\t   href=\"#collapse_accordion_99fc03f_5\" aria-expanded=\"false\"\n\t\t\t\t\t\t   aria-controls=\"collapse_accordion_99fc03f_5\">\n\t\t\t\t\t\t\tquel est l\u2019horaire des cours?\t\t\t\t\t\t<\/a>\n\t\t\t\t\t<\/h4>\n\t\t\t\t<\/div>\n\t\t\t\t<div id=\"collapse_accordion_99fc03f_5\"\n\t\t\t\t\t class=\"panel-collapse collapse\"\n\t\t\t\t\t role=\"tabpanel\" aria-labelledby=\"heading_accordion_99fc03f_5\">\n\t\t\t\t\t<div class=\"panel-body\">\n\t\t\t\t\t\t<p>L' \u00e9cole ne peut vous garantir des cours \u00e0 une heure pr\u00e9cise. Cela d\u00e9pend de plusieurs variables telles que les cours qui sont d\u00e9j\u00e0 en place \u00e0 ce moment-l\u00e0, le nombre d'\u00e9tudiants, le niveau, le type de cours, etc.<\/p>\n<p>L'horaire sera disponible la semaine avant le d\u00e9but du cours. Les cours d'\u00e9t\u00e9 option A et B pour les enfants ont un horaire fixe: 9h30 \u00e0 14h00. Les cours priv\u00e9s du programme \u201820 + \u20195 auront tr\u00e8s probablement lieu apr\u00e8s le cours en groupe. Le tableau ci-dessous montre les horaires types, mais n'oubliez pas qu'ils sont susceptibles de changer.<\/p>\n\t\t\t\t\t<\/div>\n\t\t\t\t<\/div>\n\t\t\t<\/div>\n\n\t\t\n\t\t\t<div class=\"panel panel-default\">\n\t\t\t\t<div class=\"panel-heading\" role=\"tab\"\n\t\t\t\t\t id=\"heading_accordion_99fc03f_6\">\n\t\t\t\t\t<h4 class=\"panel-title\">\n\t\t\t\t\t\t<a role=\"button\" class=\"collapsed\" data-toggle=\"collapse\"\n\t\t\t\t\t\t   data-parent=\"#accordion_99fc03f\"\n\t\t\t\t\t\t   href=\"#collapse_accordion_99fc03f_6\" aria-expanded=\"false\"\n\t\t\t\t\t\t   aria-controls=\"collapse_accordion_99fc03f_6\">\n\t\t\t\t\t\t\test-il possible de choisir entre les cours du matin et de l&#039;apr\u00e8s-midi?\t\t\t\t\t\t<\/a>\n\t\t\t\t\t<\/h4>\n\t\t\t\t<\/div>\n\t\t\t\t<div id=\"collapse_accordion_99fc03f_6\"\n\t\t\t\t\t class=\"panel-collapse collapse\"\n\t\t\t\t\t role=\"tabpanel\" aria-labelledby=\"heading_accordion_99fc03f_6\">\n\t\t\t\t\t<div class=\"panel-body\">\n\t\t\t\t\t\t<p>Les cours sont programm\u00e9s en blocs du matin ou de l'apr\u00e8s-midi, mais l'\u00e9cole ne peut vous garantir le placement dans l'une ou l'autre session.<br \/>\nVous pouvez cependant pr\u00e9ciser votre pr\u00e9f\u00e9rence sur votre formulaire de candidature et nous ferons de notre mieux pour r\u00e9pondre \u00e0 vos besoins.<\/p>\n\t\t\t\t\t<\/div>\n\t\t\t\t<\/div>\n\t\t\t<\/div>\n\n\t\t\n\t\t\t<div class=\"panel panel-default\">\n\t\t\t\t<div class=\"panel-heading\" role=\"tab\"\n\t\t\t\t\t id=\"heading_accordion_99fc03f_7\">\n\t\t\t\t\t<h4 class=\"panel-title\">\n\t\t\t\t\t\t<a role=\"button\" class=\"collapsed\" data-toggle=\"collapse\"\n\t\t\t\t\t\t   data-parent=\"#accordion_99fc03f\"\n\t\t\t\t\t\t   href=\"#collapse_accordion_99fc03f_7\" aria-expanded=\"false\"\n\t\t\t\t\t\t   aria-controls=\"collapse_accordion_99fc03f_7\">\n\t\t\t\t\t\t\tAvez-vous des cours du soir?\t\t\t\t\t\t<\/a>\n\t\t\t\t\t<\/h4>\n\t\t\t\t<\/div>\n\t\t\t\t<div id=\"collapse_accordion_99fc03f_7\"\n\t\t\t\t\t class=\"panel-collapse collapse\"\n\t\t\t\t\t role=\"tabpanel\" aria-labelledby=\"heading_accordion_99fc03f_7\">\n\t\t\t\t\t<div class=\"panel-body\">\n\t\t\t\t\t\t<p>Nous proposons des cours du soir priv\u00e9s , mais pas des cours en groupe.<\/p>\n\t\t\t\t\t<\/div>\n\t\t\t\t<\/div>\n\t\t\t<\/div>\n\n\t\t\n\t\t\t<div class=\"panel panel-default\">\n\t\t\t\t<div class=\"panel-heading\" role=\"tab\"\n\t\t\t\t\t id=\"heading_accordion_99fc03f_8\">\n\t\t\t\t\t<h4 class=\"panel-title\">\n\t\t\t\t\t\t<a role=\"button\" class=\"collapsed\" data-toggle=\"collapse\"\n\t\t\t\t\t\t   data-parent=\"#accordion_99fc03f\"\n\t\t\t\t\t\t   href=\"#collapse_accordion_99fc03f_8\" aria-expanded=\"false\"\n\t\t\t\t\t\t   aria-controls=\"collapse_accordion_99fc03f_8\">\n\t\t\t\t\t\t\tpour quelles sessions d&#039;examen DELE offrez-vous une pr\u00e9paration?\t\t\t\t\t\t<\/a>\n\t\t\t\t\t<\/h4>\n\t\t\t\t<\/div>\n\t\t\t\t<div id=\"collapse_accordion_99fc03f_8\"\n\t\t\t\t\t class=\"panel-collapse collapse\"\n\t\t\t\t\t role=\"tabpanel\" aria-labelledby=\"heading_accordion_99fc03f_8\">\n\t\t\t\t\t<div class=\"panel-body\">\n\t\t\t\t\t\t<p>Nous proposons une pr\u00e9paration aux examens DELE pour tous les examens DELE: Avril, Mai, Juillet, Octobre et Novembre.<\/p>\n\t\t\t\t\t<\/div>\n\t\t\t\t<\/div>\n\t\t\t<\/div>\n\n\t\t\n\t\t\t<div class=\"panel panel-default\">\n\t\t\t\t<div class=\"panel-heading\" role=\"tab\"\n\t\t\t\t\t id=\"heading_accordion_99fc03f_9\">\n\t\t\t\t\t<h4 class=\"panel-title\">\n\t\t\t\t\t\t<a role=\"button\" class=\"collapsed\" data-toggle=\"collapse\"\n\t\t\t\t\t\t   data-parent=\"#accordion_99fc03f\"\n\t\t\t\t\t\t   href=\"#collapse_accordion_99fc03f_9\" aria-expanded=\"false\"\n\t\t\t\t\t\t   aria-controls=\"collapse_accordion_99fc03f_9\">\n\t\t\t\t\t\t\t-\tle mat\u00e9riel de cours est-il  inclus dans le prix des cours?\t\t\t\t\t\t<\/a>\n\t\t\t\t\t<\/h4>\n\t\t\t\t<\/div>\n\t\t\t\t<div id=\"collapse_accordion_99fc03f_9\"\n\t\t\t\t\t class=\"panel-collapse collapse\"\n\t\t\t\t\t role=\"tabpanel\" aria-labelledby=\"heading_accordion_99fc03f_9\">\n\t\t\t\t\t<div class=\"panel-body\">\n\t\t\t\t\t\t<p>Oui, \u00e7a l'est<\/p>\n<p>Votre professeur vous fournira du mat\u00e9riel p\u00e9dagogique gratuit et un livre de cours vous sera pr\u00eat\u00e9.<\/p>\n<p>Si les \u00e9tudiants sont int\u00e9ress\u00e9s \u00e0 acheter le livre, des exemplaires sont disponibles \u00e0 l'achat pour seulement 20\u20ac.<\/p>\n\t\t\t\t\t<\/div>\n\t\t\t\t<\/div>\n\t\t\t<\/div>\n\n\t\t\n\t\t\t<div class=\"panel panel-default\">\n\t\t\t\t<div class=\"panel-heading\" role=\"tab\"\n\t\t\t\t\t id=\"heading_accordion_99fc03f_10\">\n\t\t\t\t\t<h4 class=\"panel-title\">\n\t\t\t\t\t\t<a role=\"button\" class=\"collapsed\" data-toggle=\"collapse\"\n\t\t\t\t\t\t   data-parent=\"#accordion_99fc03f\"\n\t\t\t\t\t\t   href=\"#collapse_accordion_99fc03f_10\" aria-expanded=\"false\"\n\t\t\t\t\t\t   aria-controls=\"collapse_accordion_99fc03f_10\">\n\t\t\t\t\t\t\tcombien d&#039;\u00e9tudiants y a-t-il en clase \t\t\t\t\t\t<\/a>\n\t\t\t\t\t<\/h4>\n\t\t\t\t<\/div>\n\t\t\t\t<div id=\"collapse_accordion_99fc03f_10\"\n\t\t\t\t\t class=\"panel-collapse collapse\"\n\t\t\t\t\t role=\"tabpanel\" aria-labelledby=\"heading_accordion_99fc03f_10\">\n\t\t\t\t\t<div class=\"panel-body\">\n\t\t\t\t\t\t<p>Le nombre maximum d'\u00e9tudiants par classe est de 12, mais la moyenne est de 6.<\/p>\n<p>Pendant les mois d'hiver, les groupes sont g\u00e9n\u00e9ralement plus petits qu'en \u00e9t\u00e9.<\/p>\n\t\t\t\t\t<\/div>\n\t\t\t\t<\/div>\n\t\t\t<\/div>\n\n\t\t\n\t\t\t<div class=\"panel panel-default\">\n\t\t\t\t<div class=\"panel-heading\" role=\"tab\"\n\t\t\t\t\t id=\"heading_accordion_99fc03f_11\">\n\t\t\t\t\t<h4 class=\"panel-title\">\n\t\t\t\t\t\t<a role=\"button\" class=\"collapsed\" data-toggle=\"collapse\"\n\t\t\t\t\t\t   data-parent=\"#accordion_99fc03f\"\n\t\t\t\t\t\t   href=\"#collapse_accordion_99fc03f_11\" aria-expanded=\"false\"\n\t\t\t\t\t\t   aria-controls=\"collapse_accordion_99fc03f_11\">\n\t\t\t\t\t\t\tDois-je faire un test de niveau avant de commencer les cours?\t\t\t\t\t\t<\/a>\n\t\t\t\t\t<\/h4>\n\t\t\t\t<\/div>\n\t\t\t\t<div id=\"collapse_accordion_99fc03f_11\"\n\t\t\t\t\t class=\"panel-collapse collapse\"\n\t\t\t\t\t role=\"tabpanel\" aria-labelledby=\"heading_accordion_99fc03f_11\">\n\t\t\t\t\t<div class=\"panel-body\">\n\t\t\t\t\t\t<p>Oui, les \u00e9tudiants ayant une certaine connaissance de l'espagnol seront invit\u00e9s \u00e0 effectuer un test en ligne pour d\u00e9terminer leur niveau d'espagnol<\/p>\n<p>Si l\u2019\u00e9tudiant n\u2019 effectue pas le test, l'\u00e9cole ne pourra lui garantir des cours de son niveau.<\/p>\n\t\t\t\t\t<\/div>\n\t\t\t\t<\/div>\n\t\t\t<\/div>\n\n\t\t\n\t\t\t<div class=\"panel panel-default\">\n\t\t\t\t<div class=\"panel-heading\" role=\"tab\"\n\t\t\t\t\t id=\"heading_accordion_99fc03f_12\">\n\t\t\t\t\t<h4 class=\"panel-title\">\n\t\t\t\t\t\t<a role=\"button\" class=\"collapsed\" data-toggle=\"collapse\"\n\t\t\t\t\t\t   data-parent=\"#accordion_99fc03f\"\n\t\t\t\t\t\t   href=\"#collapse_accordion_99fc03f_12\" aria-expanded=\"false\"\n\t\t\t\t\t\t   aria-controls=\"collapse_accordion_99fc03f_12\">\n\t\t\t\t\t\t\tcomment savoir quel est mon niveau actuel ?\t\t\t\t\t\t<\/a>\n\t\t\t\t\t<\/h4>\n\t\t\t\t<\/div>\n\t\t\t\t<div id=\"collapse_accordion_99fc03f_12\"\n\t\t\t\t\t class=\"panel-collapse collapse\"\n\t\t\t\t\t role=\"tabpanel\" aria-labelledby=\"heading_accordion_99fc03f_12\">\n\t\t\t\t\t<div class=\"panel-body\">\n\t\t\t\t\t\t<p>Les r\u00e9sultats du test ne sont g\u00e9n\u00e9ralement pas divulgu\u00e9s \u00e0 l'\u00e9tudiant mais nous serons heureux de les fournir sur demande. Veuillez noter que notre test est destin\u00e9 uniquement \u00e0 notre usage interne et ne certifiera pas votre niveau exact car il ne couvre pas toutes les comp\u00e9tences. Si cela est n\u00e9cessaire, la directrice des \u00e9tudes s\u2019entretiendra avec l\u2019 \u00e9tudiant le premier jour du cours afin d'\u00e9valuer ses comp\u00e9tences orales.<\/p>\n\t\t\t\t\t<\/div>\n\t\t\t\t<\/div>\n\t\t\t<\/div>\n\n\t\t\n\t\t\t<div class=\"panel panel-default\">\n\t\t\t\t<div class=\"panel-heading\" role=\"tab\"\n\t\t\t\t\t id=\"heading_accordion_99fc03f_13\">\n\t\t\t\t\t<h4 class=\"panel-title\">\n\t\t\t\t\t\t<a role=\"button\" class=\"collapsed\" data-toggle=\"collapse\"\n\t\t\t\t\t\t   data-parent=\"#accordion_99fc03f\"\n\t\t\t\t\t\t   href=\"#collapse_accordion_99fc03f_13\" aria-expanded=\"false\"\n\t\t\t\t\t\t   aria-controls=\"collapse_accordion_99fc03f_13\">\n\t\t\t\t\t\t\tQue se passe-t-il si je suis le seul \u00e9tudiant d\u2019un niveau particulier ?\t\t\t\t\t\t<\/a>\n\t\t\t\t\t<\/h4>\n\t\t\t\t<\/div>\n\t\t\t\t<div id=\"collapse_accordion_99fc03f_13\"\n\t\t\t\t\t class=\"panel-collapse collapse\"\n\t\t\t\t\t role=\"tabpanel\" aria-labelledby=\"heading_accordion_99fc03f_13\">\n\t\t\t\t\t<div class=\"panel-body\">\n\t\t\t\t\t\t<p>Les groupes d'adultes se constituent de 3 \u00e0 12 \u00e9tudiants.<\/p>\n<p>Si un groupe d\u2019 un niveau particulier compte moins de 3 \u00e9tudiants, le nombre de le\u00e7ons sera r\u00e9duit. (Par exemple: 3-12 \u00e9tudiants = 4 le\u00e7ons, 2 \u00e9tudiants = 3 le\u00e7ons, 1 \u00e9tudiant = 2 le\u00e7ons).<\/p>\n<p>Sachez qu'une r\u00e9duction du nombre de le\u00e7ons ne signifie pas un retard dans la progression de l'\u00e9tudiant.<\/p>\n<p>Les m\u00eames sujets seront abord\u00e9s quelle que soit la dur\u00e9e du cours, car les petits groupes permettent de couvrir plus de contenu en moins de temps.<\/p>\n\t\t\t\t\t<\/div>\n\t\t\t\t<\/div>\n\t\t\t<\/div>\n\n\t\t\n\t\t\t<div class=\"panel panel-default\">\n\t\t\t\t<div class=\"panel-heading\" role=\"tab\"\n\t\t\t\t\t id=\"heading_accordion_99fc03f_14\">\n\t\t\t\t\t<h4 class=\"panel-title\">\n\t\t\t\t\t\t<a role=\"button\" class=\"collapsed\" data-toggle=\"collapse\"\n\t\t\t\t\t\t   data-parent=\"#accordion_99fc03f\"\n\t\t\t\t\t\t   href=\"#collapse_accordion_99fc03f_14\" aria-expanded=\"false\"\n\t\t\t\t\t\t   aria-controls=\"collapse_accordion_99fc03f_14\">\n\t\t\t\t\t\t\tvais-je obtenir un certificat \u00e0 la fin des cours ?\t\t\t\t\t\t<\/a>\n\t\t\t\t\t<\/h4>\n\t\t\t\t<\/div>\n\t\t\t\t<div id=\"collapse_accordion_99fc03f_14\"\n\t\t\t\t\t class=\"panel-collapse collapse\"\n\t\t\t\t\t role=\"tabpanel\" aria-labelledby=\"heading_accordion_99fc03f_14\">\n\t\t\t\t\t<div class=\"panel-body\">\n\t\t\t\t\t\t<p>Tous nos \u00e9tudiants re\u00e7oivent un certificat de participation qui sp\u00e9cifie le niveau et le contenu couverts \u00e0 la fin de votre s\u00e9jour \u00e0 TLCd\u00e9nia.<\/p>\n<p>Veuillez noter qu'il ne s'agit pas d'un certificat officiel.<\/p>\n\t\t\t\t\t<\/div>\n\t\t\t\t<\/div>\n\t\t\t<\/div>\n\n\t\t\n\t\t\t<div class=\"panel panel-default\">\n\t\t\t\t<div class=\"panel-heading\" role=\"tab\"\n\t\t\t\t\t id=\"heading_accordion_99fc03f_15\">\n\t\t\t\t\t<h4 class=\"panel-title\">\n\t\t\t\t\t\t<a role=\"button\" class=\"collapsed\" data-toggle=\"collapse\"\n\t\t\t\t\t\t   data-parent=\"#accordion_99fc03f\"\n\t\t\t\t\t\t   href=\"#collapse_accordion_99fc03f_15\" aria-expanded=\"false\"\n\t\t\t\t\t\t   aria-controls=\"collapse_accordion_99fc03f_15\">\n\t\t\t\t\t\t\tpuis-je obtenir la subvention CSN du gouvernement su\u00e9dois?\t\t\t\t\t\t<\/a>\n\t\t\t\t\t<\/h4>\n\t\t\t\t<\/div>\n\t\t\t\t<div id=\"collapse_accordion_99fc03f_15\"\n\t\t\t\t\t class=\"panel-collapse collapse\"\n\t\t\t\t\t role=\"tabpanel\" aria-labelledby=\"heading_accordion_99fc03f_15\">\n\t\t\t\t\t<div class=\"panel-body\">\n\t\t\t\t\t\t<p>Oui, nos cours de longue dur\u00e9e sont reconnus par la CSN.<\/p>\n\t\t\t\t\t<\/div>\n\t\t\t\t<\/div>\n\t\t\t<\/div>\n\n\t\t\n\t\t\t<div class=\"panel panel-default\">\n\t\t\t\t<div class=\"panel-heading\" role=\"tab\"\n\t\t\t\t\t id=\"heading_accordion_99fc03f_16\">\n\t\t\t\t\t<h4 class=\"panel-title\">\n\t\t\t\t\t\t<a role=\"button\" class=\"collapsed\" data-toggle=\"collapse\"\n\t\t\t\t\t\t   data-parent=\"#accordion_99fc03f\"\n\t\t\t\t\t\t   href=\"#collapse_accordion_99fc03f_16\" aria-expanded=\"false\"\n\t\t\t\t\t\t   aria-controls=\"collapse_accordion_99fc03f_16\">\n\t\t\t\t\t\t\tPuis-je changer mes cours une fois comenc\u00e9s ?\t\t\t\t\t\t<\/a>\n\t\t\t\t\t<\/h4>\n\t\t\t\t<\/div>\n\t\t\t\t<div id=\"collapse_accordion_99fc03f_16\"\n\t\t\t\t\t class=\"panel-collapse collapse\"\n\t\t\t\t\t role=\"tabpanel\" aria-labelledby=\"heading_accordion_99fc03f_16\">\n\t\t\t\t\t<div class=\"panel-body\">\n\t\t\t\t\t\t<p>Oui<\/p>\n<p>Si vous sentez que le niveau de la classe dans laquelle  vous \u00eates n'est pas le bon ou que vos progr\u00e8s d'apprentissage  sont diff\u00e8rents de ceux de vos camarades, alors parlez-en avec la directrice des \u00e9tudes pour vous changer de classe et ainsi \u00e9tudier \u00e0 un niveau plus appropri\u00e9 ou pour discuter d'autres options que nous offrons.<\/p>\n<p>Veuillez noter qu'aucun remboursement ne sera accord\u00e9 si vous changer votre cours \u00e0 un cours moins cher.<\/p>\n<p>TLCd\u00e9nia est l\u00e0 pour r\u00e9pondre \u00e0 vos besoins et pour vous garantir la meilleure exp\u00e9rience possible.<\/p>\n\t\t\t\t\t<\/div>\n\t\t\t\t<\/div>\n\t\t\t<\/div>\n\n\t\t\n\t\t\t<div class=\"panel panel-default\">\n\t\t\t\t<div class=\"panel-heading\" role=\"tab\"\n\t\t\t\t\t id=\"heading_accordion_99fc03f_17\">\n\t\t\t\t\t<h4 class=\"panel-title\">\n\t\t\t\t\t\t<a role=\"button\" class=\"collapsed\" data-toggle=\"collapse\"\n\t\t\t\t\t\t   data-parent=\"#accordion_99fc03f\"\n\t\t\t\t\t\t   href=\"#collapse_accordion_99fc03f_17\" aria-expanded=\"false\"\n\t\t\t\t\t\t   aria-controls=\"collapse_accordion_99fc03f_17\">\n\t\t\t\t\t\t\tComptez-vous les cours manqu\u00e9s durant les vacances ou jours f\u00e9ri\u00e9s ?\t\t\t\t\t\t<\/a>\n\t\t\t\t\t<\/h4>\n\t\t\t\t<\/div>\n\t\t\t\t<div id=\"collapse_accordion_99fc03f_17\"\n\t\t\t\t\t class=\"panel-collapse collapse\"\n\t\t\t\t\t role=\"tabpanel\" aria-labelledby=\"heading_accordion_99fc03f_17\">\n\t\t\t\t\t<div class=\"panel-body\">\n\t\t\t\t\t\t<p>Les cours collectifs manqu\u00e9s \u00e0 cause des jours f\u00e9ri\u00e9s seront majoritairement rattrap\u00e9s en semaine. Seules les classes individuelles seront enti\u00e8rement r\u00e9cup\u00e9r\u00e9es.<\/p>\n<p>Le calendrier scolaire est disponible sur notre site Web <a href=\"https:\/\/tlcdenia.com\/fr\/dates-et-horaires\/\" target=\"_blank\">dans la section \u00abDates et horaires\u00bb<\/a>.<\/p>\n\t\t\t\t\t<\/div>\n\t\t\t\t<\/div>\n\t\t\t<\/div>\n\n\t\t<\/div><\/div>\t\t\t\t<\/div>\n\t\t\t\t<\/div>\n\t\t\t\t\t<\/div>\n\t\t<\/div>\n\t\t\t\t<div class=\"elementor-column elementor-col-50 elementor-top-column elementor-element elementor-element-69735da\" data-id=\"69735da\" data-element_type=\"column\" data-e-type=\"column\">\n\t\t\t<div class=\"elementor-widget-wrap elementor-element-populated\">\n\t\t\t\t\t\t<div class=\"elementor-element elementor-element-2993cd7 elementor-view-default elementor-widget elementor-widget-icon\" data-id=\"2993cd7\" data-element_type=\"widget\" data-e-type=\"widget\" data-widget_type=\"icon.default\">\n\t\t\t\t<div class=\"elementor-widget-container\">\n\t\t\t\t\t\t\t<div class=\"elementor-icon-wrapper\">\n\t\t\t<div class=\"elementor-icon\">\n\t\t\t<svg aria-hidden=\"true\" class=\"e-font-icon-svg e-fas-bed\" viewBox=\"0 0 640 512\" xmlns=\"http:\/\/www.w3.org\/2000\/svg\"><path d=\"M176 256c44.11 0 80-35.89 80-80s-35.89-80-80-80-80 35.89-80 80 35.89 80 80 80zm352-128H304c-8.84 0-16 7.16-16 16v144H64V80c0-8.84-7.16-16-16-16H16C7.16 64 0 71.16 0 80v352c0 8.84 7.16 16 16 16h32c8.84 0 16-7.16 16-16v-48h512v48c0 8.84 7.16 16 16 16h32c8.84 0 16-7.16 16-16V240c0-61.86-50.14-112-112-112z\"><\/path><\/svg>\t\t\t<\/div>\n\t\t<\/div>\n\t\t\t\t\t\t<\/div>\n\t\t\t\t<\/div>\n\t\t\t\t<div class=\"elementor-element elementor-element-9e8d90d elementor-widget elementor-widget-thim-accordion\" data-id=\"9e8d90d\" data-element_type=\"widget\" data-e-type=\"widget\" data-widget_type=\"thim-accordion.default\">\n\t\t\t\t<div class=\"elementor-widget-container\">\n\t\t\t\t\t<div class=\"thim-widget-accordion\"><h3 class=\"widget-title\"> \u00c0 PROPOS DU LOGEMENT:<\/h3><div id=\"accordion_9e8d90d\" class=\"panel-group\" role=\"tablist\" aria-multiselectable=\"true\">\n\t\t\t<div class=\"panel panel-default\">\n\t\t\t\t<div class=\"panel-heading\" role=\"tab\"\n\t\t\t\t\t id=\"heading_accordion_9e8d90d_0\">\n\t\t\t\t\t<h4 class=\"panel-title\">\n\t\t\t\t\t\t<a role=\"button\" class=\"collapsed\" data-toggle=\"collapse\"\n\t\t\t\t\t\t   data-parent=\"#accordion_9e8d90d\"\n\t\t\t\t\t\t   href=\"#collapse_accordion_9e8d90d_0\" aria-expanded=\"false\"\n\t\t\t\t\t\t   aria-controls=\"collapse_accordion_9e8d90d_0\">\n\t\t\t\t\t\t\tQuand dois-je faire ma r\u00e9servation ?\t\t\t\t\t\t<\/a>\n\t\t\t\t\t<\/h4>\n\t\t\t\t<\/div>\n\t\t\t\t<div id=\"collapse_accordion_9e8d90d_0\"\n\t\t\t\t\t class=\"panel-collapse collapse\"\n\t\t\t\t\t role=\"tabpanel\" aria-labelledby=\"heading_accordion_9e8d90d_0\">\n\t\t\t\t\t<div class=\"panel-body\">\n\t\t\t\t\t\t<p>Nous vous conseillons de r\u00e9server votre h\u00e9bergement au moins 1 mois \u00e0 l'avance. D\u00e9nia est une destination touristique populaire et si vous souhaitez r\u00e9server un h\u00e9bergement pendant la haute saison, nous vous recommandons de le faire d\u00e8s que possible.<\/p>\n<p>S'il s'agit d'une d\u00e9cision de derni\u00e8re minute, veuillez v\u00e9rifier la disponibilit\u00e9 de l'h\u00e9bergement aupr\u00e8s de l'\u00e9cole.<\/p>\n\t\t\t\t\t<\/div>\n\t\t\t\t<\/div>\n\t\t\t<\/div>\n\n\t\t\n\t\t\t<div class=\"panel panel-default\">\n\t\t\t\t<div class=\"panel-heading\" role=\"tab\"\n\t\t\t\t\t id=\"heading_accordion_9e8d90d_1\">\n\t\t\t\t\t<h4 class=\"panel-title\">\n\t\t\t\t\t\t<a role=\"button\" class=\"collapsed\" data-toggle=\"collapse\"\n\t\t\t\t\t\t   data-parent=\"#accordion_9e8d90d\"\n\t\t\t\t\t\t   href=\"#collapse_accordion_9e8d90d_1\" aria-expanded=\"false\"\n\t\t\t\t\t\t   aria-controls=\"collapse_accordion_9e8d90d_1\">\n\t\t\t\t\t\t\tQuand recevrai-je les d\u00e9tails du logement ?\t\t\t\t\t\t<\/a>\n\t\t\t\t\t<\/h4>\n\t\t\t\t<\/div>\n\t\t\t\t<div id=\"collapse_accordion_9e8d90d_1\"\n\t\t\t\t\t class=\"panel-collapse collapse\"\n\t\t\t\t\t role=\"tabpanel\" aria-labelledby=\"heading_accordion_9e8d90d_1\">\n\t\t\t\t\t<div class=\"panel-body\">\n\t\t\t\t\t\t<p>Nous vous transmettrons tous les d\u00e9tails de votre h\u00e9bergement lors de votre r\u00e9servation. \u00c0 propos du logement en familles d'accueil, nous vous les enverrons 2 semaines avant votre arriv\u00e9e.<\/p>\n\t\t\t\t\t<\/div>\n\t\t\t\t<\/div>\n\t\t\t<\/div>\n\n\t\t\n\t\t\t<div class=\"panel panel-default\">\n\t\t\t\t<div class=\"panel-heading\" role=\"tab\"\n\t\t\t\t\t id=\"heading_accordion_9e8d90d_2\">\n\t\t\t\t\t<h4 class=\"panel-title\">\n\t\t\t\t\t\t<a role=\"button\" class=\"collapsed\" data-toggle=\"collapse\"\n\t\t\t\t\t\t   data-parent=\"#accordion_9e8d90d\"\n\t\t\t\t\t\t   href=\"#collapse_accordion_9e8d90d_2\" aria-expanded=\"false\"\n\t\t\t\t\t\t   aria-controls=\"collapse_accordion_9e8d90d_2\">\n\t\t\t\t\t\t\tQUAND FAIRE LE CHECK-IN \/ CHEK-OUT ?\t\t\t\t\t\t<\/a>\n\t\t\t\t\t<\/h4>\n\t\t\t\t<\/div>\n\t\t\t\t<div id=\"collapse_accordion_9e8d90d_2\"\n\t\t\t\t\t class=\"panel-collapse collapse\"\n\t\t\t\t\t role=\"tabpanel\" aria-labelledby=\"heading_accordion_9e8d90d_2\">\n\t\t\t\t\t<div class=\"panel-body\">\n\t\t\t\t\t\t<p>APPARTEMENTS PRIV\u00c9S EN VILLE ET APPARTEMENT PARTAG\u00c9:<br \/>\nArriv\u00e9e le dimanche (\u00e0 partir de 14h00)<br \/>\nD\u00e9part le samedi (jusqu'\u00e0 10h00) <\/p>\n<p>APPARTEMENTS PLAGE:<br \/>\nArriv\u00e9e le dimanche (\u00e0 partir de 16h00)<br \/>\nD\u00e9part le samedi (jusqu'\u00e0 10h00) <\/p>\n<p>LOGEMENT EN FAMILLE D\u2019ACCUEIL : comme convenu avec l'h\u00f4te.<br \/>\nPour les \u00e9tudiants qui ont besoin de jours suppl\u00e9mentaires, il y aura un co\u00fbt suppl\u00e9mentaire par jour.<\/p>\n\t\t\t\t\t<\/div>\n\t\t\t\t<\/div>\n\t\t\t<\/div>\n\n\t\t\n\t\t\t<div class=\"panel panel-default\">\n\t\t\t\t<div class=\"panel-heading\" role=\"tab\"\n\t\t\t\t\t id=\"heading_accordion_9e8d90d_3\">\n\t\t\t\t\t<h4 class=\"panel-title\">\n\t\t\t\t\t\t<a role=\"button\" class=\"collapsed\" data-toggle=\"collapse\"\n\t\t\t\t\t\t   data-parent=\"#accordion_9e8d90d\"\n\t\t\t\t\t\t   href=\"#collapse_accordion_9e8d90d_3\" aria-expanded=\"false\"\n\t\t\t\t\t\t   aria-controls=\"collapse_accordion_9e8d90d_3\">\n\t\t\t\t\t\t\tO\u00da PUIS-JE R\u00c9CUP\u00c9RER LES CLEFS ?\t\t\t\t\t\t<\/a>\n\t\t\t\t\t<\/h4>\n\t\t\t\t<\/div>\n\t\t\t\t<div id=\"collapse_accordion_9e8d90d_3\"\n\t\t\t\t\t class=\"panel-collapse collapse\"\n\t\t\t\t\t role=\"tabpanel\" aria-labelledby=\"heading_accordion_9e8d90d_3\">\n\t\t\t\t\t<div class=\"panel-body\">\n\t\t\t\t\t\t<p>Nous vous enverrons l'adresse pour r\u00e9cup\u00e9rer les clefs dans le document de confirmation de r\u00e9servation.<\/p>\n\t\t\t\t\t<\/div>\n\t\t\t\t<\/div>\n\t\t\t<\/div>\n\n\t\t\n\t\t\t<div class=\"panel panel-default\">\n\t\t\t\t<div class=\"panel-heading\" role=\"tab\"\n\t\t\t\t\t id=\"heading_accordion_9e8d90d_4\">\n\t\t\t\t\t<h4 class=\"panel-title\">\n\t\t\t\t\t\t<a role=\"button\" class=\"collapsed\" data-toggle=\"collapse\"\n\t\t\t\t\t\t   data-parent=\"#accordion_9e8d90d\"\n\t\t\t\t\t\t   href=\"#collapse_accordion_9e8d90d_4\" aria-expanded=\"false\"\n\t\t\t\t\t\t   aria-controls=\"collapse_accordion_9e8d90d_4\">\n\t\t\t\t\t\t\tPUIS-JE R\u00c9SERVER DES NUITS SUPPL\u00c9MENTAIRES ?\t\t\t\t\t\t<\/a>\n\t\t\t\t\t<\/h4>\n\t\t\t\t<\/div>\n\t\t\t\t<div id=\"collapse_accordion_9e8d90d_4\"\n\t\t\t\t\t class=\"panel-collapse collapse\"\n\t\t\t\t\t role=\"tabpanel\" aria-labelledby=\"heading_accordion_9e8d90d_4\">\n\t\t\t\t\t<div class=\"panel-body\">\n\t\t\t\t\t\t<p>Oui, Il y aura des frais pour chaque nuit suppl\u00e9mentaire. Veuillez visiter notre table des prix pour plus de d\u00e9tails.<\/p>\n\t\t\t\t\t<\/div>\n\t\t\t\t<\/div>\n\t\t\t<\/div>\n\n\t\t\n\t\t\t<div class=\"panel panel-default\">\n\t\t\t\t<div class=\"panel-heading\" role=\"tab\"\n\t\t\t\t\t id=\"heading_accordion_9e8d90d_5\">\n\t\t\t\t\t<h4 class=\"panel-title\">\n\t\t\t\t\t\t<a role=\"button\" class=\"collapsed\" data-toggle=\"collapse\"\n\t\t\t\t\t\t   data-parent=\"#accordion_9e8d90d\"\n\t\t\t\t\t\t   href=\"#collapse_accordion_9e8d90d_5\" aria-expanded=\"false\"\n\t\t\t\t\t\t   aria-controls=\"collapse_accordion_9e8d90d_5\">\n\t\t\t\t\t\t\tLES LOGEMENTS SONT-ILS SITU\u00c9S \u00c0 PROXIMIT\u00c9 DE L&#039;\u00c9COLE ?\t\t\t\t\t\t<\/a>\n\t\t\t\t\t<\/h4>\n\t\t\t\t<\/div>\n\t\t\t\t<div id=\"collapse_accordion_9e8d90d_5\"\n\t\t\t\t\t class=\"panel-collapse collapse\"\n\t\t\t\t\t role=\"tabpanel\" aria-labelledby=\"heading_accordion_9e8d90d_5\">\n\t\t\t\t\t<div class=\"panel-body\">\n\t\t\t\t\t\t<p>L'ensemble de nos familles d'accueil, auberges, h\u00f4tels et colocations sont situ\u00e9s entre 5 et 15 minutes \u00e0 pied de l'\u00e9cole.<\/p>\n<p>Les appartements priv\u00e9s plage propos\u00e9s sont \u00e0 environ 25 minutes \u00e0 pied, mais un service de bus est disponible.<\/p>\n\t\t\t\t\t<\/div>\n\t\t\t\t<\/div>\n\t\t\t<\/div>\n\n\t\t\n\t\t\t<div class=\"panel panel-default\">\n\t\t\t\t<div class=\"panel-heading\" role=\"tab\"\n\t\t\t\t\t id=\"heading_accordion_9e8d90d_6\">\n\t\t\t\t\t<h4 class=\"panel-title\">\n\t\t\t\t\t\t<a role=\"button\" class=\"collapsed\" data-toggle=\"collapse\"\n\t\t\t\t\t\t   data-parent=\"#accordion_9e8d90d\"\n\t\t\t\t\t\t   href=\"#collapse_accordion_9e8d90d_6\" aria-expanded=\"false\"\n\t\t\t\t\t\t   aria-controls=\"collapse_accordion_9e8d90d_6\">\n\t\t\t\t\t\t\tLES SERVIETTES, LES DRAPS ET LES COUVERTURES SONT-ILS INCLUS?\t\t\t\t\t\t<\/a>\n\t\t\t\t\t<\/h4>\n\t\t\t\t<\/div>\n\t\t\t\t<div id=\"collapse_accordion_9e8d90d_6\"\n\t\t\t\t\t class=\"panel-collapse collapse\"\n\t\t\t\t\t role=\"tabpanel\" aria-labelledby=\"heading_accordion_9e8d90d_6\">\n\t\t\t\t\t<div class=\"panel-body\">\n\t\t\t\t\t\t<p>Le linge de lit et les couvertures sont inclus.<\/p>\n<p>Veuillez apporter vos propres serviettes et autres n\u00e9cessit\u00e9s dont vous pourriez avoir besoin pour rendre votre s\u00e9jour plus confortable.<\/p>\n\t\t\t\t\t<\/div>\n\t\t\t\t<\/div>\n\t\t\t<\/div>\n\n\t\t\n\t\t\t<div class=\"panel panel-default\">\n\t\t\t\t<div class=\"panel-heading\" role=\"tab\"\n\t\t\t\t\t id=\"heading_accordion_9e8d90d_7\">\n\t\t\t\t\t<h4 class=\"panel-title\">\n\t\t\t\t\t\t<a role=\"button\" class=\"collapsed\" data-toggle=\"collapse\"\n\t\t\t\t\t\t   data-parent=\"#accordion_9e8d90d\"\n\t\t\t\t\t\t   href=\"#collapse_accordion_9e8d90d_7\" aria-expanded=\"false\"\n\t\t\t\t\t\t   aria-controls=\"collapse_accordion_9e8d90d_7\">\n\t\t\t\t\t\t\tUN SERVICE DE NETTOYAGE EST-IL INCLUS DANS LE PRIX?\t\t\t\t\t\t<\/a>\n\t\t\t\t\t<\/h4>\n\t\t\t\t<\/div>\n\t\t\t\t<div id=\"collapse_accordion_9e8d90d_7\"\n\t\t\t\t\t class=\"panel-collapse collapse\"\n\t\t\t\t\t role=\"tabpanel\" aria-labelledby=\"heading_accordion_9e8d90d_7\">\n\t\t\t\t\t<div class=\"panel-body\">\n\t\t\t\t\t\t<p>Cela d\u00e9pend du type d'h\u00e9bergement que vous avez choisi:<\/p>\n<ul>\n<li><strong>H\u00e9bergement en auberge et h\u00f4tel<\/strong>: inclus.<\/li>\n<li><strong>Famille d'accueil espagnole<\/strong>: inclus qu\u2019un cycle de lessive par semaine.<\/li>\n<li><strong>Appartement priv\u00e9<\/strong>: le service de nettoyage peut \u00eatre inclus pour un suppl\u00e9ment de 35 \u20ac.<\/li>\n<li><strong>Appartement partag\u00e9<\/strong>:Non inclus. Les clients doivent maintenir la propret\u00e9 de l'appartement tout au long de leur s\u00e9jour<\/li>\n<\/ul>\n\t\t\t\t\t<\/div>\n\t\t\t\t<\/div>\n\t\t\t<\/div>\n\n\t\t\n\t\t\t<div class=\"panel panel-default\">\n\t\t\t\t<div class=\"panel-heading\" role=\"tab\"\n\t\t\t\t\t id=\"heading_accordion_9e8d90d_8\">\n\t\t\t\t\t<h4 class=\"panel-title\">\n\t\t\t\t\t\t<a role=\"button\" class=\"collapsed\" data-toggle=\"collapse\"\n\t\t\t\t\t\t   data-parent=\"#accordion_9e8d90d\"\n\t\t\t\t\t\t   href=\"#collapse_accordion_9e8d90d_8\" aria-expanded=\"false\"\n\t\t\t\t\t\t   aria-controls=\"collapse_accordion_9e8d90d_8\">\n\t\t\t\t\t\t\t\u00c0 QUI PUIS-JE PARLER CONCERNANT MON HEURE D&#039;ARRIV\u00c9E \u00c0 MON LOGEMENT ?\t\t\t\t\t\t<\/a>\n\t\t\t\t\t<\/h4>\n\t\t\t\t<\/div>\n\t\t\t\t<div id=\"collapse_accordion_9e8d90d_8\"\n\t\t\t\t\t class=\"panel-collapse collapse\"\n\t\t\t\t\t role=\"tabpanel\" aria-labelledby=\"heading_accordion_9e8d90d_8\">\n\t\t\t\t\t<div class=\"panel-body\">\n\t\t\t\t\t\t<p>Les d\u00e9tails de votre h\u00e9bergement vous seront envoy\u00e9s avec votre confirmation au plus tard 10 jours avant le d\u00e9but de votre cours.<\/p>\n<p>L'\u00e9cole propose \u00e9galement un num\u00e9ro de t\u00e9l\u00e9phone d'urgence 24h\/24.<\/p>\n<p> <strong>T\u00e9l:<\/strong> <a href=\"tel:0034687450577\" class=\"value\">(34) 687 450 577<\/a><\/p>\n\t\t\t\t\t<\/div>\n\t\t\t\t<\/div>\n\t\t\t<\/div>\n\n\t\t\n\t\t\t<div class=\"panel panel-default\">\n\t\t\t\t<div class=\"panel-heading\" role=\"tab\"\n\t\t\t\t\t id=\"heading_accordion_9e8d90d_9\">\n\t\t\t\t\t<h4 class=\"panel-title\">\n\t\t\t\t\t\t<a role=\"button\" class=\"collapsed\" data-toggle=\"collapse\"\n\t\t\t\t\t\t   data-parent=\"#accordion_9e8d90d\"\n\t\t\t\t\t\t   href=\"#collapse_accordion_9e8d90d_9\" aria-expanded=\"false\"\n\t\t\t\t\t\t   aria-controls=\"collapse_accordion_9e8d90d_9\">\n\t\t\t\t\t\t\tLES CHARGES D\u2019\u00c9LECTRICIT\u00c9 ET D\u2019EAU SONT-ELLES INCLUSES DANS LE PRIX DU LOGEMENT?\t\t\t\t\t\t<\/a>\n\t\t\t\t\t<\/h4>\n\t\t\t\t<\/div>\n\t\t\t\t<div id=\"collapse_accordion_9e8d90d_9\"\n\t\t\t\t\t class=\"panel-collapse collapse\"\n\t\t\t\t\t role=\"tabpanel\" aria-labelledby=\"heading_accordion_9e8d90d_9\">\n\t\t\t\t\t<div class=\"panel-body\">\n\t\t\t\t\t\t<p>Dans les h\u00e9bergements en colocation et en famille d'accueil, les charges d'\u00e9lectricit\u00e9 et d'eau sont incluses dans le prix.<\/p>\n<p>Dans l'option h\u00e9bergement en appartement priv\u00e9, les frais pouvant aller jusqu'\u00e0 30 \u20ac par mois sont inclus dans le prix.<\/p>\n<p>\nN'oubliez pas que vous \u00eates cens\u00e9 utiliser ces services de mani\u00e8re responsable.<\/p>\n\t\t\t\t\t<\/div>\n\t\t\t\t<\/div>\n\t\t\t<\/div>\n\n\t\t\n\t\t\t<div class=\"panel panel-default\">\n\t\t\t\t<div class=\"panel-heading\" role=\"tab\"\n\t\t\t\t\t id=\"heading_accordion_9e8d90d_10\">\n\t\t\t\t\t<h4 class=\"panel-title\">\n\t\t\t\t\t\t<a role=\"button\" class=\"collapsed\" data-toggle=\"collapse\"\n\t\t\t\t\t\t   data-parent=\"#accordion_9e8d90d\"\n\t\t\t\t\t\t   href=\"#collapse_accordion_9e8d90d_10\" aria-expanded=\"false\"\n\t\t\t\t\t\t   aria-controls=\"collapse_accordion_9e8d90d_10\">\n\t\t\t\t\t\t\tEN CAS DE PROBLEMES AVEC L&#039; H\u00c9BERGEMENT ?\t\t\t\t\t\t<\/a>\n\t\t\t\t\t<\/h4>\n\t\t\t\t<\/div>\n\t\t\t\t<div id=\"collapse_accordion_9e8d90d_10\"\n\t\t\t\t\t class=\"panel-collapse collapse\"\n\t\t\t\t\t role=\"tabpanel\" aria-labelledby=\"heading_accordion_9e8d90d_10\">\n\t\t\t\t\t<div class=\"panel-body\">\n\t\t\t\t\t\t<p>En cas de probl\u00e8mes, doutes ou questions, veuillez vous adresser au coordinateur de l'h\u00e9bergement.<\/p>\n<p>TLCd\u00e9nia fera tout son possible pour s\u2019assurer que votre s\u00e9jour soit le plus confortable possible.<\/p>\n\t\t\t\t\t<\/div>\n\t\t\t\t<\/div>\n\t\t\t<\/div>\n\n\t\t<\/div><\/div>\t\t\t\t<\/div>\n\t\t\t\t<\/div>\n\t\t\t\t\t<\/div>\n\t\t<\/div>\n\t\t\t\t\t<\/div>\n\t\t<\/section>\n\t\t\t\t<section class=\"elementor-section elementor-top-section elementor-element elementor-element-d8653e5 elementor-section-boxed elementor-section-height-default elementor-section-height-default\" data-id=\"d8653e5\" data-element_type=\"section\" data-e-type=\"section\">\n\t\t\t\t\t\t<div class=\"elementor-container elementor-column-gap-default\">\n\t\t\t\t\t<div class=\"elementor-column elementor-col-100 elementor-top-column elementor-element elementor-element-fee6ed3\" data-id=\"fee6ed3\" data-element_type=\"column\" data-e-type=\"column\">\n\t\t\t<div class=\"elementor-widget-wrap elementor-element-populated\">\n\t\t\t\t\t\t<div class=\"elementor-element elementor-element-716e8aa elementor-widget elementor-widget-text-editor\" data-id=\"716e8aa\" data-element_type=\"widget\" data-e-type=\"widget\" data-widget_type=\"text-editor.default\">\n\t\t\t\t<div class=\"elementor-widget-container\">\n\t\t\t\t\t\t\t\t\t<div class=\"thim-contact-faqs text-center\"><p class=\"MsoNormal\"><b><span lang=\"EN-US\">\u00a0<\/span><\/b><\/p><p class=\"MsoNormal\"><b>VOUS N&rsquo;AVEZ PAS TROUV\u00c9 VOTRE R\u00c9PONSE?<\/b> *<\/p><p>\n<div class=\"wpcf7 no-js\" id=\"wpcf7-f20796-o1\" lang=\"en-US\" dir=\"ltr\" data-wpcf7-id=\"20796\">\n<div class=\"screen-reader-response\"><p role=\"status\" aria-live=\"polite\" aria-atomic=\"true\"><\/p> <ul><\/ul><\/div>\n<form action=\"\/fr\/wp-json\/wp\/v2\/pages\/17342#wpcf7-f20796-o1\" method=\"post\" class=\"wpcf7-form init\" aria-label=\"Contact form\" novalidate=\"novalidate\" data-status=\"init\">\n<fieldset class=\"hidden-fields-container\"><input type=\"hidden\" name=\"_wpcf7\" value=\"20796\" \/><input type=\"hidden\" name=\"_wpcf7_version\" value=\"6.1.5\" \/><input type=\"hidden\" name=\"_wpcf7_locale\" value=\"en_US\" \/><input type=\"hidden\" name=\"_wpcf7_unit_tag\" value=\"wpcf7-f20796-o1\" \/><input type=\"hidden\" name=\"_wpcf7_container_post\" value=\"0\" \/><input type=\"hidden\" name=\"_wpcf7_posted_data_hash\" value=\"\" \/><input type=\"hidden\" name=\"_wpcf7_recaptcha_response\" value=\"\" \/>\n<\/fieldset>\n<p><strong>Pr\u00e9nom et nom<\/strong><br \/>\n<span class=\"wpcf7-form-control-wrap\" data-name=\"Yourname\"><input size=\"40\" maxlength=\"400\" class=\"wpcf7-form-control wpcf7-text wpcf7-validates-as-required\" aria-required=\"true\" aria-invalid=\"false\" placeholder=\"Nom\" value=\"\" type=\"text\" name=\"Yourname\" \/><\/span>\n<\/p>\n<p><strong>Votre Email<\/strong><br \/>\n<span class=\"wpcf7-form-control-wrap\" data-name=\"YourEmail\"><input size=\"40\" maxlength=\"400\" class=\"wpcf7-form-control wpcf7-email wpcf7-validates-as-required wpcf7-text wpcf7-validates-as-email\" aria-required=\"true\" aria-invalid=\"false\" placeholder=\"Email\" value=\"\" type=\"email\" name=\"YourEmail\" \/><\/span>\n<\/p>\n<p><strong>Subject<\/strong><br \/>\n<span class=\"wpcf7-form-control-wrap\" data-name=\"your-subject\"><input size=\"40\" maxlength=\"400\" class=\"wpcf7-form-control wpcf7-text wpcf7-validates-as-required\" aria-required=\"true\" aria-invalid=\"false\" placeholder=\"Avec quoi as tu besoin d&#039;aide?\" value=\"\" type=\"text\" name=\"your-subject\" \/><\/span>\n<\/p>\n<p><strong>Votre Message<\/strong><br \/>\n<span class=\"wpcf7-form-control-wrap\" data-name=\"your-message\"><textarea cols=\"40\" rows=\"10\" maxlength=\"2000\" class=\"wpcf7-form-control wpcf7-textarea wpcf7-validates-as-required\" aria-required=\"true\" aria-invalid=\"false\" placeholder=\"Dites-nous en plus sur vos doutes\" name=\"your-message\"><\/textarea><\/span>\n<\/p>\n<p><input class=\"wpcf7-form-control wpcf7-submit has-spinner\" type=\"submit\" value=\"Envoyer\" \/>\n<\/p><div class=\"wpcf7-response-output\" aria-hidden=\"true\"><\/div>\n<\/form>\n<\/div>\n<\/p><\/div>\t\t\t\t\t\t\t\t<\/div>\n\t\t\t\t<\/div>\n\t\t\t\t\t<\/div>\n\t\t<\/div>\n\t\t\t\t\t<\/div>\n\t\t<\/section>\n\t\t\t\t<\/div>\n\t\t","protected":false},"excerpt":{"rendered":"<p>R\u00c9PONSES \u00c0 TOUTES VOS QUESTIONS \u00c0 PROPOS DE NOS COURS QUAND PUIS-JE COMMENCER MES COURS? Vous pouvez commencer n&rsquo;importe quel lundi si vous avez d\u00e9j\u00e0 une certaine connaissance de l&rsquo;espagnol. Seuls les d\u00e9butants absolus doivent commencer leurs cours aux dates &hellip; <\/p>\n","protected":false},"author":3,"featured_media":17351,"parent":0,"menu_order":0,"comment_status":"closed","ping_status":"closed","template":"","meta":{"_acf_changed":false,"footnotes":""},"class_list":["post-17342","page","type-page","status-publish","has-post-thumbnail","hentry"],"acf":[],"yoast_head":"<!-- This site is optimized with the Yoast SEO plugin v26.9 - https:\/\/yoast.com\/product\/yoast-seo-wordpress\/ -->\n<title>FAQs - TLC D\u00e9nia<\/title>\n<meta name=\"robots\" content=\"index, follow, max-snippet:-1, max-image-preview:large, max-video-preview:-1\" \/>\n<link rel=\"canonical\" href=\"https:\/\/tlcdenia.com\/fr\/faqs\/\" \/>\n<meta property=\"og:locale\" content=\"fr_FR\" \/>\n<meta property=\"og:type\" content=\"article\" \/>\n<meta property=\"og:title\" content=\"FAQs - TLC D\u00e9nia\" \/>\n<meta property=\"og:description\" content=\"R\u00c9PONSES \u00c0 TOUTES VOS QUESTIONS \u00c0 PROPOS DE NOS COURS QUAND PUIS-JE COMMENCER MES COURS? Vous pouvez commencer n&rsquo;importe quel lundi si vous avez d\u00e9j\u00e0 une certaine connaissance de l&rsquo;espagnol. Seuls les d\u00e9butants absolus doivent commencer leurs cours aux dates &hellip;\" \/>\n<meta property=\"og:url\" content=\"https:\/\/tlcdenia.com\/fr\/faqs\/\" \/>\n<meta property=\"og:site_name\" content=\"\u00c9cole TLCd\u00e9nia - Site officiel\" \/>\n<meta property=\"article:modified_time\" content=\"2024-11-14T14:49:26+00:00\" \/>\n<meta property=\"og:image\" content=\"https:\/\/tlcdenia.com\/wp-content\/uploads\/2020\/07\/information-ecole-entete.png\" \/>\n\t<meta property=\"og:image:width\" content=\"1600\" \/>\n\t<meta property=\"og:image:height\" content=\"746\" \/>\n\t<meta property=\"og:image:type\" content=\"image\/png\" \/>\n<meta name=\"twitter:card\" content=\"summary_large_image\" \/>\n<meta name=\"twitter:label1\" content=\"Dur\u00e9e de lecture estim\u00e9e\" \/>\n\t<meta name=\"twitter:data1\" content=\"11 minutes\" \/>\n<script type=\"application\/ld+json\" class=\"yoast-schema-graph\">{\"@context\":\"https:\/\/schema.org\",\"@graph\":[{\"@type\":\"WebPage\",\"@id\":\"https:\/\/tlcdenia.com\/fr\/faqs\/\",\"url\":\"https:\/\/tlcdenia.com\/fr\/faqs\/\",\"name\":\"FAQs - TLC D\u00e9nia\",\"isPartOf\":{\"@id\":\"https:\/\/tlcdenia.com\/fr\/#website\"},\"primaryImageOfPage\":{\"@id\":\"https:\/\/tlcdenia.com\/fr\/faqs\/#primaryimage\"},\"image\":{\"@id\":\"https:\/\/tlcdenia.com\/fr\/faqs\/#primaryimage\"},\"thumbnailUrl\":\"https:\/\/tlcdenia.com\/wp-content\/uploads\/2020\/07\/information-ecole-entete.png\",\"datePublished\":\"2020-07-02T08:57:35+00:00\",\"dateModified\":\"2024-11-14T14:49:26+00:00\",\"breadcrumb\":{\"@id\":\"https:\/\/tlcdenia.com\/fr\/faqs\/#breadcrumb\"},\"inLanguage\":\"fr-FR\",\"potentialAction\":[{\"@type\":\"ReadAction\",\"target\":[\"https:\/\/tlcdenia.com\/fr\/faqs\/\"]}]},{\"@type\":\"ImageObject\",\"inLanguage\":\"fr-FR\",\"@id\":\"https:\/\/tlcdenia.com\/fr\/faqs\/#primaryimage\",\"url\":\"https:\/\/tlcdenia.com\/wp-content\/uploads\/2020\/07\/information-ecole-entete.png\",\"contentUrl\":\"https:\/\/tlcdenia.com\/wp-content\/uploads\/2020\/07\/information-ecole-entete.png\",\"width\":1600,\"height\":746,\"caption\":\"information ecole entete\"},{\"@type\":\"BreadcrumbList\",\"@id\":\"https:\/\/tlcdenia.com\/fr\/faqs\/#breadcrumb\",\"itemListElement\":[{\"@type\":\"ListItem\",\"position\":1,\"name\":\"Home\",\"item\":\"https:\/\/tlcdenia.com\/fr\/\"},{\"@type\":\"ListItem\",\"position\":2,\"name\":\"FAQs\"}]},{\"@type\":\"WebSite\",\"@id\":\"https:\/\/tlcdenia.com\/fr\/#website\",\"url\":\"https:\/\/tlcdenia.com\/fr\/\",\"name\":\"\u00c9cole TLCd\u00e9nia - Site officiel\",\"description\":\"Languages Center\",\"potentialAction\":[{\"@type\":\"SearchAction\",\"target\":{\"@type\":\"EntryPoint\",\"urlTemplate\":\"https:\/\/tlcdenia.com\/fr\/?s={search_term_string}\"},\"query-input\":{\"@type\":\"PropertyValueSpecification\",\"valueRequired\":true,\"valueName\":\"search_term_string\"}}],\"inLanguage\":\"fr-FR\"}]}<\/script>\n<!-- \/ Yoast SEO plugin. -->","yoast_head_json":{"title":"FAQs - TLC D\u00e9nia","robots":{"index":"index","follow":"follow","max-snippet":"max-snippet:-1","max-image-preview":"max-image-preview:large","max-video-preview":"max-video-preview:-1"},"canonical":"https:\/\/tlcdenia.com\/fr\/faqs\/","og_locale":"fr_FR","og_type":"article","og_title":"FAQs - TLC D\u00e9nia","og_description":"R\u00c9PONSES \u00c0 TOUTES VOS QUESTIONS \u00c0 PROPOS DE NOS COURS QUAND PUIS-JE COMMENCER MES COURS? Vous pouvez commencer n&rsquo;importe quel lundi si vous avez d\u00e9j\u00e0 une certaine connaissance de l&rsquo;espagnol. Seuls les d\u00e9butants absolus doivent commencer leurs cours aux dates &hellip;","og_url":"https:\/\/tlcdenia.com\/fr\/faqs\/","og_site_name":"\u00c9cole TLCd\u00e9nia - Site officiel","article_modified_time":"2024-11-14T14:49:26+00:00","og_image":[{"width":1600,"height":746,"url":"https:\/\/tlcdenia.com\/wp-content\/uploads\/2020\/07\/information-ecole-entete.png","type":"image\/png"}],"twitter_card":"summary_large_image","twitter_misc":{"Dur\u00e9e de lecture estim\u00e9e":"11 minutes"},"schema":{"@context":"https:\/\/schema.org","@graph":[{"@type":"WebPage","@id":"https:\/\/tlcdenia.com\/fr\/faqs\/","url":"https:\/\/tlcdenia.com\/fr\/faqs\/","name":"FAQs - TLC D\u00e9nia","isPartOf":{"@id":"https:\/\/tlcdenia.com\/fr\/#website"},"primaryImageOfPage":{"@id":"https:\/\/tlcdenia.com\/fr\/faqs\/#primaryimage"},"image":{"@id":"https:\/\/tlcdenia.com\/fr\/faqs\/#primaryimage"},"thumbnailUrl":"https:\/\/tlcdenia.com\/wp-content\/uploads\/2020\/07\/information-ecole-entete.png","datePublished":"2020-07-02T08:57:35+00:00","dateModified":"2024-11-14T14:49:26+00:00","breadcrumb":{"@id":"https:\/\/tlcdenia.com\/fr\/faqs\/#breadcrumb"},"inLanguage":"fr-FR","potentialAction":[{"@type":"ReadAction","target":["https:\/\/tlcdenia.com\/fr\/faqs\/"]}]},{"@type":"ImageObject","inLanguage":"fr-FR","@id":"https:\/\/tlcdenia.com\/fr\/faqs\/#primaryimage","url":"https:\/\/tlcdenia.com\/wp-content\/uploads\/2020\/07\/information-ecole-entete.png","contentUrl":"https:\/\/tlcdenia.com\/wp-content\/uploads\/2020\/07\/information-ecole-entete.png","width":1600,"height":746,"caption":"information ecole entete"},{"@type":"BreadcrumbList","@id":"https:\/\/tlcdenia.com\/fr\/faqs\/#breadcrumb","itemListElement":[{"@type":"ListItem","position":1,"name":"Home","item":"https:\/\/tlcdenia.com\/fr\/"},{"@type":"ListItem","position":2,"name":"FAQs"}]},{"@type":"WebSite","@id":"https:\/\/tlcdenia.com\/fr\/#website","url":"https:\/\/tlcdenia.com\/fr\/","name":"\u00c9cole TLCd\u00e9nia - Site officiel","description":"Languages Center","potentialAction":[{"@type":"SearchAction","target":{"@type":"EntryPoint","urlTemplate":"https:\/\/tlcdenia.com\/fr\/?s={search_term_string}"},"query-input":{"@type":"PropertyValueSpecification","valueRequired":true,"valueName":"search_term_string"}}],"inLanguage":"fr-FR"}]}},"_links":{"self":[{"href":"https:\/\/tlcdenia.com\/fr\/wp-json\/wp\/v2\/pages\/17342","targetHints":{"allow":["GET"]}}],"collection":[{"href":"https:\/\/tlcdenia.com\/fr\/wp-json\/wp\/v2\/pages"}],"about":[{"href":"https:\/\/tlcdenia.com\/fr\/wp-json\/wp\/v2\/types\/page"}],"author":[{"embeddable":true,"href":"https:\/\/tlcdenia.com\/fr\/wp-json\/wp\/v2\/users\/3"}],"replies":[{"embeddable":true,"href":"https:\/\/tlcdenia.com\/fr\/wp-json\/wp\/v2\/comments?post=17342"}],"version-history":[{"count":30,"href":"https:\/\/tlcdenia.com\/fr\/wp-json\/wp\/v2\/pages\/17342\/revisions"}],"predecessor-version":[{"id":94948,"href":"https:\/\/tlcdenia.com\/fr\/wp-json\/wp\/v2\/pages\/17342\/revisions\/94948"}],"wp:featuredmedia":[{"embeddable":true,"href":"https:\/\/tlcdenia.com\/fr\/wp-json\/wp\/v2\/media\/17351"}],"wp:attachment":[{"href":"https:\/\/tlcdenia.com\/fr\/wp-json\/wp\/v2\/media?parent=17342"}],"curies":[{"name":"wp","href":"https:\/\/api.w.org\/{rel}","templated":true}]}}