{"id":16086,"date":"2020-12-02T10:00:13","date_gmt":"2020-12-02T10:00:13","guid":{"rendered":"https:\/\/tlcdenia.xyz\/?post_type=lp_course&#038;p=16086"},"modified":"2025-12-09T11:34:27","modified_gmt":"2025-12-09T11:34:27","slug":"espagnol-intensif-30","status":"publish","type":"lp_course","link":"https:\/\/tlcdenia.com\/fr\/course\/espagnol-intensif-30\/","title":{"rendered":"Espagnol Intensif 30"},"content":{"rendered":"<h4><strong>COURS D\u2019ESPAGNOL INTENSIF 30:<\/strong><\/h4>\n<hr \/>\n<p><strong> N\u00ba de le\u00e7ons<\/strong>: 30 le\u00e7ons par semaine. 1 le\u00e7on = 45 minutes<br \/>\n<strong>Horaire:<\/strong> du lundi au vendredi, de 9:30 \u00e0 12:45 et de 13:00 \u00e0 14:30*<br \/>\n(*Il pourrait y avoir des changements d&rsquo;horaire)<br \/>\n<strong>N\u00ba d&rsquo;\u00e9tudiants:<\/strong> 12 maximum par classe<br \/>\n<strong>Niveaux d\u2019espagnol<\/strong>: A1-C2<br \/>\n<strong>Dur\u00e9e<\/strong>: \u00c0 partir de 1 semaine. Vous choisirez le nombre de semaines.<br \/>\n<strong>Dates de d\u00e9buts:<\/strong> Chaque lundi, sauf pour les d\u00e9butants qui devront commencer \u00e0 des dates pr\u00e9cises. Une r\u00e9servation pr\u00e9alable est requise.<br \/>\nD\u00e9butants : <a href=\"https:\/\/tlcdenia.com\/fr\/dates-et-horaires\/\" target=\"_blank\" rel=\"noopener noreferrer\">consultez ici les dates de d\u00e9but pour les d\u00e9butants<\/a><\/p>\n<p>&nbsp;<\/p>\n<div class=\"thim-widget-button thim-widget-button-base template-base\"><a class=\"widget-button no-border normal custom_style position-after\" style=\"font-size: 14px; font-weight: bold; color: #ffffff; background-color: #f42213;\" href=\"https:\/\/tlcdenia.com\/fr\/reservation\/\" target=\"_blank\" rel=\"noopener noreferrer\" data-hover=\"font-size: 14px;font-weight: bold;color: #ffffff;background-color: #cb1609;\">R\u00c9SERVEZ CE COURS<i class=\"fa fa-arrow-circle-right\" style=\"font-size: 14px;\"><\/i> <\/a><\/div>\n<div><\/div>\n<div>\n<p><iframe title=\"Cours intensifs d&#039;espagnol en Espagne, \u00e0 D\u00e9nia - \u00c9cole TLCd\u00e9nia\" width=\"640\" height=\"360\" src=\"https:\/\/www.youtube.com\/embed\/gPxU0q5fsiw?feature=oembed\" frameborder=\"0\" allow=\"accelerometer; autoplay; clipboard-write; encrypted-media; gyroscope; picture-in-picture; web-share\" referrerpolicy=\"strict-origin-when-cross-origin\" allowfullscreen><\/iframe><\/p>\n<\/div>\n<hr \/>\n<h4 style=\"text-align: left;\"><strong><span style=\"color: #0480b6;\">\u00a0<\/span><\/strong>DESCRIPTION DU COURS<\/h4>\n<p style=\"text-align: left;\">Notre <strong>cours d\u2019espagnol intensif 30<\/strong> dispose de 30 le\u00e7ons par semaine, 6 le\u00e7ons de 45 minutes par jour, du Lundi au Vendredi.<\/p>\n<p>&#8211; Durant la premi\u00e8re partie, de 9:30 \u00e0 12:45, les \u00e9tudiants travaillent en groupe les quatre comp\u00e9tences communicatives: Parler, \u00c9couter, Lire et \u00c9crire.<\/p>\n<p>&#8211; Durant la seconde partie, de 13:00 \u00e0 14:30, il peut y avoir des \u00e9tudiants de diff\u00e9rents groupes et chaque \u00e9tudiant travaillera selon ses besoins personnels: grammaire et exercices sp\u00e9cifiques. L&rsquo;\u00e9tudiant aura la chance de progresser plus rapidement avec du mat\u00e9riel compl\u00e9mentaire, exercices de grammaire et nouveau vocabulaire . Il ne s&rsquo;agit pas d&rsquo;une classe de conversations, mais plut\u00f4t d&rsquo;une opportunit\u00e9 de renforcer ses comp\u00e9tences linguistiques.<\/p>\n<h4>CE COURS COMPREND:<\/h4>\n<ul class=\"thim-list-content\">\n<li>Test de niveau d&rsquo;espagnol.<\/li>\n<li>Manuel de pr\u00eat.<\/li>\n<li>Mat\u00e9riel de pr\u00eat suppl\u00e9mentaire.<\/li>\n<li>Pack de bienvenue.<\/li>\n<li>Certificat de participation.<\/li>\n<li>Internet WIFI.<\/li>\n<li>Num\u00e9ro d&rsquo;urgence 24 heures.<\/li>\n<li>Activit\u00e9s socioculturelles extrascolaires.<\/li>\n<li>Biblioth\u00e8que : pr\u00eat de livres de lecture.<\/li>\n<\/ul>\n<p>&nbsp;<\/p>\n<h4>PRIX COURS INTENSIF 30:<\/h4>\n<p style=\"text-align: left;\">\n<style type=\"text\/css\">@media screen and (max-width: 767px) {.tg {width: auto !important;}.tg col {width: auto !important;}.tg-wrap {overflow-x: auto;-webkit-overflow-scrolling: touch;}}<\/style>\n<\/p>\n<div class=\"tg-wrap\">\n<table class=\"tg\" style=\"border-collapse: collapse; border-spacing: 0;\">\n<thead>\n<tr>\n<th style=\"background-color: #222222; color: #ffffff; font-family: Arial, Helvetica, sans-serif !important; font-size: 28px; font-weight: bold; overflow: hidden; padding: 10px 5px; text-align: center; vertical-align: top; word-break: normal; border: 1px solid inherit;\">COURS D&rsquo;ESPAGNOL INTENSIF 30<\/th>\n<\/tr>\n<\/thead>\n<tbody>\n<tr>\n<td style=\"background-color: #222222; color: #ffffff; font-family: Arial, Helvetica, sans-serif !important; font-size: 14px; overflow: hidden; padding: 10px 5px; text-align: center; vertical-align: top; word-break: normal; border: 1px solid inherit;\">Prix pour un forfait de une \u00e0 plusieurs semaines<\/td>\n<\/tr>\n<tr>\n<td style=\"background-color: #f5f5f5; font-family: Arial, Helvetica, sans-serif !important; font-size: 16px; overflow: hidden; padding: 10px 5px; text-align: center; vertical-align: top; word-break: normal; border: 1px solid inherit;\">1 semaine = 315 \u20ac<\/td>\n<\/tr>\n<tr>\n<td style=\"background-color: #f5f5f5; font-family: Arial, Helvetica, sans-serif !important; font-size: 16px; overflow: hidden; padding: 10px 5px; text-align: center; vertical-align: top; word-break: normal; border: 1px solid inherit;\">2 semaines = 580 \u20ac<\/td>\n<\/tr>\n<tr>\n<td style=\"background-color: #f5f5f5; font-family: Arial, Helvetica, sans-serif !important; font-size: 16px; overflow: hidden; padding: 10px 5px; text-align: center; vertical-align: top; word-break: normal; border: 1px solid inherit;\">3 semaines = 790 \u20ac<\/td>\n<\/tr>\n<tr>\n<td style=\"background-color: #f5f5f5; font-family: Arial, Helvetica, sans-serif !important; font-size: 16px; overflow: hidden; padding: 10px 5px; text-align: center; vertical-align: top; word-break: normal; border: 1px solid inherit;\">4 semaines = 995 \u20ac<\/td>\n<\/tr>\n<tr>\n<td style=\"background-color: #0480b6; font-family: Arial, sans-serif; font-size: 14px; overflow: hidden; padding: 10px 5px; text-align: left; vertical-align: top; word-break: normal; border: 1px solid inherit;\"><\/td>\n<\/tr>\n<\/tbody>\n<\/table>\n<\/div>\n<p>+ 40\u20ac frais d&rsquo;inscription<\/p>\n<p>&nbsp;<\/p>\n<div class=\"thim-widget-button thim-widget-button-base template-base\"><a class=\"widget-button no-border normal custom_style position-after\" style=\"font-size: 14px; font-weight: bold; color: #ffffff; background-color: #f42213;\" href=\"https:\/\/tlcdenia.com\/fr\/reservation\/\" target=\"_blank\" rel=\"noopener noreferrer\" data-hover=\"font-size: 14px;font-weight: bold;color: #ffffff;background-color: #cb1609;\">R\u00c9SERVEZ CE COURS<i class=\"fa fa-arrow-circle-right\" style=\"font-size: 14px;\"><\/i> <\/a><\/div>\n","protected":false},"excerpt":{"rendered":"<p>COURS D\u2019ESPAGNOL INTENSIF 30: N\u00ba de le\u00e7ons: 30 le\u00e7ons par semaine. 1 le\u00e7on = 45 minutes Horaire: du lundi au vendredi, de 9:30 \u00e0 12:45 et de 13:00 \u00e0 14:30* (*Il pourrait y avoir des changements d&rsquo;horaire) N\u00ba d&rsquo;\u00e9tudiants: 12 &hellip; <\/p>\n","protected":false},"author":6,"featured_media":16314,"comment_status":"closed","ping_status":"closed","template":"","course_category":[118,281,282],"course_tag":[],"class_list":["post-16086","lp_course","type-lp_course","status-publish","has-post-thumbnail","hentry","course_category-cours-intensifs","course_category-espagnol-pour-adultes","course_category-espagnol-pour-les-debutants","course"],"acf":[],"yoast_head":"<!-- This site is optimized with the Yoast SEO plugin v26.9 - https:\/\/yoast.com\/product\/yoast-seo-wordpress\/ -->\n<title>Cours espagnol 30 | Cours intensifs d&#039;espagnol en Espagna - TLCd\u00e9nia<\/title>\n<meta name=\"description\" content=\"Cours d&#039;espagnol intensif qui combine l&#039;espagnol g\u00e9n\u00e9ral en groupe et 1 le\u00e7on priv\u00e9e par jour de culture espagnole. Nous sommes \u00e0 Denia, en Espagne.\" \/>\n<meta name=\"robots\" content=\"index, follow, max-snippet:-1, max-image-preview:large, max-video-preview:-1\" \/>\n<link rel=\"canonical\" href=\"https:\/\/tlcdenia.com\/fr\/course\/espagnol-intensif-30\/\" \/>\n<meta property=\"og:locale\" content=\"fr_FR\" \/>\n<meta property=\"og:type\" content=\"article\" \/>\n<meta property=\"og:title\" content=\"Cours espagnol 30 | Cours intensifs d&#039;espagnol en Espagna - TLCd\u00e9nia\" \/>\n<meta property=\"og:description\" content=\"Cours d&#039;espagnol intensif qui combine l&#039;espagnol g\u00e9n\u00e9ral en groupe et 1 le\u00e7on priv\u00e9e par jour de culture espagnole. Nous sommes \u00e0 Denia, en Espagne.\" \/>\n<meta property=\"og:url\" content=\"https:\/\/tlcdenia.com\/fr\/course\/espagnol-intensif-30\/\" \/>\n<meta property=\"og:site_name\" content=\"\u00c9cole TLCd\u00e9nia - Site officiel\" \/>\n<meta property=\"article:modified_time\" content=\"2025-12-09T11:34:27+00:00\" \/>\n<meta property=\"og:image\" content=\"https:\/\/tlcdenia.com\/wp-content\/uploads\/2020\/05\/espagnol-intensif-30.jpg\" \/>\n\t<meta property=\"og:image:width\" content=\"1000\" \/>\n\t<meta property=\"og:image:height\" content=\"665\" \/>\n\t<meta property=\"og:image:type\" content=\"image\/jpeg\" \/>\n<meta name=\"twitter:card\" content=\"summary_large_image\" \/>\n<meta name=\"twitter:label1\" content=\"Dur\u00e9e de lecture estim\u00e9e\" \/>\n\t<meta name=\"twitter:data1\" content=\"2 minutes\" \/>\n<script type=\"application\/ld+json\" class=\"yoast-schema-graph\">{\"@context\":\"https:\/\/schema.org\",\"@graph\":[{\"@type\":\"WebPage\",\"@id\":\"https:\/\/tlcdenia.com\/fr\/course\/espagnol-intensif-30\/\",\"url\":\"https:\/\/tlcdenia.com\/fr\/course\/espagnol-intensif-30\/\",\"name\":\"Cours espagnol 30 | Cours intensifs d'espagnol en Espagna - TLCd\u00e9nia\",\"isPartOf\":{\"@id\":\"https:\/\/tlcdenia.com\/fr\/#website\"},\"primaryImageOfPage\":{\"@id\":\"https:\/\/tlcdenia.com\/fr\/course\/espagnol-intensif-30\/#primaryimage\"},\"image\":{\"@id\":\"https:\/\/tlcdenia.com\/fr\/course\/espagnol-intensif-30\/#primaryimage\"},\"thumbnailUrl\":\"https:\/\/tlcdenia.com\/wp-content\/uploads\/2020\/05\/espagnol-intensif-30.jpg\",\"datePublished\":\"2020-12-02T10:00:13+00:00\",\"dateModified\":\"2025-12-09T11:34:27+00:00\",\"description\":\"Cours d'espagnol intensif qui combine l'espagnol g\u00e9n\u00e9ral en groupe et 1 le\u00e7on priv\u00e9e par jour de culture espagnole. Nous sommes \u00e0 Denia, en Espagne.\",\"breadcrumb\":{\"@id\":\"https:\/\/tlcdenia.com\/fr\/course\/espagnol-intensif-30\/#breadcrumb\"},\"inLanguage\":\"fr-FR\",\"potentialAction\":[{\"@type\":\"ReadAction\",\"target\":[\"https:\/\/tlcdenia.com\/fr\/course\/espagnol-intensif-30\/\"]}]},{\"@type\":\"ImageObject\",\"inLanguage\":\"fr-FR\",\"@id\":\"https:\/\/tlcdenia.com\/fr\/course\/espagnol-intensif-30\/#primaryimage\",\"url\":\"https:\/\/tlcdenia.com\/wp-content\/uploads\/2020\/05\/espagnol-intensif-30.jpg\",\"contentUrl\":\"https:\/\/tlcdenia.com\/wp-content\/uploads\/2020\/05\/espagnol-intensif-30.jpg\",\"width\":1000,\"height\":665,\"caption\":\"\u00e9tudiantes participant au cours d'espagnol intensif 30\"},{\"@type\":\"BreadcrumbList\",\"@id\":\"https:\/\/tlcdenia.com\/fr\/course\/espagnol-intensif-30\/#breadcrumb\",\"itemListElement\":[{\"@type\":\"ListItem\",\"position\":1,\"name\":\"Home\",\"item\":\"https:\/\/tlcdenia.com\/fr\/\"},{\"@type\":\"ListItem\",\"position\":2,\"name\":\"Cours\",\"item\":\"https:\/\/tlcdenia.com\/fr\/all-our-spanish-courses\/\"},{\"@type\":\"ListItem\",\"position\":3,\"name\":\"Espagnol Intensif 30\"}]},{\"@type\":\"WebSite\",\"@id\":\"https:\/\/tlcdenia.com\/fr\/#website\",\"url\":\"https:\/\/tlcdenia.com\/fr\/\",\"name\":\"\u00c9cole TLCd\u00e9nia - Site officiel\",\"description\":\"Languages Center\",\"potentialAction\":[{\"@type\":\"SearchAction\",\"target\":{\"@type\":\"EntryPoint\",\"urlTemplate\":\"https:\/\/tlcdenia.com\/fr\/?s={search_term_string}\"},\"query-input\":{\"@type\":\"PropertyValueSpecification\",\"valueRequired\":true,\"valueName\":\"search_term_string\"}}],\"inLanguage\":\"fr-FR\"}]}<\/script>\n<!-- \/ Yoast SEO plugin. -->","yoast_head_json":{"title":"Cours espagnol 30 | Cours intensifs d'espagnol en Espagna - TLCd\u00e9nia","description":"Cours d'espagnol intensif qui combine l'espagnol g\u00e9n\u00e9ral en groupe et 1 le\u00e7on priv\u00e9e par jour de culture espagnole. Nous sommes \u00e0 Denia, en Espagne.","robots":{"index":"index","follow":"follow","max-snippet":"max-snippet:-1","max-image-preview":"max-image-preview:large","max-video-preview":"max-video-preview:-1"},"canonical":"https:\/\/tlcdenia.com\/fr\/course\/espagnol-intensif-30\/","og_locale":"fr_FR","og_type":"article","og_title":"Cours espagnol 30 | Cours intensifs d'espagnol en Espagna - TLCd\u00e9nia","og_description":"Cours d'espagnol intensif qui combine l'espagnol g\u00e9n\u00e9ral en groupe et 1 le\u00e7on priv\u00e9e par jour de culture espagnole. Nous sommes \u00e0 Denia, en Espagne.","og_url":"https:\/\/tlcdenia.com\/fr\/course\/espagnol-intensif-30\/","og_site_name":"\u00c9cole TLCd\u00e9nia - Site officiel","article_modified_time":"2025-12-09T11:34:27+00:00","og_image":[{"width":1000,"height":665,"url":"https:\/\/tlcdenia.com\/wp-content\/uploads\/2020\/05\/espagnol-intensif-30.jpg","type":"image\/jpeg"}],"twitter_card":"summary_large_image","twitter_misc":{"Dur\u00e9e de lecture estim\u00e9e":"2 minutes"},"schema":{"@context":"https:\/\/schema.org","@graph":[{"@type":"WebPage","@id":"https:\/\/tlcdenia.com\/fr\/course\/espagnol-intensif-30\/","url":"https:\/\/tlcdenia.com\/fr\/course\/espagnol-intensif-30\/","name":"Cours espagnol 30 | Cours intensifs d'espagnol en Espagna - TLCd\u00e9nia","isPartOf":{"@id":"https:\/\/tlcdenia.com\/fr\/#website"},"primaryImageOfPage":{"@id":"https:\/\/tlcdenia.com\/fr\/course\/espagnol-intensif-30\/#primaryimage"},"image":{"@id":"https:\/\/tlcdenia.com\/fr\/course\/espagnol-intensif-30\/#primaryimage"},"thumbnailUrl":"https:\/\/tlcdenia.com\/wp-content\/uploads\/2020\/05\/espagnol-intensif-30.jpg","datePublished":"2020-12-02T10:00:13+00:00","dateModified":"2025-12-09T11:34:27+00:00","description":"Cours d'espagnol intensif qui combine l'espagnol g\u00e9n\u00e9ral en groupe et 1 le\u00e7on priv\u00e9e par jour de culture espagnole. Nous sommes \u00e0 Denia, en Espagne.","breadcrumb":{"@id":"https:\/\/tlcdenia.com\/fr\/course\/espagnol-intensif-30\/#breadcrumb"},"inLanguage":"fr-FR","potentialAction":[{"@type":"ReadAction","target":["https:\/\/tlcdenia.com\/fr\/course\/espagnol-intensif-30\/"]}]},{"@type":"ImageObject","inLanguage":"fr-FR","@id":"https:\/\/tlcdenia.com\/fr\/course\/espagnol-intensif-30\/#primaryimage","url":"https:\/\/tlcdenia.com\/wp-content\/uploads\/2020\/05\/espagnol-intensif-30.jpg","contentUrl":"https:\/\/tlcdenia.com\/wp-content\/uploads\/2020\/05\/espagnol-intensif-30.jpg","width":1000,"height":665,"caption":"\u00e9tudiantes participant au cours d'espagnol intensif 30"},{"@type":"BreadcrumbList","@id":"https:\/\/tlcdenia.com\/fr\/course\/espagnol-intensif-30\/#breadcrumb","itemListElement":[{"@type":"ListItem","position":1,"name":"Home","item":"https:\/\/tlcdenia.com\/fr\/"},{"@type":"ListItem","position":2,"name":"Cours","item":"https:\/\/tlcdenia.com\/fr\/all-our-spanish-courses\/"},{"@type":"ListItem","position":3,"name":"Espagnol Intensif 30"}]},{"@type":"WebSite","@id":"https:\/\/tlcdenia.com\/fr\/#website","url":"https:\/\/tlcdenia.com\/fr\/","name":"\u00c9cole TLCd\u00e9nia - Site officiel","description":"Languages Center","potentialAction":[{"@type":"SearchAction","target":{"@type":"EntryPoint","urlTemplate":"https:\/\/tlcdenia.com\/fr\/?s={search_term_string}"},"query-input":{"@type":"PropertyValueSpecification","valueRequired":true,"valueName":"search_term_string"}}],"inLanguage":"fr-FR"}]}},"_links":{"self":[{"href":"https:\/\/tlcdenia.com\/fr\/wp-json\/wp\/v2\/lp_course\/16086","targetHints":{"allow":["GET"]}}],"collection":[{"href":"https:\/\/tlcdenia.com\/fr\/wp-json\/wp\/v2\/lp_course"}],"about":[{"href":"https:\/\/tlcdenia.com\/fr\/wp-json\/wp\/v2\/types\/lp_course"}],"author":[{"embeddable":true,"href":"https:\/\/tlcdenia.com\/fr\/wp-json\/wp\/v2\/users\/6"}],"replies":[{"embeddable":true,"href":"https:\/\/tlcdenia.com\/fr\/wp-json\/wp\/v2\/comments?post=16086"}],"version-history":[{"count":31,"href":"https:\/\/tlcdenia.com\/fr\/wp-json\/wp\/v2\/lp_course\/16086\/revisions"}],"predecessor-version":[{"id":111228,"href":"https:\/\/tlcdenia.com\/fr\/wp-json\/wp\/v2\/lp_course\/16086\/revisions\/111228"}],"wp:featuredmedia":[{"embeddable":true,"href":"https:\/\/tlcdenia.com\/fr\/wp-json\/wp\/v2\/media\/16314"}],"wp:attachment":[{"href":"https:\/\/tlcdenia.com\/fr\/wp-json\/wp\/v2\/media?parent=16086"}],"wp:term":[{"taxonomy":"course_category","embeddable":true,"href":"https:\/\/tlcdenia.com\/fr\/wp-json\/wp\/v2\/course_category?post=16086"},{"taxonomy":"course_tag","embeddable":true,"href":"https:\/\/tlcdenia.com\/fr\/wp-json\/wp\/v2\/course_tag?post=16086"}],"curies":[{"name":"wp","href":"https:\/\/api.w.org\/{rel}","templated":true}]}}