{"id":25393,"date":"2021-04-07T08:40:45","date_gmt":"2021-04-07T08:40:45","guid":{"rendered":"https:\/\/tlcdenia.xyz\/?post_type=lp_course&#038;p=25393"},"modified":"2026-02-24T14:58:23","modified_gmt":"2026-02-24T14:58:23","slug":"spanisch-intensiv-30-bildungsurlaub","status":"publish","type":"lp_course","link":"https:\/\/tlcdenia.com\/de\/course\/spanisch-intensiv-30-bildungsurlaub\/","title":{"rendered":"Spanischkurs Bildungsurlaub Intensiv 30"},"content":{"rendered":"<h4 style=\"margin: 0cm; line-height: 19.2pt; background: white;\"><strong><span lang=\"de\" style=\"font-size: 13.5pt; font-family: 'Roboto',serif; color: #333333; text-transform: uppercase;\">SPANISCHKURS INTENSIV 30:<\/span><\/strong><strong> BILDUNGSURLAUB<\/strong><\/h4>\n<hr \/>\n<p><strong>Unterrichtsstunden: <\/strong>30 Unterrichtsstunden pro Woche. 1 Stunde <strong>= <\/strong>45 Minuten<strong><br \/>\nStundenplan<\/strong>: in der Regel Montag bis Freitag von 9.30 Uhr bis 12.45 Uhr und von 13.00 bis 14.30 Uhr<br \/>\n(*Dieser Zeitplan kann unter Umst\u00e4nde ge\u00e4ndert werden)<br \/>\n<strong>Teilnehmerzahl<\/strong>: h\u00f6chstens 12<br \/>\n<strong>Spanischniveau :<\/strong> A1-C2<br \/>\n<strong>Dauer: <\/strong>ab einer (1) bis zu mehreren Wochen. Es besteht die M\u00f6glichkeit, die Anzahl der Wochen auszuw\u00e4hlen<br \/>\n<strong>Kursbeginn<\/strong>: am jeweiligen Montag f\u00fcr nicht Anf\u00e4nger* (Anmeldung im Voraus).<br \/>\n*Absolute Anf\u00e4nger: <a href=\"https:\/\/tlcdenia.com\/de\/termine-und-stundenplane\/\" target=\"_blank\" rel=\"noopener noreferrer\">\u00dcberpr\u00fcfen Sie hier die Kursstartdaten<\/a><\/p>\n<div class=\"thim-widget-button thim-widget-button-base template-base\"><a class=\"widget-button no-border normal custom_style position-after\" style=\"font-size: 14px; font-weight: bold; color: #ffffff; background-color: #f42213;\" href=\"https:\/\/tlcdenia.com\/de\/kurs-buchen\/\" target=\"_blank\" rel=\"noopener noreferrer\" data-hover=\"font-size: 14px;font-weight: bold;color: #ffffff;background-color: #cb1609;\">BUCHEN SIE DIESEN KURS<i class=\"fa fa-arrow-circle-right\" style=\"font-size: 14px;\"><\/i> <\/a><\/div>\n<hr \/>\n<h4>COURSE DESCRIPTION:<\/h4>\n<p><img decoding=\"async\" class=\"wp-image-10101 size-full alignleft\" src=\"https:\/\/tlcdenia.com\/wp-content\/uploads\/2019\/12\/Spanish-Bildungsurlaub-logo.jpg\" alt=\"Bildungsurlaub programe logo \" width=\"200\" height=\"188\" \/><\/p>\n<p>Der <strong>Spanisch Intensivkurs 30<\/strong> besteht aus 30 Lektionen pro Woche, 6 Lektionen \u00e0 45 Minuten pro Tag von Montag bis Freitag.<\/p>\n<p>&#8211; W\u00e4hrend des ersten Teils, normalerweise von 9:30 bis 12:45 Uhr, arbeiten die Sch\u00fcler in einer Gruppe mit allen vier Kommunikationsf\u00e4higkeiten: Sprechen, Zuh\u00f6ren, Lesen und Schreiben.<\/p>\n<p>&#8211; W\u00e4hrend des zweiten Teils, normalerweise von 13.00 bis 14.30 Uhr, gibt es m\u00f6glicherweise Sch\u00fcler aus verschiedenen Gruppen, und jeder Sch\u00fcler arbeitet mit pers\u00f6nlichen Bed\u00fcrfnissen: spezifischer Grammatik und \u00dcbungen. Der Sch\u00fcler hat die M\u00f6glichkeit, mit erg\u00e4nzendem Material, Grammatik\u00fcbungen und neuem Wortschatz in der Sprache weiter und schneller voranzukommen. Dies ist keine Konversationsklasse, sondern eine Gelegenheit, die anderen Sprachkenntnisse zu st\u00e4rken.<\/p>\n<p>Es gibt maximal 10 Sch\u00fcler pro Klasse, aber der Durchschnitt liegt normalerweise bei 6 oder 7 Sch\u00fclern pro Klassenzimmer. Dies ist praktisch f\u00fcr deutsche Berufst\u00e4tige, die am Bildungsurlaub teilnehmen.<\/p>\n<p><strong>Bildungsurlaub:<\/strong><br \/>\nDieser Spanischkurs, bestehend aus 30 Einheiten, ist speziell f\u00fcr:<br \/>\nBerufst\u00e4tige aus allen Sparten, die Spanisch brauchen und normalerweise \u00fcber eine sehr begrenzte Zeit zum Erlernen der Sprache verf\u00fcgen, aber dennoch m\u00f6glichst viel von ihrem Aufenthalt profitieren wollen oder Studierende, die ihre Kenntnisse wiederholen oder erweitern wollen.<br \/>\nTeilnehmer f\u00fcr Bildungsurlaub in Hessen, Niedersachsen und Bundesl\u00e4ndern, die 8 Lektionen bzw. 6 Zeitstunden t\u00e4glich verlangen, m\u00fcssen von 17.00-18.30 an den zus\u00e4tzlichen kulturellen und landeskundlichen Lektionen teilnehmen, die anderen Teilnehmern optional angeboten werden.<\/p>\n<p><strong>DIESER LEHRGANG UMFASST:<\/strong><\/p>\n<ul>\n<li>Einstufungstest<\/li>\n<li>ein ausgeliehenes Lehrbuch<\/li>\n<li>zus\u00e4tzliches Lehrmaterial<\/li>\n<li>Begr\u00fc\u00dfungspacket<\/li>\n<li>Anwesenheitsbescheinigung nach dem Kurs<\/li>\n<li>24h Notrufnummer f\u00fcr Notf\u00e4lle<\/li>\n<li>au\u00dferschulische soziale und kulturelle T\u00e4tigkeiten<\/li>\n<li>Bibliothek: B\u00fccher auf Spanisch zum Ausleihen<\/li>\n<\/ul>\n<p>&nbsp;<\/p>\n<h4>PREISE INTENSIV 30 KURS:<\/h4>\n<p style=\"text-align: left;\">\n<style type=\"text\/css\">@media screen and (max-width: 767px) {.tg {width: auto !important;}.tg col {width: auto !important;}.tg-wrap {overflow-x: auto;-webkit-overflow-scrolling: touch;}}<\/style>\n<\/p>\n<div class=\"tg-wrap\">\n<table class=\"tg\" style=\"border-collapse: collapse; border-spacing: 0;\">\n<thead>\n<tr>\n<th style=\"background-color: #222222; color: #ffffff; font-family: Arial, Helvetica, sans-serif !important; font-size: 28px; font-weight: bold; overflow: hidden; padding: 10px 5px; text-align: center; vertical-align: top; word-break: normal; border: 1px solid inherit;\">INTENSIVKURS SPANISCH 30<\/th>\n<\/tr>\n<\/thead>\n<tbody>\n<tr>\n<td style=\"background-color: #222222; color: #ffffff; font-family: Arial, Helvetica, sans-serif !important; font-size: 14px; overflow: hidden; padding: 10px 5px; text-align: center; vertical-align: top; word-break: normal; border: 1px solid inherit;\">Preis pro Wochenset<\/td>\n<\/tr>\n<tr>\n<td style=\"background-color: #f5f5f5; font-family: Arial, Helvetica, sans-serif !important; font-size: 16px; overflow: hidden; padding: 10px 5px; text-align: center; vertical-align: top; word-break: normal; border: 1px solid inherit;\">1 Woche = 315 \u20ac<\/td>\n<\/tr>\n<tr>\n<td style=\"background-color: #f5f5f5; font-family: Arial, Helvetica, sans-serif !important; font-size: 16px; overflow: hidden; padding: 10px 5px; text-align: center; vertical-align: top; word-break: normal; border: 1px solid inherit;\">2 Wochen = 580 \u20ac<\/td>\n<\/tr>\n<tr>\n<td style=\"background-color: #f5f5f5; font-family: Arial, Helvetica, sans-serif !important; font-size: 16px; overflow: hidden; padding: 10px 5px; text-align: center; vertical-align: top; word-break: normal; border: 1px solid inherit;\">3 Wochen = 790 \u20ac<\/td>\n<\/tr>\n<tr>\n<td style=\"background-color: #f5f5f5; font-family: Arial, Helvetica, sans-serif !important; font-size: 16px; overflow: hidden; padding: 10px 5px; text-align: center; vertical-align: top; word-break: normal; border: 1px solid inherit;\">4 Wochen = 995 \u20ac<\/td>\n<\/tr>\n<tr>\n<td style=\"background-color: #0480b6; font-family: Arial, sans-serif; font-size: 14px; overflow: hidden; padding: 10px 5px; text-align: left; vertical-align: top; word-break: normal; border: 1px solid inherit;\"><\/td>\n<\/tr>\n<\/tbody>\n<\/table>\n<\/div>\n<p>Die Einschreibegeb\u00fchr betr\u00e4gt 40 Euro.<\/p>\n<div class=\"thim-widget-button thim-widget-button-base template-base\"><a class=\"widget-button no-border normal custom_style position-after\" style=\"font-size: 14px; font-weight: bold; color: #ffffff; background-color: #f42213;\" href=\"https:\/\/tlcdenia.com\/de\/kurs-buchen\/\" target=\"_blank\" rel=\"noopener noreferrer\" data-hover=\"font-size: 14px;font-weight: bold;color: #ffffff;background-color: #cb1609;\">BUCHEN SIE DIESEN KURS<i class=\"fa fa-arrow-circle-right\" style=\"font-size: 14px;\"><\/i> <\/a><\/div>\n<p>&nbsp;<\/p>\n<div class=\"thim-widget-button thim-widget-button-base template-base\">\n<div><\/div>\n<div>\n<h2>BILDUNGSURLAUB SPANISCHKURSE IN SPANIEN: L\u00c4NDERSPEZIFISCHE BEGEBENHEITEN<\/h2>\n<div class=\"thim-widget-button thim-widget-button-base template-base\">\n<p><a class=\"widget-button no-border normal custom_style position-after\" style=\"font-size: 14px; font-weight: bold; color: #ffffff; background-color: #f42213;\" href=\"https:\/\/tlcdenia.com\/wp-content\/uploads\/2026\/01\/TLCdenia-Bundeslander-Bildungsurlaub-2026.pdf\" target=\"_blank\" rel=\"noopener noreferrer\" data-hover=\"font-size: 14px;font-weight: bold;color: #ffffff;background-color: #cb1609;\"><span data-teams=\"true\">Anerkannte Bundesl\u00e4nder<\/span><\/a><\/p>\n<p>Bitte kontaktieren Sie uns, wenn Sie unser aktuelles Zertifikat f\u00fcr Ihre Region oder Ihr Bundesland einsehen m\u00f6chten.<\/p>\n<div><\/div>\n<\/div>\n<\/div>\n<div>\n<p><strong>Bildungsurlaub Berlin<\/strong><\/p>\n<p>Mindestens 270 Unterrichtsminuten pro Tag. Die Antr\u00e4ge sollten bis sp\u00e4testens zehn Wochen vor Sprachkursbeginn eingereicht werden.<\/p>\n<p>Zust\u00e4ndigkeit:<br \/>\nSenatsverwaltung f\u00fcr Integration, Arbeit und Soziales<br \/>\nAbt. II Berufliche Qualifizierung<br \/>\nOranienstr. 106<br \/>\n10969 Berlin<br \/>\nTel: 030 \/ 9028 -1484<br \/>\n<a href=\"https:\/\/www.berlin.de\/bildungsurlaub\" target=\"_blank\" rel=\"noopener noreferrer\">www.berlin.de\/bildungsurlaub<\/a><\/p>\n<p><strong>Bildungsurlaub Brandenburg<\/strong><\/p>\n<p>Mindestens 270 Unterrichtsminuten pro Tag. Alle Antr\u00e4ge sollten sp\u00e4testens zehn Wochen vor Kursbeginn dem Arbeitgber vorliegen.<\/p>\n<p>Zust\u00e4ndigkeit:<br \/>\nMinisterium f\u00fcr Bildung, Jugend und Sport<br \/>\nLebenslanges Lernen, Weiterbildung, politische Bildung<br \/>\nHeinrich-Mann-Allee 107<br \/>\n14473 Potsdam<br \/>\nTel: 0355 \/ 4866-524<br \/>\n<a href=\"https:\/\/www.mbjs.brandenburg.de\/\" target=\"_blank\" rel=\"noopener noreferrer\">www.mbjs.brandenburg.de<\/a><\/p>\n<p><strong>Bildungsurlaub Bremen<\/strong><\/p>\n<p>Mindestens 270 Unterrichtsminuten pro Tag. Die Antr\u00e4ge sollten bis sp\u00e4testens zehn Wochen vor Sprachkursbeginn eingereicht werden.<\/p>\n<p>Zust\u00e4ndigkeit:<\/p>\n<p>Die Senatorin f\u00fcr Kinder und Bildung<br \/>\nRembertiring 8 &#8211; 12<br \/>\n28195 Bremen<br \/>\nTel.: +49 421 361-13222<br \/>\n<a href=\"https:\/\/www.bildung.bremen.de\/\" target=\"_blank\" rel=\"noopener noreferrer\">www.bildung.bremen.de<\/a><\/p>\n<p><strong>Bildungsurlaub Hamburg<\/strong><\/p>\n<p>Mindestens 270 Unterrichtsminuten pro Tag.<\/p>\n<p>Zust\u00e4ndigkeit:<br \/>\nBeh\u00f6rde f\u00fcr Schule und Berufsbildung<br \/>\nAmt f\u00fcr Weiterbildung W24<br \/>\nReferat Bildungsurlaub<br \/>\nDammtorstr. 14<br \/>\n20354 Hamburg<br \/>\nTel: 040 \/ 42823 &#8211; 4825<br \/>\n<a href=\"https:\/\/www.bildungsurlaub-hamburg.de\/\" target=\"_blank\" rel=\"noopener noreferrer\">www.bildungsurlaub-hamburg.de<\/a><\/p>\n<p><strong>Bildungsurlaub Hessen<\/strong><\/p>\n<p>Mindestens 360 Unterrichtsminuten pro Tag.<\/p>\n<p>Zust\u00e4ndigkeit:<br \/>\nHessisches Sozialministerium<br \/>\nReferat III 5<br \/>\nTarifwesen, Arbeitsrecht, Arbeitnehmerweiterbildung<br \/>\nDostojewskistra\u00dfe 4<br \/>\n65187 Wiesbaden<br \/>\nTel.: 0611 \/ 817 &#8211; 3673<br \/>\n<a href=\"https:\/\/www.bildungsurlaub.hessen.de\/\" target=\"_blank\" rel=\"noopener noreferrer\">www.bildungsurlaub.hessen.de<\/a><\/p>\n<p><strong>Bildungsurlaub Mecklenburg-Vorpommern<\/strong><\/p>\n<p>Mindestens 360 Unterrichtsminuten pro Tag. Zus\u00e4tzlich ist eine Freistellung durch Ihren Arbeitgeber von weiteren individuellen Faktoren abh\u00e4ngig. Bitte erkundigen Sie sich unbedingt rechtzeitig in Ihrer Personalabteilung.<\/p>\n<p>Zust\u00e4ndigkeit:<br \/>\nLandesamt f\u00fcr Gesundheit und Soziales Mecklenburg-Vorpommern<br \/>\nErich-Schlesinger-Str. 35<br \/>\n18059 Rostock<br \/>\nTel. 0381 \/ 122 &#8211; 2994<br \/>\n<a href=\"https:\/\/www.weiterbildung-mv.de\/\" target=\"_blank\" rel=\"noopener noreferrer\">www.weiterbildung-mv.de<\/a><\/p>\n<p><strong>Bildungsurlaub Niedersachsen<\/strong><\/p>\n<p>Mindestens 360 Unterrichtsminuten pro Tag.<\/p>\n<p>Zust\u00e4ndigkeit:<br \/>\nAgentur f\u00fcr Erwachsenen und Weiterbildung<br \/>\nB\u00f6dekerstr. 18<br \/>\n30161 Hannover<br \/>\nTel.: 0511 \/ 300330 &#8211; 29<br \/>\n<a href=\"https:\/\/www.aewb-nds.de\/\" target=\"_blank\" rel=\"noopener noreferrer\">www.aewb-nds.de<\/a><\/p>\n<p><strong>Bildungsurlaub Rheinland-Pfalz<\/strong><\/p>\n<p>Mindestens 270 Unterrichtsminuten pro Tag k\u00f6nnen Sie Bildungsurlaub beantragen. Jeder Termin wird individuell beim zust\u00e4ndigen Ministerium angefragt. Der Antrag muss sp\u00e4testens drei Monate vor Kursbeginn eingereicht werden.<\/p>\n<p>Zust\u00e4ndigkeit:<br \/>\nMinisterium f\u00fcr Bildung, Wissenschaft, Jugend und Kultur<br \/>\nReferat 1547<br \/>\nMittlere Bleiche 61<br \/>\n55116 Mainz<br \/>\nTel.: 06131 \/ 162 &#8211; 958<br \/>\n<a href=\"https:\/\/www.mbwjk.rlp\/\" target=\"_blank\" rel=\"noopener noreferrer\">www.mbwjk.rlp<\/a><\/p>\n<p><strong>Bildungsurlaub Sachsen-Anhalt<\/strong><\/p>\n<p>Mindesten 270 Unterrichtsminuten pro Tag k\u00f6nnen individuell beim Ministerium anerkannt werden. Die Antr\u00e4ge m\u00fcssen bis sp\u00e4testens drei Monate vor Kursbeginn eingereicht werden.<\/p>\n<p>Zust\u00e4ndigkeit:<br \/>\nLandesverwaltungsamt Sachsen-Anhalt<br \/>\nReferat 505<br \/>\nOlvenstedter Stra\u00dfe 1-2<br \/>\n39108 Magdeburg<br \/>\nTel. 0391 \/ 567 &#8211; 24 30<\/p>\n<p><a href=\"https:\/\/bildung.sachsen-anhalt.de\/bildungsthemen\/erwachsenenbildung-weiterbildung\/bildungsfreistellung\/\" target=\"_blank\" rel=\"noopener noreferrer\">https:\/\/bildung.sachsen-anhalt.de\/bildungsthemen\/erwachsenenbildung-weiterbildung\/bildungsfreistellung\/<\/a><\/p>\n<p><strong>Bildungsurlaub Saarland<\/strong><\/p>\n<p>Mindestens 270 Unterrichtsminuten pro Tag. Die Antr\u00e4ge sollten bis sp\u00e4testens zehn Wochen vor Sprachkursbeginn eingereicht werden.<\/p>\n<p>Zust\u00e4ndigkeit:<\/p>\n<p>Ministerium f\u00fcr Wirtschaft, Arbeit, Energie und Verkehr &#8211; Referat E\/4<\/p>\n<p>Franz-Josef-R\u00f6der-Stra\u00dfe 17<br \/>\n66119 Saarbr\u00fccken<\/p>\n<p>Tel.: (0681) 501 41 47<\/p>\n<p><a href=\"https:\/\/www.saarland.de\/SID-245DDCA8-8671A23E\/8793.htm\" target=\"_blank\" rel=\"noopener noreferrer\">https:\/\/www.saarland.de\/SID-245DDCA8-8671A23E\/8793.htm<\/a><\/p>\n<p><strong>Bildungsurlaub Schleswig-Holstein<\/strong><\/p>\n<p>Mindestens 330 Unterrichtsminuten pro Tag.<\/p>\n<p>Zust\u00e4ndigkeit:<br \/>\nMinisterium f\u00fcr Wissenschaft, Wirtschaft und Verkehr<br \/>\ndes Landes Schleswig-Holstein<br \/>\nReferat Weiterbildungspolitik<br \/>\nPostfach 71 28<br \/>\n24171 Kiel<br \/>\nTel.: 431 988-4820<br \/>\n<a href=\"https:\/\/www.bildungsurlaub.schleswig-holstein.de\/\" target=\"_blank\" rel=\"noopener noreferrer\">www.bildungsurlaub.schleswig-holstein.de<\/a><\/p>\n<\/div>\n<div class=\"thim-widget-button thim-widget-button-base template-base\"><a class=\"widget-button no-border normal custom_style position-after\" style=\"font-size: 14px; font-weight: bold; color: #ffffff; background-color: #f42213;\" href=\"https:\/\/tlcdenia.com\/de\/kurs-buchen\/\" target=\"_blank\" rel=\"noopener noreferrer\" data-hover=\"font-size: 14px;font-weight: bold;color: #ffffff;background-color: #cb1609;\">BUCHEN SIE DIESEN KURS<i class=\"fa fa-arrow-circle-right\" style=\"font-size: 14px;\"><\/i> <\/a><\/div>\n<\/div>\n","protected":false},"excerpt":{"rendered":"<p>SPANISCHKURS INTENSIV 30: BILDUNGSURLAUB Unterrichtsstunden: 30 Unterrichtsstunden pro Woche. 1 Stunde = 45 Minuten Stundenplan: in der Regel Montag bis Freitag von 9.30 Uhr bis 12.45 Uhr und von 13.00 bis 14.30 Uhr (*Dieser Zeitplan kann unter Umst\u00e4nde ge\u00e4ndert werden) &hellip; <\/p>\n","protected":false},"author":6,"featured_media":25397,"comment_status":"closed","ping_status":"closed","template":"","course_category":[192,193,197,196],"course_tag":[],"class_list":["post-25393","lp_course","type-lp_course","status-publish","has-post-thumbnail","hentry","course_category-intensivkurse","course_category-offizielle-prufungen","course_category-anfanger","course_category-erwachsene","course"],"acf":[],"yoast_head":"<!-- This site is optimized with the Yoast SEO plugin v26.9 - https:\/\/yoast.com\/product\/yoast-seo-wordpress\/ -->\n<title>Spanisch Intensivkurs 30 | Bildungsurlaub in D\u00e9nia, Spanien<\/title>\n<meta name=\"description\" content=\"Bildungsurlaub mit Spanischkursen in Spanien. Unsere Schule ist vom Deutschen Kulturministerium anerkannt. Gro\u00dfe Chance, Spanisch zu lernen!\" \/>\n<meta name=\"robots\" content=\"index, follow, max-snippet:-1, max-image-preview:large, max-video-preview:-1\" \/>\n<link rel=\"canonical\" href=\"https:\/\/tlcdenia.com\/de\/course\/spanisch-intensiv-30-bildungsurlaub\/\" \/>\n<meta property=\"og:locale\" content=\"de_DE\" \/>\n<meta property=\"og:type\" content=\"article\" \/>\n<meta property=\"og:title\" content=\"Spanisch Intensivkurs 30 | Bildungsurlaub in D\u00e9nia, Spanien\" \/>\n<meta property=\"og:description\" content=\"Bildungsurlaub mit Spanischkursen in Spanien. Unsere Schule ist vom Deutschen Kulturministerium anerkannt. Gro\u00dfe Chance, Spanisch zu lernen!\" \/>\n<meta property=\"og:url\" content=\"https:\/\/tlcdenia.com\/de\/course\/spanisch-intensiv-30-bildungsurlaub\/\" \/>\n<meta property=\"og:site_name\" content=\"TLCd\u00e9nia Schule \u2013 Offizielle Website\" \/>\n<meta property=\"article:modified_time\" content=\"2026-02-24T14:58:23+00:00\" \/>\n<meta property=\"og:image\" content=\"https:\/\/tlcdenia.com\/wp-content\/uploads\/2021\/03\/spanisch-bildungsurlaub.jpg\" \/>\n\t<meta property=\"og:image:width\" content=\"1000\" \/>\n\t<meta property=\"og:image:height\" content=\"665\" \/>\n\t<meta property=\"og:image:type\" content=\"image\/jpeg\" \/>\n<meta name=\"twitter:card\" content=\"summary_large_image\" \/>\n<meta name=\"twitter:label1\" content=\"Gesch\u00e4tzte Lesezeit\" \/>\n\t<meta name=\"twitter:data1\" content=\"4\u00a0Minuten\" \/>\n<script type=\"application\/ld+json\" class=\"yoast-schema-graph\">{\"@context\":\"https:\/\/schema.org\",\"@graph\":[{\"@type\":\"WebPage\",\"@id\":\"https:\/\/tlcdenia.com\/de\/course\/spanisch-intensiv-30-bildungsurlaub\/\",\"url\":\"https:\/\/tlcdenia.com\/de\/course\/spanisch-intensiv-30-bildungsurlaub\/\",\"name\":\"Spanisch Intensivkurs 30 | Bildungsurlaub in D\u00e9nia, Spanien\",\"isPartOf\":{\"@id\":\"https:\/\/tlcdenia.com\/de\/#website\"},\"primaryImageOfPage\":{\"@id\":\"https:\/\/tlcdenia.com\/de\/course\/spanisch-intensiv-30-bildungsurlaub\/#primaryimage\"},\"image\":{\"@id\":\"https:\/\/tlcdenia.com\/de\/course\/spanisch-intensiv-30-bildungsurlaub\/#primaryimage\"},\"thumbnailUrl\":\"https:\/\/tlcdenia.com\/wp-content\/uploads\/2021\/03\/spanisch-bildungsurlaub.jpg\",\"datePublished\":\"2021-04-07T08:40:45+00:00\",\"dateModified\":\"2026-02-24T14:58:23+00:00\",\"description\":\"Bildungsurlaub mit Spanischkursen in Spanien. Unsere Schule ist vom Deutschen Kulturministerium anerkannt. Gro\u00dfe Chance, Spanisch zu lernen!\",\"breadcrumb\":{\"@id\":\"https:\/\/tlcdenia.com\/de\/course\/spanisch-intensiv-30-bildungsurlaub\/#breadcrumb\"},\"inLanguage\":\"de\",\"potentialAction\":[{\"@type\":\"ReadAction\",\"target\":[\"https:\/\/tlcdenia.com\/de\/course\/spanisch-intensiv-30-bildungsurlaub\/\"]}]},{\"@type\":\"ImageObject\",\"inLanguage\":\"de\",\"@id\":\"https:\/\/tlcdenia.com\/de\/course\/spanisch-intensiv-30-bildungsurlaub\/#primaryimage\",\"url\":\"https:\/\/tlcdenia.com\/wp-content\/uploads\/2021\/03\/spanisch-bildungsurlaub.jpg\",\"contentUrl\":\"https:\/\/tlcdenia.com\/wp-content\/uploads\/2021\/03\/spanisch-bildungsurlaub.jpg\",\"width\":1000,\"height\":665,\"caption\":\"spanisch bildungsurlaub\"},{\"@type\":\"BreadcrumbList\",\"@id\":\"https:\/\/tlcdenia.com\/de\/course\/spanisch-intensiv-30-bildungsurlaub\/#breadcrumb\",\"itemListElement\":[{\"@type\":\"ListItem\",\"position\":1,\"name\":\"Home\",\"item\":\"https:\/\/tlcdenia.com\/de\/\"},{\"@type\":\"ListItem\",\"position\":2,\"name\":\"Kurse\",\"item\":\"https:\/\/tlcdenia.com\/de\/all-our-spanish-courses\/\"},{\"@type\":\"ListItem\",\"position\":3,\"name\":\"Spanischkurs Bildungsurlaub Intensiv 30\"}]},{\"@type\":\"WebSite\",\"@id\":\"https:\/\/tlcdenia.com\/de\/#website\",\"url\":\"https:\/\/tlcdenia.com\/de\/\",\"name\":\"TLCd\u00e9nia Schule \u2013 Offizielle Website\",\"description\":\"Languages Center\",\"potentialAction\":[{\"@type\":\"SearchAction\",\"target\":{\"@type\":\"EntryPoint\",\"urlTemplate\":\"https:\/\/tlcdenia.com\/de\/?s={search_term_string}\"},\"query-input\":{\"@type\":\"PropertyValueSpecification\",\"valueRequired\":true,\"valueName\":\"search_term_string\"}}],\"inLanguage\":\"de\"}]}<\/script>\n<!-- \/ Yoast SEO plugin. -->","yoast_head_json":{"title":"Spanisch Intensivkurs 30 | Bildungsurlaub in D\u00e9nia, Spanien","description":"Bildungsurlaub mit Spanischkursen in Spanien. Unsere Schule ist vom Deutschen Kulturministerium anerkannt. Gro\u00dfe Chance, Spanisch zu lernen!","robots":{"index":"index","follow":"follow","max-snippet":"max-snippet:-1","max-image-preview":"max-image-preview:large","max-video-preview":"max-video-preview:-1"},"canonical":"https:\/\/tlcdenia.com\/de\/course\/spanisch-intensiv-30-bildungsurlaub\/","og_locale":"de_DE","og_type":"article","og_title":"Spanisch Intensivkurs 30 | Bildungsurlaub in D\u00e9nia, Spanien","og_description":"Bildungsurlaub mit Spanischkursen in Spanien. Unsere Schule ist vom Deutschen Kulturministerium anerkannt. Gro\u00dfe Chance, Spanisch zu lernen!","og_url":"https:\/\/tlcdenia.com\/de\/course\/spanisch-intensiv-30-bildungsurlaub\/","og_site_name":"TLCd\u00e9nia Schule \u2013 Offizielle Website","article_modified_time":"2026-02-24T14:58:23+00:00","og_image":[{"width":1000,"height":665,"url":"https:\/\/tlcdenia.com\/wp-content\/uploads\/2021\/03\/spanisch-bildungsurlaub.jpg","type":"image\/jpeg"}],"twitter_card":"summary_large_image","twitter_misc":{"Gesch\u00e4tzte Lesezeit":"4\u00a0Minuten"},"schema":{"@context":"https:\/\/schema.org","@graph":[{"@type":"WebPage","@id":"https:\/\/tlcdenia.com\/de\/course\/spanisch-intensiv-30-bildungsurlaub\/","url":"https:\/\/tlcdenia.com\/de\/course\/spanisch-intensiv-30-bildungsurlaub\/","name":"Spanisch Intensivkurs 30 | Bildungsurlaub in D\u00e9nia, Spanien","isPartOf":{"@id":"https:\/\/tlcdenia.com\/de\/#website"},"primaryImageOfPage":{"@id":"https:\/\/tlcdenia.com\/de\/course\/spanisch-intensiv-30-bildungsurlaub\/#primaryimage"},"image":{"@id":"https:\/\/tlcdenia.com\/de\/course\/spanisch-intensiv-30-bildungsurlaub\/#primaryimage"},"thumbnailUrl":"https:\/\/tlcdenia.com\/wp-content\/uploads\/2021\/03\/spanisch-bildungsurlaub.jpg","datePublished":"2021-04-07T08:40:45+00:00","dateModified":"2026-02-24T14:58:23+00:00","description":"Bildungsurlaub mit Spanischkursen in Spanien. Unsere Schule ist vom Deutschen Kulturministerium anerkannt. Gro\u00dfe Chance, Spanisch zu lernen!","breadcrumb":{"@id":"https:\/\/tlcdenia.com\/de\/course\/spanisch-intensiv-30-bildungsurlaub\/#breadcrumb"},"inLanguage":"de","potentialAction":[{"@type":"ReadAction","target":["https:\/\/tlcdenia.com\/de\/course\/spanisch-intensiv-30-bildungsurlaub\/"]}]},{"@type":"ImageObject","inLanguage":"de","@id":"https:\/\/tlcdenia.com\/de\/course\/spanisch-intensiv-30-bildungsurlaub\/#primaryimage","url":"https:\/\/tlcdenia.com\/wp-content\/uploads\/2021\/03\/spanisch-bildungsurlaub.jpg","contentUrl":"https:\/\/tlcdenia.com\/wp-content\/uploads\/2021\/03\/spanisch-bildungsurlaub.jpg","width":1000,"height":665,"caption":"spanisch bildungsurlaub"},{"@type":"BreadcrumbList","@id":"https:\/\/tlcdenia.com\/de\/course\/spanisch-intensiv-30-bildungsurlaub\/#breadcrumb","itemListElement":[{"@type":"ListItem","position":1,"name":"Home","item":"https:\/\/tlcdenia.com\/de\/"},{"@type":"ListItem","position":2,"name":"Kurse","item":"https:\/\/tlcdenia.com\/de\/all-our-spanish-courses\/"},{"@type":"ListItem","position":3,"name":"Spanischkurs Bildungsurlaub Intensiv 30"}]},{"@type":"WebSite","@id":"https:\/\/tlcdenia.com\/de\/#website","url":"https:\/\/tlcdenia.com\/de\/","name":"TLCd\u00e9nia Schule \u2013 Offizielle Website","description":"Languages Center","potentialAction":[{"@type":"SearchAction","target":{"@type":"EntryPoint","urlTemplate":"https:\/\/tlcdenia.com\/de\/?s={search_term_string}"},"query-input":{"@type":"PropertyValueSpecification","valueRequired":true,"valueName":"search_term_string"}}],"inLanguage":"de"}]}},"_links":{"self":[{"href":"https:\/\/tlcdenia.com\/de\/wp-json\/wp\/v2\/lp_course\/25393","targetHints":{"allow":["GET"]}}],"collection":[{"href":"https:\/\/tlcdenia.com\/de\/wp-json\/wp\/v2\/lp_course"}],"about":[{"href":"https:\/\/tlcdenia.com\/de\/wp-json\/wp\/v2\/types\/lp_course"}],"author":[{"embeddable":true,"href":"https:\/\/tlcdenia.com\/de\/wp-json\/wp\/v2\/users\/6"}],"replies":[{"embeddable":true,"href":"https:\/\/tlcdenia.com\/de\/wp-json\/wp\/v2\/comments?post=25393"}],"version-history":[{"count":42,"href":"https:\/\/tlcdenia.com\/de\/wp-json\/wp\/v2\/lp_course\/25393\/revisions"}],"predecessor-version":[{"id":113790,"href":"https:\/\/tlcdenia.com\/de\/wp-json\/wp\/v2\/lp_course\/25393\/revisions\/113790"}],"wp:featuredmedia":[{"embeddable":true,"href":"https:\/\/tlcdenia.com\/de\/wp-json\/wp\/v2\/media\/25397"}],"wp:attachment":[{"href":"https:\/\/tlcdenia.com\/de\/wp-json\/wp\/v2\/media?parent=25393"}],"wp:term":[{"taxonomy":"course_category","embeddable":true,"href":"https:\/\/tlcdenia.com\/de\/wp-json\/wp\/v2\/course_category?post=25393"},{"taxonomy":"course_tag","embeddable":true,"href":"https:\/\/tlcdenia.com\/de\/wp-json\/wp\/v2\/course_tag?post=25393"}],"curies":[{"name":"wp","href":"https:\/\/api.w.org\/{rel}","templated":true}]}}