{"id":25307,"date":"2020-04-25T16:17:22","date_gmt":"2020-04-25T16:17:22","guid":{"rendered":"https:\/\/tlcdenia.xyz\/?post_type=lp_course&#038;p=25307"},"modified":"2025-12-09T15:22:23","modified_gmt":"2025-12-09T15:22:23","slug":"spanisch-intensiv-fur-arzte","status":"publish","type":"lp_course","link":"https:\/\/tlcdenia.com\/de\/course\/spanisch-intensiv-fur-arzte\/","title":{"rendered":"Spanischkurs Intensiv 20 + 5: Spanisch f\u00fcr \u00c4rzte"},"content":{"rendered":"<p><strong>SPANISCHKURS INTENSIVKURS 20 + 5: SPANISCH F\u00dcR \u00c4RZTE<\/strong><\/p>\n<hr \/>\n<p><strong>Unterrichtsstunden: <\/strong>25 Stunden pro Woche. 1 Stunde = 45 Minuten<br \/>\n<strong>Stundenplan:<\/strong> in der Regel Montag bis Freitag von 9.30 bis 12.45 Uhr (Gruppenunterricht) + 1 Einzelstunde pro Tag (8.30 bis 9.15 Uhr und 13.00 bis 13.45 Uhr nach Verf\u00fcgbarkeit)<br \/>\n<strong>Teilnehmeranzahl: <\/strong>h\u00f6chstens 12<br \/>\n<strong>Spanischniveau <\/strong>: A2-C2<br \/>\n<strong>Dauer: <\/strong>ab einer (1) bis zu mehreren Wochen. Es besteht die M\u00f6glichkeit, die Anzahl der Wochen auszuw\u00e4hlen<br \/>\n<strong>Kursbeginn: <\/strong>jeden Montag beginnen (Kurs muss im Voraus gebucht werden).<\/p>\n<div class=\"thim-widget-button thim-widget-button-base template-base\"><a class=\"widget-button no-border normal custom_style position-after\" style=\"font-size: 14px; font-weight: bold; color: #ffffff; background-color: #f42213;\" href=\"https:\/\/tlcdenia.com\/de\/kurs-buchen\/\" target=\"_blank\" rel=\"noopener noreferrer\" data-hover=\"font-size: 14px;font-weight: bold;color: #ffffff;background-color: #cb1609;\">BUCHEN SIE DIESEN KURS<i class=\"fa fa-arrow-circle-right\" style=\"font-size: 14px;\"><\/i> <\/a><\/div>\n<hr \/>\n<h4><strong>BESCHREIBUNG DES LEHRGANGS<\/strong><\/h4>\n<p>Es handelt sich dabei um einen speziellen Kurs, der dem Unterrichten und Lernen von Spanisch im spezifischen Bereich des Gesundheitswesens gewidmet ist und sich an Fachkr\u00e4fte im Gesundheitswesen, Studenten dieser F\u00e4cher oder anderer verwandter F\u00e4cher sowie andere Studenten richtet, die am Lexikon der Gesundheit interessiert sind.<\/p>\n<p><strong>Spanisch Intensivkurs 20 + 5<\/strong> besteht aus 25 Stunden pro Woche, 4 Stunden in einer Gruppe + 1 Privatstunde pro Tag. Der Kurs ist von Montag bis Freitag.<\/p>\n<p><strong>Intensiv 20 (Allgemeines Spanisch)<\/strong>: Dieser Kurs vermittelt Ihnen <strong>ein praktisches Verst\u00e4ndnis der spanischen Sprache und<\/strong> <strong>wird Sie zum fl\u00fcssigen Sprechen f\u00fchren. <\/strong>Sie werden mit mehr Vertrauen die Sprache benutzen, da wir Sie in allen vier Sprachfertigkeiten trainieren<strong>:<\/strong> <strong>Sprechen<\/strong>,<strong> H\u00f6ren, Lesen und Schreiben.<\/strong><\/p>\n<p>\u2022 <strong>Privatstunde Spanisch f\u00fcr \u00c4rzte<\/strong>: Dies ist eine 1:1-Stunde von 45 Minuten pro Tag, die sich auf medizinisches Spanisch konzentriert.<\/p>\n<p><strong>DIESER LEHRGANG UMFASST:<\/strong><\/p>\n<ul>\n<li>Einstufungstest<\/li>\n<li>ein ausgeliehenes Lehrbuch<\/li>\n<li>zus\u00e4tzliches Lehrmaterial<\/li>\n<li>Begr\u00fc\u00dfungspacket<\/li>\n<li>Anwesenheitsbescheinigung nach dem Kurs<\/li>\n<li>24h Notrufnummer f\u00fcr Notf\u00e4lle<\/li>\n<li>au\u00dferschulische soziale und kulturelle T\u00e4tigkeiten<\/li>\n<li>Bibliothek: B\u00fccher auf Spanisch zum Ausleihen<\/li>\n<\/ul>\n<p>&nbsp;<\/p>\n<h4>PREISE INTENSIV 20+5 KURS:<\/h4>\n<p style=\"text-align: left;\">\n<style type=\"text\/css\">@media screen and (max-width: 767px) {.tg {width: auto !important;}.tg col {width: auto !important;}.tg-wrap {overflow-x: auto;-webkit-overflow-scrolling: touch;}}<\/style>\n<\/p>\n<div class=\"tg-wrap\">\n<table class=\"tg\" style=\"border-collapse: collapse; border-spacing: 0;\">\n<thead>\n<tr>\n<th style=\"background-color: #222222; color: #ffffff; font-family: Arial, Helvetica, sans-serif !important; font-size: 28px; font-weight: bold; overflow: hidden; padding: 10px 5px; text-align: center; vertical-align: top; word-break: normal; border: 1px solid inherit;\">INTENSIVKURS SPANISCH 20 + 5<\/th>\n<\/tr>\n<\/thead>\n<tbody>\n<tr>\n<td style=\"background-color: #222222; color: #ffffff; font-family: Arial, Helvetica, sans-serif !important; font-size: 14px; overflow: hidden; padding: 10px 5px; text-align: center; vertical-align: top; word-break: normal; border: 1px solid inherit;\">Preis pro Wochenset<\/td>\n<\/tr>\n<tr>\n<td style=\"background-color: #f5f5f5; font-family: Arial, Helvetica, sans-serif !important; font-size: 16px; overflow: hidden; padding: 10px 5px; text-align: center; vertical-align: top; word-break: normal; border: 1px solid inherit;\">1 Woche = 395 \u20ac<\/td>\n<\/tr>\n<tr>\n<td style=\"background-color: #f5f5f5; font-family: Arial, Helvetica, sans-serif !important; font-size: 16px; overflow: hidden; padding: 10px 5px; text-align: center; vertical-align: top; word-break: normal; border: 1px solid inherit;\">2 Wochen = 770 \u20ac<\/td>\n<\/tr>\n<tr>\n<td style=\"background-color: #f5f5f5; font-family: Arial, Helvetica, sans-serif !important; font-size: 16px; overflow: hidden; padding: 10px 5px; text-align: center; vertical-align: top; word-break: normal; border: 1px solid inherit;\">3 Wochen = 1.060 \u20ac<\/td>\n<\/tr>\n<tr>\n<td style=\"background-color: #f5f5f5; font-family: Arial, Helvetica, sans-serif !important; font-size: 16px; overflow: hidden; padding: 10px 5px; text-align: center; vertical-align: top; word-break: normal; border: 1px solid inherit;\">4 Wochen = 1.350 \u20ac<\/td>\n<\/tr>\n<tr>\n<td style=\"background-color: #0480b6; font-family: Arial, sans-serif; font-size: 14px; overflow: hidden; padding: 10px 5px; text-align: left; vertical-align: top; word-break: normal; border: 1px solid inherit;\"><\/td>\n<\/tr>\n<\/tbody>\n<\/table>\n<\/div>\n<p>Die Einschreibegeb\u00fchr betr\u00e4gt 40 Euro.<\/p>\n<div class=\"thim-widget-button thim-widget-button-base template-base\"><a class=\"widget-button no-border normal custom_style position-after\" style=\"font-size: 14px; font-weight: bold; color: #ffffff; background-color: #f42213;\" href=\"https:\/\/tlcdenia.com\/de\/kurs-buchen\/\" target=\"_blank\" rel=\"noopener noreferrer\" data-hover=\"font-size: 14px;font-weight: bold;color: #ffffff;background-color: #cb1609;\">BUCHEN SIE DIESEN KURS<i class=\"fa fa-arrow-circle-right\" style=\"font-size: 14px;\"><\/i> <\/a><\/div>\n","protected":false},"excerpt":{"rendered":"<p>SPANISCHKURS INTENSIVKURS 20 + 5: SPANISCH F\u00dcR \u00c4RZTE Unterrichtsstunden: 25 Stunden pro Woche. 1 Stunde = 45 Minuten Stundenplan: in der Regel Montag bis Freitag von 9.30 bis 12.45 Uhr (Gruppenunterricht) + 1 Einzelstunde pro Tag (8.30 bis 9.15 Uhr &hellip; <\/p>\n","protected":false},"author":6,"featured_media":25310,"comment_status":"closed","ping_status":"closed","template":"","course_category":[192,193,196],"course_tag":[],"class_list":["post-25307","lp_course","type-lp_course","status-publish","has-post-thumbnail","hentry","course_category-intensivkurse","course_category-offizielle-prufungen","course_category-erwachsene","course"],"acf":[],"yoast_head":"<!-- This site is optimized with the Yoast SEO plugin v26.9 - https:\/\/yoast.com\/product\/yoast-seo-wordpress\/ -->\n<title>Spanischkurs Medizin | Kurse f\u00fcr \u00c4rzte und Gesundheitsfachkr\u00e4fte<\/title>\n<meta name=\"description\" content=\"Spanischkurs f\u00fcr Gesundheitsfachkr\u00e4fte. Lernen Sie Allgemeines Spanisch plus 1 Privatunterricht mit Schwerpunkt Medizinisches Spanisch in D\u00e9nia, Spanien\" \/>\n<meta name=\"robots\" content=\"index, follow, max-snippet:-1, max-image-preview:large, max-video-preview:-1\" \/>\n<link rel=\"canonical\" href=\"https:\/\/tlcdenia.com\/de\/course\/spanisch-intensiv-fur-arzte\/\" \/>\n<meta property=\"og:locale\" content=\"de_DE\" \/>\n<meta property=\"og:type\" content=\"article\" \/>\n<meta property=\"og:title\" content=\"Spanischkurs Medizin | Kurse f\u00fcr \u00c4rzte und Gesundheitsfachkr\u00e4fte\" \/>\n<meta property=\"og:description\" content=\"Spanischkurs f\u00fcr Gesundheitsfachkr\u00e4fte. Lernen Sie Allgemeines Spanisch plus 1 Privatunterricht mit Schwerpunkt Medizinisches Spanisch in D\u00e9nia, Spanien\" \/>\n<meta property=\"og:url\" content=\"https:\/\/tlcdenia.com\/de\/course\/spanisch-intensiv-fur-arzte\/\" \/>\n<meta property=\"og:site_name\" content=\"TLCd\u00e9nia Schule \u2013 Offizielle Website\" \/>\n<meta property=\"article:modified_time\" content=\"2025-12-09T15:22:23+00:00\" \/>\n<meta property=\"og:image\" content=\"https:\/\/tlcdenia.com\/wp-content\/uploads\/2021\/03\/spanischkurs-fur-arzte.jpg\" \/>\n\t<meta property=\"og:image:width\" content=\"900\" \/>\n\t<meta property=\"og:image:height\" content=\"599\" \/>\n\t<meta property=\"og:image:type\" content=\"image\/jpeg\" \/>\n<meta name=\"twitter:card\" content=\"summary_large_image\" \/>\n<meta name=\"twitter:label1\" content=\"Gesch\u00e4tzte Lesezeit\" \/>\n\t<meta name=\"twitter:data1\" content=\"2\u00a0Minuten\" \/>\n<script type=\"application\/ld+json\" class=\"yoast-schema-graph\">{\"@context\":\"https:\/\/schema.org\",\"@graph\":[{\"@type\":\"WebPage\",\"@id\":\"https:\/\/tlcdenia.com\/de\/course\/spanisch-intensiv-fur-arzte\/\",\"url\":\"https:\/\/tlcdenia.com\/de\/course\/spanisch-intensiv-fur-arzte\/\",\"name\":\"Spanischkurs Medizin | Kurse f\u00fcr \u00c4rzte und Gesundheitsfachkr\u00e4fte\",\"isPartOf\":{\"@id\":\"https:\/\/tlcdenia.com\/de\/#website\"},\"primaryImageOfPage\":{\"@id\":\"https:\/\/tlcdenia.com\/de\/course\/spanisch-intensiv-fur-arzte\/#primaryimage\"},\"image\":{\"@id\":\"https:\/\/tlcdenia.com\/de\/course\/spanisch-intensiv-fur-arzte\/#primaryimage\"},\"thumbnailUrl\":\"https:\/\/tlcdenia.com\/wp-content\/uploads\/2021\/03\/spanischkurs-fur-arzte.jpg\",\"datePublished\":\"2020-04-25T16:17:22+00:00\",\"dateModified\":\"2025-12-09T15:22:23+00:00\",\"description\":\"Spanischkurs f\u00fcr Gesundheitsfachkr\u00e4fte. Lernen Sie Allgemeines Spanisch plus 1 Privatunterricht mit Schwerpunkt Medizinisches Spanisch in D\u00e9nia, Spanien\",\"breadcrumb\":{\"@id\":\"https:\/\/tlcdenia.com\/de\/course\/spanisch-intensiv-fur-arzte\/#breadcrumb\"},\"inLanguage\":\"de\",\"potentialAction\":[{\"@type\":\"ReadAction\",\"target\":[\"https:\/\/tlcdenia.com\/de\/course\/spanisch-intensiv-fur-arzte\/\"]}]},{\"@type\":\"ImageObject\",\"inLanguage\":\"de\",\"@id\":\"https:\/\/tlcdenia.com\/de\/course\/spanisch-intensiv-fur-arzte\/#primaryimage\",\"url\":\"https:\/\/tlcdenia.com\/wp-content\/uploads\/2021\/03\/spanischkurs-fur-arzte.jpg\",\"contentUrl\":\"https:\/\/tlcdenia.com\/wp-content\/uploads\/2021\/03\/spanischkurs-fur-arzte.jpg\",\"width\":900,\"height\":599},{\"@type\":\"BreadcrumbList\",\"@id\":\"https:\/\/tlcdenia.com\/de\/course\/spanisch-intensiv-fur-arzte\/#breadcrumb\",\"itemListElement\":[{\"@type\":\"ListItem\",\"position\":1,\"name\":\"Home\",\"item\":\"https:\/\/tlcdenia.com\/de\/\"},{\"@type\":\"ListItem\",\"position\":2,\"name\":\"Kurse\",\"item\":\"https:\/\/tlcdenia.com\/de\/all-our-spanish-courses\/\"},{\"@type\":\"ListItem\",\"position\":3,\"name\":\"Spanischkurs Intensiv 20 + 5: Spanisch f\u00fcr \u00c4rzte\"}]},{\"@type\":\"WebSite\",\"@id\":\"https:\/\/tlcdenia.com\/de\/#website\",\"url\":\"https:\/\/tlcdenia.com\/de\/\",\"name\":\"TLCd\u00e9nia Schule \u2013 Offizielle Website\",\"description\":\"Languages Center\",\"potentialAction\":[{\"@type\":\"SearchAction\",\"target\":{\"@type\":\"EntryPoint\",\"urlTemplate\":\"https:\/\/tlcdenia.com\/de\/?s={search_term_string}\"},\"query-input\":{\"@type\":\"PropertyValueSpecification\",\"valueRequired\":true,\"valueName\":\"search_term_string\"}}],\"inLanguage\":\"de\"}]}<\/script>\n<!-- \/ Yoast SEO plugin. -->","yoast_head_json":{"title":"Spanischkurs Medizin | Kurse f\u00fcr \u00c4rzte und Gesundheitsfachkr\u00e4fte","description":"Spanischkurs f\u00fcr Gesundheitsfachkr\u00e4fte. Lernen Sie Allgemeines Spanisch plus 1 Privatunterricht mit Schwerpunkt Medizinisches Spanisch in D\u00e9nia, Spanien","robots":{"index":"index","follow":"follow","max-snippet":"max-snippet:-1","max-image-preview":"max-image-preview:large","max-video-preview":"max-video-preview:-1"},"canonical":"https:\/\/tlcdenia.com\/de\/course\/spanisch-intensiv-fur-arzte\/","og_locale":"de_DE","og_type":"article","og_title":"Spanischkurs Medizin | Kurse f\u00fcr \u00c4rzte und Gesundheitsfachkr\u00e4fte","og_description":"Spanischkurs f\u00fcr Gesundheitsfachkr\u00e4fte. Lernen Sie Allgemeines Spanisch plus 1 Privatunterricht mit Schwerpunkt Medizinisches Spanisch in D\u00e9nia, Spanien","og_url":"https:\/\/tlcdenia.com\/de\/course\/spanisch-intensiv-fur-arzte\/","og_site_name":"TLCd\u00e9nia Schule \u2013 Offizielle Website","article_modified_time":"2025-12-09T15:22:23+00:00","og_image":[{"width":900,"height":599,"url":"https:\/\/tlcdenia.com\/wp-content\/uploads\/2021\/03\/spanischkurs-fur-arzte.jpg","type":"image\/jpeg"}],"twitter_card":"summary_large_image","twitter_misc":{"Gesch\u00e4tzte Lesezeit":"2\u00a0Minuten"},"schema":{"@context":"https:\/\/schema.org","@graph":[{"@type":"WebPage","@id":"https:\/\/tlcdenia.com\/de\/course\/spanisch-intensiv-fur-arzte\/","url":"https:\/\/tlcdenia.com\/de\/course\/spanisch-intensiv-fur-arzte\/","name":"Spanischkurs Medizin | Kurse f\u00fcr \u00c4rzte und Gesundheitsfachkr\u00e4fte","isPartOf":{"@id":"https:\/\/tlcdenia.com\/de\/#website"},"primaryImageOfPage":{"@id":"https:\/\/tlcdenia.com\/de\/course\/spanisch-intensiv-fur-arzte\/#primaryimage"},"image":{"@id":"https:\/\/tlcdenia.com\/de\/course\/spanisch-intensiv-fur-arzte\/#primaryimage"},"thumbnailUrl":"https:\/\/tlcdenia.com\/wp-content\/uploads\/2021\/03\/spanischkurs-fur-arzte.jpg","datePublished":"2020-04-25T16:17:22+00:00","dateModified":"2025-12-09T15:22:23+00:00","description":"Spanischkurs f\u00fcr Gesundheitsfachkr\u00e4fte. Lernen Sie Allgemeines Spanisch plus 1 Privatunterricht mit Schwerpunkt Medizinisches Spanisch in D\u00e9nia, Spanien","breadcrumb":{"@id":"https:\/\/tlcdenia.com\/de\/course\/spanisch-intensiv-fur-arzte\/#breadcrumb"},"inLanguage":"de","potentialAction":[{"@type":"ReadAction","target":["https:\/\/tlcdenia.com\/de\/course\/spanisch-intensiv-fur-arzte\/"]}]},{"@type":"ImageObject","inLanguage":"de","@id":"https:\/\/tlcdenia.com\/de\/course\/spanisch-intensiv-fur-arzte\/#primaryimage","url":"https:\/\/tlcdenia.com\/wp-content\/uploads\/2021\/03\/spanischkurs-fur-arzte.jpg","contentUrl":"https:\/\/tlcdenia.com\/wp-content\/uploads\/2021\/03\/spanischkurs-fur-arzte.jpg","width":900,"height":599},{"@type":"BreadcrumbList","@id":"https:\/\/tlcdenia.com\/de\/course\/spanisch-intensiv-fur-arzte\/#breadcrumb","itemListElement":[{"@type":"ListItem","position":1,"name":"Home","item":"https:\/\/tlcdenia.com\/de\/"},{"@type":"ListItem","position":2,"name":"Kurse","item":"https:\/\/tlcdenia.com\/de\/all-our-spanish-courses\/"},{"@type":"ListItem","position":3,"name":"Spanischkurs Intensiv 20 + 5: Spanisch f\u00fcr \u00c4rzte"}]},{"@type":"WebSite","@id":"https:\/\/tlcdenia.com\/de\/#website","url":"https:\/\/tlcdenia.com\/de\/","name":"TLCd\u00e9nia Schule \u2013 Offizielle Website","description":"Languages Center","potentialAction":[{"@type":"SearchAction","target":{"@type":"EntryPoint","urlTemplate":"https:\/\/tlcdenia.com\/de\/?s={search_term_string}"},"query-input":{"@type":"PropertyValueSpecification","valueRequired":true,"valueName":"search_term_string"}}],"inLanguage":"de"}]}},"_links":{"self":[{"href":"https:\/\/tlcdenia.com\/de\/wp-json\/wp\/v2\/lp_course\/25307","targetHints":{"allow":["GET"]}}],"collection":[{"href":"https:\/\/tlcdenia.com\/de\/wp-json\/wp\/v2\/lp_course"}],"about":[{"href":"https:\/\/tlcdenia.com\/de\/wp-json\/wp\/v2\/types\/lp_course"}],"author":[{"embeddable":true,"href":"https:\/\/tlcdenia.com\/de\/wp-json\/wp\/v2\/users\/6"}],"replies":[{"embeddable":true,"href":"https:\/\/tlcdenia.com\/de\/wp-json\/wp\/v2\/comments?post=25307"}],"version-history":[{"count":23,"href":"https:\/\/tlcdenia.com\/de\/wp-json\/wp\/v2\/lp_course\/25307\/revisions"}],"predecessor-version":[{"id":111262,"href":"https:\/\/tlcdenia.com\/de\/wp-json\/wp\/v2\/lp_course\/25307\/revisions\/111262"}],"wp:featuredmedia":[{"embeddable":true,"href":"https:\/\/tlcdenia.com\/de\/wp-json\/wp\/v2\/media\/25310"}],"wp:attachment":[{"href":"https:\/\/tlcdenia.com\/de\/wp-json\/wp\/v2\/media?parent=25307"}],"wp:term":[{"taxonomy":"course_category","embeddable":true,"href":"https:\/\/tlcdenia.com\/de\/wp-json\/wp\/v2\/course_category?post=25307"},{"taxonomy":"course_tag","embeddable":true,"href":"https:\/\/tlcdenia.com\/de\/wp-json\/wp\/v2\/course_tag?post=25307"}],"curies":[{"name":"wp","href":"https:\/\/api.w.org\/{rel}","templated":true}]}}